{"id":15326,"date":"2024-01-16T22:30:54","date_gmt":"2024-01-16T22:30:54","guid":{"rendered":"https:\/\/ciie.itesm.mx\/es\/?page_id=15326"},"modified":"2024-01-24T19:12:29","modified_gmt":"2024-01-24T19:12:29","slug":"ife-edtech-summit-4-3-2","status":"publish","type":"page","link":"https:\/\/ciie.itesm.mx\/en\/agenda-patrocinadores\/","title":{"rendered":"Agenda Patrocinadores"},"content":{"rendered":"<div class=\"wpb-content-wrapper\"><p>[vc_row full_width=&#8221;stretch_row_content_no_spaces&#8221; container=&#8221;0&#8243; css=&#8221;.vc_custom_1705507156222{background-color: #dfe3f9 !important;}&#8221;][vc_column][vc_empty_space height=&#8221;164px&#8221;][\/vc_column][\/vc_row][vc_row full_height=&#8221;yes&#8221; equal_height=&#8221;yes&#8221; section_id=&#8221;sponsors&#8221; css=&#8221;.vc_custom_1705507748102{padding-bottom: 50px !important;background-color: #dfe3f9 !important;}&#8221;][vc_column][vc_column_text css=&#8221;.vc_custom_1705507266675{padding-bottom: 45px !important;}&#8221;]<\/p>\n<p style=\"text-align: center; font-size: 35px; font-weight: 300; color: #00000; font-family: reckless-regular;\">Sponsors IFE Conference 2024<\/p>\n<p>[\/vc_column_text][vc_media_grid element_width=&#8221;3&#8243; item=&#8221;5876&#8243; initial_loading_animation=&#8221;none&#8221; grid_id=&#8221;vc_gid:1706123477651-757d070c-ad46-1&#8243; include=&#8221;15269,15041,10691,10687,10688,15268,10686,11956,15270,15321,15274,15273,15271,15320,15319,15318&#8243; el_class=&#8221;patrocinadores&#8221;][\/vc_column][\/vc_row][vc_row css=&#8221;.vc_custom_1705446302755{margin-top: 50px !important;padding-top: 20px !important;padding-bottom: 10px !important;background-color: #dfe3f9 !important;}&#8221;][vc_column][vc_column_text css=&#8221;.vc_custom_1705474472900{margin-right: 30px !important;margin-left: 30px !important;}&#8221;]<\/p>\n<h1 style=\"text-align: center; font-size: 30px; font-weight: bold; font-family: reckless-regular;\">January 23, 2024<\/h1>\n<p>[\/vc_column_text][\/vc_column][\/vc_row][vc_row css=&#8221;.vc_custom_1693602138236{margin-top: 50px !important;}&#8221;][vc_column][vc_column_text]<\/p>\n<div class=\"row\">\n<div class=\"col-md-4\">\n<p style=\"text-align: center;\"><img loading=\"lazy\" decoding=\"async\" class=\"alignnone size-medium wp-image-10687\" style=\"border-right: 1px solid #000000;\" src=\"https:\/\/ciie.itesm.mx\/wp-content\/uploads\/2022\/11\/mc-graw-hill-300x217.webp\" alt=\"\" width=\"300\" height=\"217\" srcset=\"https:\/\/ciie.itesm.mx\/wp-content\/uploads\/2022\/11\/mc-graw-hill-300x217.webp 300w, https:\/\/ciie.itesm.mx\/wp-content\/uploads\/2022\/11\/mc-graw-hill.webp 500w\" sizes=\"auto, (max-width: 300px) 100vw, 300px\" \/><\/p>\n<\/div>\n<div class=\"col-md-8\">\n<div class=\"post-meta\" style=\"font-family: Roboto; font-size: 24px; color: #424c9b; font-weight: 300; margin-bottom: 10px;\"><span class=\"post-date\"><i class=\"fa fa-clock-o\"><\/i> 15:30 &#8211; 16:00h UTC-06<\/span><\/div>\n<div>\n<h2 style=\"color: black; font-size: 30px; font-weight: bold; font-family: reckless-regular;\"><strong>Conference (ESP)<\/strong><\/h2>\n<h2 style=\"color: black; font-size: 30px; font-weight: bold; font-family: reckless-regular;\">Descubriendo el Poder de la Inteligencia Artificial a Favor del Docente<\/h2>\n<p><strong>\u00a0<\/strong><strong>Location:<\/strong> La Carreta<\/p>\n<\/div>\n<\/div>\n<\/div>\n<p>[\/vc_column_text][\/vc_column][\/vc_row][vc_row css=&#8221;.vc_custom_1693602138236{margin-top: 50px !important;}&#8221;][vc_column][vc_column_text css=&#8221;.vc_custom_1705448617946{margin-right: 30px !important;margin-left: 30px !important;}&#8221;]<\/p>\n<div class=\"row\">\n<div class=\"col-md-6\">\n<p><img decoding=\"async\" class=\"alignnone size-full wp-image-15356\" style=\"float: left; padding-right: 20px;\" src=\"https:\/\/ciie.itesm.mx\/wp-content\/uploads\/2024\/01\/luis-medina.webp\" alt=\"\" width=\"132\" height=\"150.4\" srcset=\"https:\/\/ciie.itesm.mx\/wp-content\/uploads\/2024\/01\/luis-medina.webp 226w, https:\/\/ciie.itesm.mx\/wp-content\/uploads\/2024\/01\/luis-medina-100x114.webp 100w\" sizes=\"(max-width: 226px) 100vw, 226px\" \/><strong>Luis Medina Gual<\/strong><\/p>\n<p>Coordinador del Doctorado Interinstitucional en Educaci\u00f3n de la Universidad Iberoamericana, Ciudad de M\u00e9xico<\/p>\n<\/div>\n<div class=\"col-md-6\"><\/div>\n<\/div>\n<p>[\/vc_column_text][\/vc_column][\/vc_row][vc_row css=&#8221;.vc_custom_1693602138236{margin-top: 50px !important;}&#8221;][vc_column][vc_column_text css=&#8221;.vc_custom_1705447763888{margin-right: 30px !important;margin-left: 30px !important;}&#8221;]<\/p>\n<p class=\"post-excerpt\" style=\"font-weight: 300;\">Esta ponencia explorar\u00e1 el fascinante mundo de la Inteligencia Artificial (IA) aplicada al \u00e1mbito educativo, desmitificando concepciones err\u00f3neas y destacando los beneficios espec\u00edficos para los docentes. Desde el concepto b\u00e1sico de IA hasta su impacto positivo en el logro de objetivos acad\u00e9micos personalizados, descubriremos c\u00f3mo esta tecnolog\u00eda puede potenciar y enriquecer la labor del educador, proporcionando herramientas innovadoras para el \u00e9xito educativo de cada estudiante.<\/p>\n<p>[\/vc_column_text][\/vc_column][\/vc_row][vc_row css=&#8221;.vc_custom_1705446302755{margin-top: 50px !important;padding-top: 20px !important;padding-bottom: 10px !important;background-color: #dfe3f9 !important;}&#8221;][vc_column][vc_column_text css=&#8221;.vc_custom_1705474486786{margin-right: 30px !important;margin-left: 30px !important;}&#8221;]<\/p>\n<h1 style=\"text-align: center; font-size: 30px; font-weight: bold; font-family: reckless-regular;\">January 24, 2024<\/h1>\n<p>[\/vc_column_text][\/vc_column][\/vc_row][vc_row css=&#8221;.vc_custom_1693602138236{margin-top: 50px !important;}&#8221;][vc_column][vc_column_text]<\/p>\n<div class=\"row\">\n<div class=\"col-md-4\">\n<p style=\"text-align: center;\"><img loading=\"lazy\" decoding=\"async\" class=\"alignnone size-medium wp-image-10687\" style=\"border-right: 1px solid #000000;\" src=\"https:\/\/ciie.itesm.mx\/wp-content\/uploads\/2024\/01\/d2l.webp\" alt=\"\" width=\"300\" height=\"217\" \/><\/p>\n<\/div>\n<div class=\"col-md-8\">\n<div class=\"post-meta\" style=\"font-family: Roboto; font-size: 24px; color: #424c9b; font-weight: 300; margin-bottom: 10px;\"><span class=\"post-date\"><i class=\"fa fa-clock-o\"><\/i> 9:00 &#8211; 9:30h UTC-06<\/span><\/div>\n<div>\n<h2 style=\"color: black; font-size: 30px; font-weight: bold; font-family: reckless-regular;\"><strong>Conference (ESP)<\/strong><\/h2>\n<h2 style=\"color: black; font-size: 30px; font-weight: bold; font-family: reckless-regular;\">Brightspace, el resultado de m\u00e1s de una d\u00e9cada de innovaci\u00f3n aplicando inteligencia artificial<\/h2>\n<p><strong>\u00a0<\/strong><strong>Location:<\/strong> La Carreta<\/p>\n<\/div>\n<\/div>\n<\/div>\n<p>[\/vc_column_text][\/vc_column][\/vc_row][vc_row css=&#8221;.vc_custom_1693602138236{margin-top: 50px !important;}&#8221;][vc_column][vc_column_text css=&#8221;.vc_custom_1705451276680{margin-right: 30px !important;margin-left: 30px !important;}&#8221;]<\/p>\n<div class=\"row\">\n<div class=\"col-md-6\">\n<p><img decoding=\"async\" class=\"alignnone size-full wp-image-15356\" style=\"float: left; padding-right: 20px;\" src=\"https:\/\/ciie.itesm.mx\/wp-content\/uploads\/2024\/01\/carolina-rivas.webp\" alt=\"\" width=\"132\" height=\"150.4\" \/><\/p>\n<p><strong>Carolina Rivas Garc\u00eda<\/strong><\/p>\n<p>Regional Director LATAM<\/p>\n<\/div>\n<div class=\"col-md-6\">\n<p><img decoding=\"async\" class=\"alignnone size-full wp-image-15356\" style=\"float: left; padding-right: 20px;\" src=\"https:\/\/ciie.itesm.mx\/wp-content\/uploads\/2024\/01\/paola-de-alba.webp\" alt=\"\" width=\"132\" height=\"150.4\" \/><\/p>\n<p><strong>Paola De Alba Rodr\u00edguez<\/strong><\/p>\n<p>SE LATAM<\/p>\n<\/div>\n<\/div>\n<p>[\/vc_column_text][\/vc_column][\/vc_row][vc_row css=&#8221;.vc_custom_1705468399197{margin-top: 50px !important;margin-bottom: 30px !important;}&#8221;][vc_column][vc_column_text css=&#8221;.vc_custom_1705450564260{margin-right: 30px !important;margin-left: 30px !important;}&#8221;]<\/p>\n<p class=\"post-excerpt\" style=\"font-weight: 300;\">Con m\u00e1s de 10 a\u00f1os de experiencia, en D2L hemos construido herramientas y funcionalidades incorporando la inteligencia artificial, que permiten: Brindar aprendizaje personalizado, adaptando rutas de aprendizaje basadas en el desempe\u00f1o del estudiante.<\/p>\n<p style=\"font-weight: 400;\">Identificar de manera oportuna y proactiva a aquellos estudiantes que se encuentran en riesgo de reprobaci\u00f3n o deserci\u00f3n escolar. Facilitar un aprendizaje m\u00e1s accesible por medio de auto- subtitulaci\u00f3n en videos o audios en m\u00faltiples idiomas.<\/p>\n<p style=\"font-weight: 400;\">Generar actividades en video, basadas en IA, que proveen retroalimentaci\u00f3n mejorando el proceso de aprendizaje.<\/p>\n<p style=\"font-weight: 400;\">Brindar ayuda contextualizada para poder responder preguntas de manera r\u00e1pida. Generaci\u00f3n de preguntas de pr\u00e1ctica y cuestionarios de manera automatizada a partir de los contenidos de su clase. Lo invitamos a que nos acompa\u00f1ene en la conferencia, para conocer m\u00e1s detalles de Brightspace.<\/p>\n<p>[\/vc_column_text][\/vc_column][\/vc_row][vc_row css=&#8221;.vc_custom_1693602138236{margin-top: 50px !important;}&#8221;][vc_column][vc_column_text]<\/p>\n<div class=\"row\">\n<div class=\"col-md-4\">\n<p style=\"text-align: center;\"><img loading=\"lazy\" decoding=\"async\" class=\"alignnone size-medium wp-image-10687\" style=\"border-right: 1px solid #000000;\" src=\"https:\/\/ciie.itesm.mx\/wp-content\/uploads\/2023\/12\/canvas24.webp\" alt=\"\" width=\"300\" height=\"217\" \/><\/p>\n<\/div>\n<div class=\"col-md-8\">\n<div class=\"post-meta\" style=\"font-family: Roboto; font-size: 24px; color: #424c9b; font-weight: 300; margin-bottom: 10px;\"><span class=\"post-date\"><i class=\"fa fa-clock-o\"><\/i> 10:00 &#8211; 10:30h UTC-06<\/span><\/div>\n<div>\n<h2 style=\"color: black; font-size: 30px; font-weight: bold; font-family: reckless-regular;\"><strong>Conference (ENG)<\/strong><\/h2>\n<h2 style=\"color: black; font-size: 30px; font-weight: bold; font-family: reckless-regular;\">A year of AI in Education. What we&#8217;ve learned and what the future holds<\/h2>\n<p><strong>\u00a0<\/strong><strong>Location:<\/strong> La Carreta<\/p>\n<\/div>\n<\/div>\n<\/div>\n<p>[\/vc_column_text][\/vc_column][\/vc_row][vc_row css=&#8221;.vc_custom_1693602138236{margin-top: 50px !important;}&#8221;][vc_column][vc_column_text css=&#8221;.vc_custom_1705473927261{margin-right: 30px !important;margin-left: 30px !important;}&#8221;]<\/p>\n<div class=\"row\">\n<div class=\"col-md-6\">\n<p><img decoding=\"async\" class=\"alignnone size-full wp-image-15356\" style=\"float: left; padding-right: 20px;\" src=\"https:\/\/ciie.itesm.mx\/wp-content\/uploads\/2024\/01\/ryan-lufkin.webp\" alt=\"\" width=\"132\" height=\"150.4\" \/><\/p>\n<p><strong>Ryan Lufkin<\/strong><\/p>\n<p>VP of Global Strategy at Instructure<\/p>\n<\/div>\n<div class=\"col-md-6\"><\/div>\n<\/div>\n<p>[\/vc_column_text][\/vc_column][\/vc_row][vc_row css=&#8221;.vc_custom_1705468399197{margin-top: 50px !important;margin-bottom: 30px !important;}&#8221;][vc_column][vc_column_text css=&#8221;.vc_custom_1705473990695{margin-right: 30px !important;margin-left: 30px !important;}&#8221;]<\/p>\n<p class=\"post-excerpt\" style=\"font-weight: 300;\">Join us for a thought-provoking conference: A Year of AI in Education: What We&#8217;ve Learned and What the Future Holds. Vice-president of Global Strategy at Instructure, Ryan Lufkin, will share insights and expertise on the advancements, challenges, and potential of AI in education. Discover key takeaways from a year of integrating AI technology in classrooms and gain valuable knowledge about the future of AI in education. A must-attend event for educators and industry professionals alike.<\/p>\n<p>[\/vc_column_text][\/vc_column][\/vc_row][vc_row css=&#8221;.vc_custom_1693602138236{margin-top: 50px !important;}&#8221;][vc_column][vc_column_text]<\/p>\n<div class=\"row\">\n<div class=\"col-md-4\">\n<p style=\"text-align: center;\"><img loading=\"lazy\" decoding=\"async\" class=\"alignnone size-medium wp-image-10687\" style=\"border-right: 1px solid #000000;\" src=\"https:\/\/ciie.itesm.mx\/wp-content\/uploads\/2024\/01\/coursera.webp\" alt=\"\" width=\"300\" height=\"217\" \/><\/p>\n<\/div>\n<div class=\"col-md-8\">\n<div class=\"post-meta\" style=\"font-family: Roboto; font-size: 24px; color: #424c9b; font-weight: 300; margin-bottom: 10px;\"><span class=\"post-date\"><i class=\"fa fa-clock-o\"><\/i> 12:00 &#8211; 12:30h UTC-06<\/span><\/div>\n<div>\n<h2 style=\"color: black; font-size: 30px; font-weight: bold; font-family: reckless-regular;\"><strong>Conference (ESP)<\/strong><\/h2>\n<h2 style=\"color: black; font-size: 30px; font-weight: bold; font-family: reckless-regular;\">Transformar la experiencia del usuario en la mejor experiencia de aprendizaje<\/h2>\n<p><strong>\u00a0<\/strong><strong>Location:<\/strong> La Carreta<\/p>\n<\/div>\n<\/div>\n<\/div>\n<p>[\/vc_column_text][\/vc_column][\/vc_row][vc_row css=&#8221;.vc_custom_1693602138236{margin-top: 50px !important;}&#8221;][vc_column][vc_column_text css=&#8221;.vc_custom_1705937204017{margin-right: 30px !important;margin-left: 30px !important;}&#8221;]<\/p>\n<div class=\"row\">\n<div class=\"col-md-6\">\n<p><img decoding=\"async\" class=\"alignnone size-full wp-image-15356\" style=\"float: left; padding-right: 20px;\" src=\"https:\/\/ciie.itesm.mx\/wp-content\/uploads\/2024\/01\/dorota-zawistowska.webp\" alt=\"\" width=\"132\" height=\"150.4\" \/><\/p>\n<p><strong>Dorota Zawistowska-Ford<\/strong><\/p>\n<p>L\u00edder de Coursera Campus para el Caribe, Centro y Sudam\u00e9rica<\/p>\n<\/div>\n<div class=\"col-md-6\"><\/div>\n<\/div>\n<p>[\/vc_column_text][\/vc_column][\/vc_row][vc_row css=&#8221;.vc_custom_1705468399197{margin-top: 50px !important;margin-bottom: 30px !important;}&#8221;][vc_column][vc_column_text css=&#8221;.vc_custom_1705469267344{margin-right: 30px !important;margin-left: 30px !important;}&#8221;]<\/p>\n<p class=\"post-excerpt\" style=\"font-weight: 300;\">Descubre c\u00f3mo Coursera aprovecha la Inteligencia Artificial y el Machine Translation para personalizar, acompa\u00f1ar y hacer m\u00e1s efectiva la experiencia a millones de usuarios. Conoce cu\u00e1les son las habilidades m\u00e1s demandadas por el mercado y porque Coursera es una excelente opci\u00f3n para desarrollarlas.<\/p>\n<p>[\/vc_column_text][\/vc_column][\/vc_row][vc_row css=&#8221;.vc_custom_1693602138236{margin-top: 50px !important;}&#8221;][vc_column][vc_column_text]<\/p>\n<div class=\"row\">\n<div class=\"col-md-4\">\n<p style=\"text-align: center;\"><img loading=\"lazy\" decoding=\"async\" class=\"alignnone size-medium wp-image-10687\" style=\"border-right: 1px solid #000000;\" src=\"https:\/\/ciie.itesm.mx\/wp-content\/uploads\/2022\/11\/ellucian.webp\" alt=\"\" width=\"300\" height=\"217\" \/><\/p>\n<\/div>\n<div class=\"col-md-8\">\n<div class=\"post-meta\" style=\"font-family: Roboto; font-size: 24px; color: #424c9b; font-weight: 300; margin-bottom: 10px;\"><span class=\"post-date\"><i class=\"fa fa-clock-o\"><\/i> 12:45 &#8211; 13:15h UTC-06<\/span><\/div>\n<div>\n<h2 style=\"color: black; font-size: 30px; font-weight: bold; font-family: reckless-regular;\"><strong>Conference (ESP)<\/strong><\/h2>\n<h2 style=\"color: black; font-size: 30px; font-weight: bold; font-family: reckless-regular;\">La adopci\u00f3n de Inteligencia Artificial en instituciones de Educaci\u00f3n Superior<\/h2>\n<p><strong>\u00a0<\/strong><strong>Location:<\/strong> La Carreta<\/p>\n<\/div>\n<\/div>\n<\/div>\n<p>[\/vc_column_text][\/vc_column][\/vc_row][vc_row css=&#8221;.vc_custom_1693602138236{margin-top: 50px !important;}&#8221;][vc_column][vc_column_text css=&#8221;.vc_custom_1705469724680{margin-right: 30px !important;margin-left: 30px !important;}&#8221;]<\/p>\n<div class=\"row\">\n<div class=\"col-md-6\">\n<p><img decoding=\"async\" class=\"alignnone size-full wp-image-15356\" style=\"float: left; padding-right: 20px;\" src=\"https:\/\/ciie.itesm.mx\/wp-content\/uploads\/2024\/01\/jose-luis-moreno.webp\" alt=\"\" width=\"132\" height=\"150.4\" \/><\/p>\n<p><strong>Jos\u00e9 Luis Moreno<\/strong><\/p>\n<p>Director de Estrategia de Producto, Am\u00e9ricas<\/p>\n<\/div>\n<div class=\"col-md-6\"><\/div>\n<\/div>\n<p>[\/vc_column_text][\/vc_column][\/vc_row][vc_row css=&#8221;.vc_custom_1705468399197{margin-top: 50px !important;margin-bottom: 30px !important;}&#8221;][vc_column][vc_column_text css=&#8221;.vc_custom_1705532203168{margin-right: 30px !important;margin-left: 30px !important;}&#8221;]<\/p>\n<p class=\"post-excerpt\" style=\"font-weight: 300;\">\u00bfQu\u00e9 opinan los l\u00edderes de las instituciones de Educaci\u00f3n Superior sobre la adopci\u00f3n de Inteligencia Artificial? \u00bfCu\u00e1les son los procesos institucionales que m\u00e1s hace sentido aplicar Inteligencia Artificial? \u00bfQu\u00e9 aspectos \u00e9ticos se deben tomar en cuenta? Estas y muchas otras preguntas ser\u00e1n resueltas en nuestra presentaci\u00f3n.<\/p>\n<p>Asistentes de IFE Conference, reg\u00edstrense a las sesi\u00f3n por este medio: <a href=\"https:\/\/learn.ellucian.com\/ife-conference-mexico\/\" target=\"_blank\" rel=\"noopener\">https:\/\/learn.ellucian.com\/ife-conference-mexico\/<\/a>[\/vc_column_text][\/vc_column][\/vc_row][vc_row css=&#8221;.vc_custom_1693602138236{margin-top: 50px !important;}&#8221;][vc_column][vc_column_text]<\/p>\n<div class=\"row\">\n<div class=\"col-md-4\">\n<p style=\"text-align: center;\"><img loading=\"lazy\" decoding=\"async\" class=\"alignnone size-medium wp-image-10687\" style=\"border-right: 1px solid #000000;\" src=\"https:\/\/ciie.itesm.mx\/wp-content\/uploads\/2024\/01\/edachina.webp\" alt=\"\" width=\"300\" height=\"217\" \/><\/p>\n<\/div>\n<div class=\"col-md-8\">\n<div class=\"post-meta\" style=\"font-family: Roboto; font-size: 24px; color: #424c9b; font-weight: 300; margin-bottom: 10px;\"><span class=\"post-date\"><i class=\"fa fa-clock-o\"><\/i> 16:00 &#8211; 16:30h UTC-06<\/span><\/div>\n<div>\n<h2 style=\"color: black; font-size: 30px; font-weight: bold; font-family: reckless-regular;\"><strong>Conference (ESP)<\/strong><\/h2>\n<h2 style=\"color: black; font-size: 30px; font-weight: bold; font-family: reckless-regular;\">Inteligencia Artificial: aliados de la retenci\u00f3n y la experiencia estudiantil<\/h2>\n<p><strong>\u00a0<\/strong><strong>Location:<\/strong> La Carreta<\/p>\n<\/div>\n<\/div>\n<\/div>\n<p>[\/vc_column_text][\/vc_column][\/vc_row][vc_row css=&#8221;.vc_custom_1693602138236{margin-top: 50px !important;}&#8221;][vc_column][vc_column_text css=&#8221;.vc_custom_1705520417693{margin-right: 30px !important;margin-left: 30px !important;}&#8221;]<\/p>\n<div class=\"row\">\n<div class=\"col-md-6\">\n<p><img decoding=\"async\" class=\"alignnone size-full wp-image-15356\" style=\"float: left; padding-right: 20px;\" src=\"https:\/\/ciie.itesm.mx\/wp-content\/uploads\/2024\/01\/yamil-rabbat.png\" alt=\"\" width=\"132\" height=\"150.4\" \/><\/p>\n<p><strong>Yamil Rabbat<\/strong><\/p>\n<p>CEO &amp; Co-Founder Ed Machina<\/p>\n<\/div>\n<div class=\"col-md-6\"><\/div>\n<\/div>\n<p>[\/vc_column_text][\/vc_column][\/vc_row][vc_row css=&#8221;.vc_custom_1705468399197{margin-top: 50px !important;margin-bottom: 30px !important;}&#8221;][vc_column][vc_column_text css=&#8221;.vc_custom_1705470029994{margin-right: 30px !important;margin-left: 30px !important;}&#8221;]<\/p>\n<p class=\"post-excerpt\" style=\"font-weight: 300;\">En la charla &#8220;Inteligencia Artificial: aliados de la retenci\u00f3n y matriculaci\u00f3n de estudiantes&#8221;, Yamil Rabbat de Ed Machina Corp abordar\u00e1n c\u00f3mo la tecnolog\u00eda puede ser un recurso invaluable en la educaci\u00f3n superior, particularmente en el contexto latinoamericano. Con el impacto acelerado de la pandemia de COVID-19 en el sector educativo, la retenci\u00f3n de estudiantes se ha convertido en un desaf\u00edo cr\u00edtico. Utilizando Inteligencia Artificial, Ed Machina propone estrategias para anticipar y mitigar la deserci\u00f3n estudiantil, optimizar recursos y personalizar el aprendizaje. A trav\u00e9s de an\u00e1lisis de datos y algoritmos avanzados, la presentaci\u00f3n destacar\u00e1 c\u00f3mo las instituciones pueden tomar decisiones m\u00e1s informadas para mejorar tanto la experiencia estudiantil como su sostenibilidad a largo plazo.<\/p>\n<p>[\/vc_column_text][\/vc_column][\/vc_row][vc_row css=&#8221;.vc_custom_1693602138236{margin-top: 50px !important;}&#8221;][vc_column][vc_column_text]<\/p>\n<div class=\"row\">\n<div class=\"col-md-4\">\n<p style=\"text-align: center;\"><img loading=\"lazy\" decoding=\"async\" class=\"alignnone size-medium wp-image-10687\" style=\"border-right: 1px solid #000000;\" src=\"https:\/\/ciie.itesm.mx\/wp-content\/uploads\/2023\/01\/edpuzzle.webp\" alt=\"\" width=\"300\" height=\"217\" \/><\/p>\n<\/div>\n<div class=\"col-md-8\">\n<div class=\"post-meta\" style=\"font-family: Roboto; font-size: 24px; color: #424c9b; font-weight: 300; margin-bottom: 10px;\"><span class=\"post-date\"><i class=\"fa fa-clock-o\"><\/i> 15:00 &#8211; 15:30h UTC-06<\/span><\/div>\n<div>\n<h2 style=\"color: black; font-size: 30px; font-weight: bold; font-family: reckless-regular;\"><strong>Conference (ESP)<\/strong><\/h2>\n<h2 style=\"color: black; font-size: 30px; font-weight: bold; font-family: reckless-regular;\">El impacto del video educativo en el aula<\/h2>\n<p><strong>\u00a0<\/strong><strong>Location:<\/strong> La Carreta<\/p>\n<\/div>\n<\/div>\n<\/div>\n<p>[\/vc_column_text][\/vc_column][\/vc_row][vc_row css=&#8221;.vc_custom_1693602138236{margin-top: 50px !important;}&#8221;][vc_column][vc_column_text css=&#8221;.vc_custom_1705470383472{margin-right: 30px !important;margin-left: 30px !important;}&#8221;]<\/p>\n<div class=\"row\">\n<div class=\"col-md-6\">\n<p><img decoding=\"async\" class=\"alignnone size-full wp-image-15356\" style=\"float: left; padding-right: 20px;\" src=\"https:\/\/ciie.itesm.mx\/wp-content\/uploads\/2024\/01\/jose-gabriel-garnica.webp\" alt=\"\" width=\"132\" height=\"150.4\" \/><\/p>\n<p><strong>Jos\u00e9 Gabriel Garnica<\/strong><\/p>\n<p>Regional Manager of Customer Success &#8211; LATAM<\/p>\n<\/div>\n<div class=\"col-md-6\"><\/div>\n<\/div>\n<p>[\/vc_column_text][\/vc_column][\/vc_row][vc_row css=&#8221;.vc_custom_1705468399197{margin-top: 50px !important;margin-bottom: 30px !important;}&#8221;][vc_column][vc_column_text css=&#8221;.vc_custom_1705470253229{margin-right: 30px !important;margin-left: 30px !important;}&#8221;]<\/p>\n<p class=\"post-excerpt\" style=\"font-weight: 300;\">Descubre c\u00f3mo promover el uso del video educativo como una estrategia pedag\u00f3gica y metodol\u00f3gica activa en beneficio de la pr\u00e1ctica educativa. Los temas de los que platicaremos son: la mportancia del video educativo, las caracter\u00edsticas del uso pedag\u00f3gico del video, metodolog\u00edas que se pueden implementar y c\u00f3mo mejorar las pr\u00e1cticas educativas de docentes y estudiantes.<\/p>\n<p>[\/vc_column_text][\/vc_column][\/vc_row][vc_row css=&#8221;.vc_custom_1693602138236{margin-top: 50px !important;}&#8221;][vc_column][vc_column_text]<\/p>\n<div class=\"row\">\n<div class=\"col-md-4\">\n<p style=\"text-align: center;\"><img loading=\"lazy\" decoding=\"async\" class=\"alignnone size-medium wp-image-10687\" style=\"border-right: 1px solid #000000;\" src=\"https:\/\/ciie.itesm.mx\/wp-content\/uploads\/2023\/12\/canvas24.webp\" alt=\"\" width=\"300\" height=\"217\" \/><\/p>\n<\/div>\n<div class=\"col-md-8\">\n<div class=\"post-meta\" style=\"font-family: Roboto; font-size: 24px; color: #424c9b; font-weight: 300; margin-bottom: 10px;\"><span class=\"post-date\"><i class=\"fa fa-clock-o\"><\/i> 17:00 &#8211; 17:45h UTC-06<\/span><\/div>\n<div>\n<h2 style=\"color: black; font-size: 30px; font-weight: bold; font-family: reckless-regular;\"><strong>Panel (ENG)<\/strong><\/h2>\n<h2 style=\"color: black; font-size: 30px; font-weight: bold; font-family: reckless-regular;\">AI Revolutionizing Higher Education: Insights from Faculty and the Growing Influence of Artificial Intelligence<\/h2>\n<p><strong>\u00a0<\/strong><strong>Location:<\/strong> La Carreta<\/p>\n<\/div>\n<\/div>\n<\/div>\n<p>[\/vc_column_text][\/vc_column][\/vc_row][vc_row css=&#8221;.vc_custom_1693602138236{margin-top: 50px !important;}&#8221;][vc_column][vc_column_text css=&#8221;.vc_custom_1705474369047{margin-right: 30px !important;margin-left: 30px !important;}&#8221;]<\/p>\n<div class=\"row\">\n<div class=\"col-md-6\">\n<p><img decoding=\"async\" class=\"alignnone size-full wp-image-15356\" style=\"float: left; padding-right: 20px;\" src=\"https:\/\/ciie.itesm.mx\/wp-content\/uploads\/2024\/01\/ryan-lufkin.webp\" alt=\"\" width=\"132\" height=\"150.4\" \/><\/p>\n<p><strong>Ryan Lufkin<\/strong><\/p>\n<p>VP of Global Strategy at Instructure<\/p>\n<\/div>\n<div class=\"col-md-6\">\n<p><img decoding=\"async\" class=\"alignnone size-full wp-image-15356\" style=\"float: left; padding-right: 20px;\" src=\"https:\/\/ciie.itesm.mx\/wp-content\/uploads\/2024\/01\/ignacio-de-la-vega.webp\" alt=\"\" width=\"132\" height=\"150.4\" \/><\/p>\n<p><strong>Ignacio de la Vega<\/strong><\/p>\n<p>Vicerrector Ejecutivo de Asuntos Acad\u00e9micos Facultad e Internacionalizaci\u00f3n<br \/>\nTecnol\u00f3gico de Monterrey<\/p>\n<\/div>\n<\/div>\n<p>[\/vc_column_text][\/vc_column][\/vc_row][vc_row css=&#8221;.vc_custom_1705468399197{margin-top: 50px !important;margin-bottom: 30px !important;}&#8221;][vc_column][vc_column_text css=&#8221;.vc_custom_1705474388659{margin-right: 30px !important;margin-left: 30px !important;}&#8221;]<\/p>\n<p class=\"post-excerpt\" style=\"font-weight: 300;\">This panel discussion will delve into the use of Artificial Intelligence (AI) in higher education, drawing on insights from both faculty members and edtech experts. Our panelists will reflect on the opportunities and challenges of integrating AI into higher education, and its potential impact on teaching, research, and the overall learning experience. Join us as we discuss and analyze this rapidly evolving technology and its implications for the future of higher education.<\/p>\n<p>[\/vc_column_text][\/vc_column][\/vc_row][vc_row css=&#8221;.vc_custom_1705446302755{margin-top: 50px !important;padding-top: 20px !important;padding-bottom: 10px !important;background-color: #dfe3f9 !important;}&#8221;][vc_column][vc_column_text css=&#8221;.vc_custom_1705474502960{margin-right: 30px !important;margin-left: 30px !important;}&#8221;]<\/p>\n<h1 style=\"text-align: center; font-size: 30px; font-weight: bold; font-family: reckless-regular;\">January 25, 2024<\/h1>\n<p>[\/vc_column_text][\/vc_column][\/vc_row][vc_row css=&#8221;.vc_custom_1693602138236{margin-top: 50px !important;}&#8221;][vc_column][vc_column_text]<\/p>\n<div class=\"row\">\n<div class=\"col-md-4\">\n<p style=\"text-align: center;\"><img loading=\"lazy\" decoding=\"async\" class=\"alignnone size-medium wp-image-10687\" style=\"border-right: 1px solid #000000;\" src=\"https:\/\/ciie.itesm.mx\/wp-content\/uploads\/2024\/01\/tec-centro-empresas.webp\" alt=\"\" width=\"300\" height=\"217\" \/><\/p>\n<\/div>\n<div class=\"col-md-8\">\n<div class=\"post-meta\" style=\"font-family: Roboto; font-size: 24px; color: #424c9b; font-weight: 300; margin-bottom: 10px;\"><span class=\"post-date\"><i class=\"fa fa-clock-o\"><\/i> 9:00 &#8211; 9:45h UTC-06<\/span><\/div>\n<div>\n<h2 style=\"color: black; font-size: 30px; font-weight: bold; font-family: reckless-regular;\"><strong>Panel (ESP)<\/strong><\/h2>\n<h2 style=\"color: black; font-size: 30px; font-weight: bold; font-family: reckless-regular;\">Empresas Conscientes: Transformando la educaci\u00f3n en negocios<\/h2>\n<p><strong>\u00a0<\/strong><strong>Location:<\/strong> La Carreta<\/p>\n<\/div>\n<\/div>\n<\/div>\n<p>[\/vc_column_text][\/vc_column][\/vc_row][vc_row css=&#8221;.vc_custom_1693602138236{margin-top: 50px !important;}&#8221;][vc_column][vc_column_text css=&#8221;.vc_custom_1705471523663{margin-right: 30px !important;margin-left: 30px !important;}&#8221;]<\/p>\n<div class=\"row\">\n<div class=\"col-md-6\">\n<p><img decoding=\"async\" class=\"alignnone size-full wp-image-15356\" style=\"float: left; padding-right: 20px;\" src=\"https:\/\/ciie.itesm.mx\/wp-content\/uploads\/2024\/01\/lilia-artemisa-cortez.webp\" alt=\"\" width=\"132\" height=\"150.4\" \/><\/p>\n<p><strong>Lilia Artemisa Cortez<\/strong><\/p>\n<p>Profesora, Divisi\u00f3n Negocios, Campus Sinaloa<\/p>\n<\/div>\n<div class=\"col-md-6\">\n<p><img decoding=\"async\" class=\"alignnone size-full wp-image-15356\" style=\"float: left; padding-right: 20px;\" src=\"https:\/\/ciie.itesm.mx\/wp-content\/uploads\/2024\/01\/samantha-barron.webp\" alt=\"\" width=\"132\" height=\"150.4\" \/><\/p>\n<p><strong>Samantha Barr\u00f3n Jim\u00e9nez<\/strong><\/p>\n<p>Gerente de Experiencias de Emprendimiento, Instituto de Emprendimiento Eugenio Garza Lag\u00fcera, Campus Monterrey<\/p>\n<\/div>\n<\/div>\n<p>[\/vc_column_text][\/vc_column][\/vc_row][vc_row][vc_column][vc_column_text css=&#8221;.vc_custom_1705471619174{margin-right: 30px !important;margin-left: 30px !important;}&#8221;]<\/p>\n<div class=\"row\">\n<div class=\"col-md-6\">\n<p><img decoding=\"async\" class=\"alignnone size-full wp-image-15356\" style=\"float: left; padding-right: 20px;\" src=\"https:\/\/ciie.itesm.mx\/wp-content\/uploads\/2024\/01\/giselle-renteria.webp\" alt=\"\" width=\"132\" height=\"150.4\" \/><\/p>\n<p><strong>Giselle Renter\u00eda N\u00fa\u00f1ez<\/strong><\/p>\n<p>Directora de Programa LAET, Departamento Acad\u00e9mico de Emprendimiento &#8211; Regi\u00f3n Sur, Campus Hidalgo<\/p>\n<\/div>\n<div class=\"col-md-6\">\n<p><img decoding=\"async\" class=\"alignnone size-full wp-image-15356\" style=\"float: left; padding-right: 20px;\" src=\"https:\/\/ciie.itesm.mx\/wp-content\/uploads\/2024\/01\/david-capistran.webp\" alt=\"\" width=\"132\" height=\"150.4\" \/><\/p>\n<p><strong>David Capistr\u00e1n Wah<\/strong><\/p>\n<p>Director de Programa LAET, Departamento de Gesti\u00f3n y Liderazgo, Campus Monterrey<\/p>\n<\/div>\n<\/div>\n<p>[\/vc_column_text][\/vc_column][\/vc_row][vc_row][vc_column][vc_column_text css=&#8221;.vc_custom_1705474202908{margin-right: 30px !important;margin-left: 30px !important;}&#8221;]<\/p>\n<div class=\"row\">\n<div class=\"col-md-6\">\n<p><img decoding=\"async\" class=\"alignnone size-full wp-image-15356\" style=\"float: left; padding-right: 20px;\" src=\"https:\/\/ciie.itesm.mx\/wp-content\/uploads\/2024\/01\/luis-gerardo-gonzalez.webp\" alt=\"\" width=\"132\" height=\"150.4\" \/><\/p>\n<p><strong>Facilitator: Luis Gerardo Gonz\u00e1lez<\/strong><\/p>\n<p>Director Acad\u00e9mico del Centro de Empresas Conscientes<\/p>\n<\/div>\n<div class=\"col-md-6\"><\/div>\n<\/div>\n<p>[\/vc_column_text][\/vc_column][\/vc_row][vc_row css=&#8221;.vc_custom_1705468399197{margin-top: 50px !important;margin-bottom: 30px !important;}&#8221;][vc_column][vc_column_text css=&#8221;.vc_custom_1705471047960{margin-right: 30px !important;margin-left: 30px !important;}&#8221;]<\/p>\n<p class=\"post-excerpt\" style=\"font-weight: 300;\">En esta sesi\u00f3n compartiremos las iniciativas del Tecnol\u00f3gico de Monterrey a trav\u00e9s del Centro de Empresas Conscientes para transformar la educaci\u00f3n en negocios a trav\u00e9s de sus programas acad\u00e9micos y la capacitaci\u00f3n de sus docentes.<\/p>\n<p>[\/vc_column_text][\/vc_column][\/vc_row][vc_row css=&#8221;.vc_custom_1693602138236{margin-top: 50px !important;}&#8221;][vc_column][vc_column_text]<\/p>\n<div class=\"row\">\n<div class=\"col-md-4\">\n<p style=\"text-align: center;\"><img loading=\"lazy\" decoding=\"async\" class=\"alignnone size-medium wp-image-10687\" style=\"border-right: 1px solid #000000;\" src=\"https:\/\/ciie.itesm.mx\/wp-content\/uploads\/2024\/01\/territorium.webp\" alt=\"\" width=\"300\" height=\"217\" \/><\/p>\n<\/div>\n<div class=\"col-md-8\">\n<div class=\"post-meta\" style=\"font-family: Roboto; font-size: 24px; color: #424c9b; font-weight: 300; margin-bottom: 10px;\"><span class=\"post-date\"><i class=\"fa fa-clock-o\"><\/i> 11:00 &#8211; 11:30h UTC-06<\/span><\/div>\n<div>\n<h2 style=\"color: black; font-size: 30px; font-weight: bold; font-family: reckless-regular;\"><strong>Conference<\/strong><\/h2>\n<h2 style=\"color: black; font-size: 30px; font-weight: bold; font-family: reckless-regular;\">Incrementa Empleabilidad: El Cardex 2.0, la nueva hoja de notas basada en competencias<\/h2>\n<p><strong>\u00a0<\/strong><strong>Location:<\/strong> La Carreta<\/p>\n<\/div>\n<\/div>\n<\/div>\n<p>[\/vc_column_text][\/vc_column][\/vc_row][vc_row css=&#8221;.vc_custom_1705472444069{margin-top: 50px !important;}&#8221;][vc_column][vc_column_text css=&#8221;.vc_custom_1705472934835{margin-right: 30px !important;margin-left: 30px !important;}&#8221;]<\/p>\n<div class=\"row\">\n<div class=\"col-md-6\">\n<p><img decoding=\"async\" class=\"alignnone size-full wp-image-15356\" style=\"float: left; padding-right: 20px;\" src=\"https:\/\/ciie.itesm.mx\/wp-content\/uploads\/2024\/01\/gerardo-saenz.webp\" alt=\"\" width=\"132\" height=\"150.4\" \/><\/p>\n<p><strong>Gerardo S\u00e1enz Gonz\u00e1lez<\/strong><\/p>\n<p>co-CEO, Territorium<\/p>\n<\/div>\n<div class=\"col-md-6\"><\/div>\n<\/div>\n<p>[\/vc_column_text][\/vc_column][\/vc_row][vc_row css=&#8221;.vc_custom_1705468399197{margin-top: 50px !important;margin-bottom: 30px !important;}&#8221;][vc_column][vc_column_text css=&#8221;.vc_custom_1705472806726{margin-right: 30px !important;margin-left: 30px !important;}&#8221;]<\/p>\n<p class=\"post-excerpt\" style=\"font-weight: 300;\">Se explicar\u00e1 c\u00f3mo transformar a la instituci\u00f3n a generar perfiles de competencias de sus estudiantes que los ayuden a posicionarse en el mercado laboral, en vez de solamente generar un perfil de cursos, notas y horas cr\u00e9dito. Se explicar\u00e1 el c\u00f3mo lograr esto y al mismo tiempo c\u00f3mo tener este tipo de perfil permite utilizar IA para ayudar a los estudiantes a obtener el empleo deseado y a la par ayudar a la instituci\u00f3n a incrementar matr\u00edcula, retenci\u00f3n y empleabilidad.<\/p>\n<p>[\/vc_column_text][\/vc_column][\/vc_row][vc_row css=&#8221;.vc_custom_1693602138236{margin-top: 50px !important;}&#8221;][vc_column][vc_column_text]<\/p>\n<div class=\"row\">\n<div class=\"col-md-4\">\n<p style=\"text-align: center;\"><img loading=\"lazy\" decoding=\"async\" class=\"alignnone size-medium wp-image-10687\" style=\"border-right: 1px solid #000000;\" src=\"https:\/\/ciie.itesm.mx\/wp-content\/uploads\/2024\/01\/microsoft.webp\" alt=\"\" width=\"300\" height=\"217\" \/><\/p>\n<\/div>\n<div class=\"col-md-8\">\n<div class=\"post-meta\" style=\"font-family: Roboto; font-size: 24px; color: #424c9b; font-weight: 300; margin-bottom: 10px;\"><span class=\"post-date\"><i class=\"fa fa-clock-o\"><\/i> 12:00 &#8211; 12:30h UTC-06<\/span><\/div>\n<div>\n<h2 style=\"color: black; font-size: 30px; font-weight: bold; font-family: reckless-regular;\"><strong>Conference<\/strong><\/h2>\n<h2 style=\"color: black; font-size: 30px; font-weight: bold; font-family: reckless-regular;\">La nueva era de trabajo con inteligencia artificial<\/h2>\n<p><strong>\u00a0<\/strong><strong>Location:<\/strong> La Carreta<\/p>\n<\/div>\n<\/div>\n<\/div>\n<p>[\/vc_column_text][\/vc_column][\/vc_row][vc_row css=&#8221;.vc_custom_1705472444069{margin-top: 50px !important;}&#8221;][vc_column][vc_column_text css=&#8221;.vc_custom_1705473215532{margin-right: 30px !important;margin-left: 30px !important;}&#8221;]<\/p>\n<div class=\"row\">\n<div class=\"col-md-6\">\n<p><img decoding=\"async\" class=\"alignnone size-full wp-image-15356\" style=\"float: left; padding-right: 20px;\" src=\"https:\/\/ciie.itesm.mx\/wp-content\/uploads\/2024\/01\/carlos-caballero.webp\" alt=\"\" width=\"132\" height=\"150.4\" \/><\/p>\n<p><strong>Carlos Caballero Enr\u00edquez<\/strong><\/p>\n<p>Especialista en inteligencia artificial para el trabajo de oficina moderno<\/p>\n<\/div>\n<div class=\"col-md-6\"><\/div>\n<\/div>\n<p>[\/vc_column_text][\/vc_column][\/vc_row][vc_row css=&#8221;.vc_custom_1705468399197{margin-top: 50px !important;margin-bottom: 30px !important;}&#8221;][vc_column][vc_column_text css=&#8221;.vc_custom_1705473097887{margin-right: 30px !important;margin-left: 30px !important;}&#8221;]<\/p>\n<p class=\"post-excerpt\" style=\"font-weight: 300;\">En los \u00faltimos meses hemos visto una aceleraci\u00f3n sin precedente en la adopci\u00f3n de Inteligencia Artificial generativa. Sin duda esta tecnolog\u00eda ha llegado para cambiar la forma en la que trabajamos, sin embargo, traer\u00e1 consigo nuevos retos en t\u00e9rminos de desarrollo de profesionales, desarrollo de habilidades y ciberseguridad. Microsoft 365 Copilot busca combinar esta tecnolog\u00eda con la riqueza de datos y seguridad de Microsoft 365 integrado en las herramientas que usamos d\u00eda a d\u00eda.<\/p>\n<p>[\/vc_column_text][\/vc_column][\/vc_row][vc_row css=&#8221;.vc_custom_1693602138236{margin-top: 50px !important;}&#8221;][vc_column][vc_column_text]<\/p>\n<div class=\"row\">\n<div class=\"col-md-4\">\n<p style=\"text-align: center;\"><img loading=\"lazy\" decoding=\"async\" class=\"alignnone size-medium wp-image-10687\" style=\"border-right: 1px solid #000000;\" src=\"https:\/\/ciie.itesm.mx\/wp-content\/uploads\/2024\/01\/lifelong-griky.webp\" alt=\"\" width=\"300\" height=\"217\" \/><\/p>\n<\/div>\n<div class=\"col-md-8\">\n<div class=\"post-meta\" style=\"font-family: Roboto; font-size: 24px; color: #424c9b; font-weight: 300; margin-bottom: 10px;\"><span class=\"post-date\"><i class=\"fa fa-clock-o\"><\/i> 12:30 &#8211; 13:00h UTC-06<\/span><\/div>\n<div>\n<h2 style=\"color: black; font-size: 30px; font-weight: bold; font-family: reckless-regular;\"><strong>Conference<\/strong><\/h2>\n<h2 style=\"color: black; font-size: 30px; font-weight: bold; font-family: reckless-regular;\">Certificaci\u00f3n Lifelong Learning University\u00ae: Reconociendo universidades preparadas para el futuro<\/h2>\n<p><strong>\u00a0<\/strong><strong>Location:<\/strong> La Carreta<\/p>\n<\/div>\n<\/div>\n<\/div>\n<p>[\/vc_column_text][\/vc_column][\/vc_row][vc_row css=&#8221;.vc_custom_1705472444069{margin-top: 50px !important;}&#8221;][vc_column][vc_column_text css=&#8221;.vc_custom_1705472659611{margin-right: 30px !important;margin-left: 30px !important;}&#8221;]<\/p>\n<div class=\"row\">\n<div class=\"col-md-6\">\n<p><img decoding=\"async\" class=\"alignnone size-full wp-image-15356\" style=\"float: left; padding-right: 20px;\" src=\"https:\/\/ciie.itesm.mx\/wp-content\/uploads\/2024\/01\/andres-nunez.webp\" alt=\"\" width=\"132\" height=\"150.4\" \/><\/p>\n<p><strong>Andr\u00e9s N\u00fa\u00f1ez Alvarez<\/strong><\/p>\n<p>Presidente Lifelong Learning Foundation<\/p>\n<\/div>\n<div class=\"col-md-6\"><\/div>\n<\/div>\n<p>[\/vc_column_text][\/vc_column][\/vc_row][vc_row css=&#8221;.vc_custom_1705468399197{margin-top: 50px !important;margin-bottom: 30px !important;}&#8221;][vc_column][vc_column_text css=&#8221;.vc_custom_1705472531467{margin-right: 30px !important;margin-left: 30px !important;}&#8221;]<\/p>\n<p class=\"post-excerpt\" style=\"font-weight: 300;\">La conferencia &#8220;Certificaci\u00f3n Lifelong Learning University\u00ae: Reconociendo universidades preparadas para el futuro&#8221; se centrar\u00e1 en c\u00f3mo las instituciones de educaci\u00f3n superior pueden alcanzar y beneficiarse de esta prestigiosa certificaci\u00f3n. Se abordar\u00e1 la importancia de adaptarse a las necesidades educativas emergentes y preparar a los estudiantes para un mundo en constante cambio. La conferencia destacar\u00e1 casos de \u00e9xito a nivel mundial, los criterios de certificaci\u00f3n, el proceso de evaluaci\u00f3n, y c\u00f3mo la obtenci\u00f3n del sello Lifelong Learning University\u00ae simboliza un compromiso con la innovaci\u00f3n y el aprendizaje a lo largo de la vida. Ser\u00e1 una oportunidad para que l\u00edderes educativos comprendan c\u00f3mo pueden transformar sus instituciones en una Lifelong Learning University\u00ae.<\/p>\n<p>[\/vc_column_text][\/vc_column][\/vc_row][vc_row css=&#8221;.vc_custom_1693602138236{margin-top: 50px !important;}&#8221;][vc_column][vc_column_text]<\/p>\n<div class=\"row\">\n<div class=\"col-md-4\">\n<p style=\"text-align: center;\"><img loading=\"lazy\" decoding=\"async\" class=\"alignnone size-medium wp-image-10687\" style=\"border-right: 1px solid #000000;\" src=\"https:\/\/ciie.itesm.mx\/wp-content\/uploads\/2022\/11\/mc-graw-hill.webp\" alt=\"\" width=\"300\" height=\"217\" srcset=\"https:\/\/ciie.itesm.mx\/wp-content\/uploads\/2022\/11\/mc-graw-hill.webp 500w, https:\/\/ciie.itesm.mx\/wp-content\/uploads\/2022\/11\/mc-graw-hill-300x217.webp 300w\" sizes=\"auto, (max-width: 300px) 100vw, 300px\" \/><\/p>\n<\/div>\n<div class=\"col-md-8\">\n<div class=\"post-meta\" style=\"font-family: Roboto; font-size: 24px; color: #424c9b; font-weight: 300; margin-bottom: 10px;\"><span class=\"post-date\"><i class=\"fa fa-clock-o\"><\/i> 13:30 &#8211; 14:00h UTC-06<\/span><\/div>\n<div>\n<h2 style=\"color: black; font-size: 30px; font-weight: bold; font-family: reckless-regular;\"><strong>Conference<\/strong><\/h2>\n<h2 style=\"color: black; font-size: 30px; font-weight: bold; font-family: reckless-regular;\">Navegando el Tiempo: Integrando la Historia para Inspirar a los Estudiantes<\/h2>\n<p><strong>\u00a0<\/strong><strong>Location:<\/strong> La Carreta<\/p>\n<\/div>\n<\/div>\n<\/div>\n<p>[\/vc_column_text][\/vc_column][\/vc_row][vc_row css=&#8221;.vc_custom_1705472444069{margin-top: 50px !important;}&#8221;][vc_column][vc_column_text css=&#8221;.vc_custom_1705473574426{margin-right: 30px !important;margin-left: 30px !important;}&#8221;]<\/p>\n<div class=\"row\">\n<div class=\"col-md-6\">\n<p><img decoding=\"async\" class=\"alignnone size-full wp-image-15356\" style=\"float: left; padding-right: 20px;\" src=\"https:\/\/ciie.itesm.mx\/wp-content\/uploads\/2024\/01\/maruma-godoy.webp\" alt=\"\" width=\"132\" height=\"150.4\" \/><\/p>\n<p><strong>Mtra. Maruma Godoy Rangel <\/strong><\/p>\n<p>Profesora en el Tec de Monterrey en el \u00e1rea de Humanidades y Ciencias Sociales<\/p>\n<\/div>\n<div class=\"col-md-6\"><\/div>\n<\/div>\n<p>[\/vc_column_text][\/vc_column][\/vc_row][vc_row css=&#8221;.vc_custom_1705468399197{margin-top: 50px !important;margin-bottom: 30px !important;}&#8221;][vc_column][vc_column_text css=&#8221;.vc_custom_1705473463185{margin-right: 30px !important;margin-left: 30px !important;}&#8221;]<\/p>\n<p class=\"post-excerpt\" style=\"font-weight: 300;\">Esta charla est\u00e1 dise\u00f1ada para docentes de preparatoria, abordando c\u00f3mo la historia puede ser una poderosa herramienta para cautivar a los estudiantes en su viaje acad\u00e9mico. Exploraremos estrategias pr\u00e1cticas para incorporar el contexto hist\u00f3rico de manera estimulante, destacando la relevancia de este enfoque frente a otras materias. Acomp\u00e1\u00f1anos en un viaje educativo que transforma la ense\u00f1anza, conecta a los estudiantes con su pasado y despierta una apreciaci\u00f3n m\u00e1s profunda por el aprendizaje.<\/p>\n<p>[\/vc_column_text][\/vc_column][\/vc_row][vc_row css=&#8221;.vc_custom_1693602138236{margin-top: 50px !important;}&#8221;][vc_column][vc_column_text]<\/p>\n<div class=\"row\">\n<div class=\"col-md-4\">\n<p style=\"text-align: center;\"><img loading=\"lazy\" decoding=\"async\" class=\"alignnone size-medium wp-image-10687\" style=\"border-right: 1px solid #000000;\" src=\"https:\/\/ciie.itesm.mx\/wp-content\/uploads\/2024\/01\/seidor-panopto-huawei.webp\" alt=\"\" width=\"300\" height=\"217\" \/><\/p>\n<\/div>\n<div class=\"col-md-8\">\n<div class=\"post-meta\" style=\"font-family: Roboto; font-size: 24px; color: #424c9b; font-weight: 300; margin-bottom: 10px;\"><span class=\"post-date\"><i class=\"fa fa-clock-o\"><\/i> 15:30 &#8211; 16:00h UTC-06<\/span><\/div>\n<div>\n<h2 style=\"color: black; font-size: 30px; font-weight: bold; font-family: reckless-regular;\"><strong>Conference<\/strong><\/h2>\n<h2 style=\"color: black; font-size: 30px; font-weight: bold; font-family: reckless-regular;\">Creaci\u00f3n de contenidos interactivos asincr\u00f3nicos para modalidades de clases semiprensenciales y\/o a distancia<\/h2>\n<p><strong>\u00a0<\/strong><strong>Location:<\/strong> La Carreta<\/p>\n<\/div>\n<\/div>\n<\/div>\n<p>[\/vc_column_text][\/vc_column][\/vc_row][vc_row css=&#8221;.vc_custom_1705472444069{margin-top: 50px !important;}&#8221;][vc_column][vc_column_text css=&#8221;.vc_custom_1705473810294{margin-right: 30px !important;margin-left: 30px !important;}&#8221;]<\/p>\n<div class=\"row\">\n<div class=\"col-md-6\">\n<p><img decoding=\"async\" class=\"alignnone size-full wp-image-15356\" style=\"float: left; padding-right: 20px;\" src=\"https:\/\/ciie.itesm.mx\/wp-content\/uploads\/2024\/01\/francisco-nato.webp\" alt=\"\" width=\"132\" height=\"150.4\" \/><\/p>\n<p><strong>Francisco \u00d1ato D\u00edaz<\/strong><\/p>\n<p>Gerente eLearning LATAM<\/p>\n<\/div>\n<div class=\"col-md-6\"><\/div>\n<\/div>\n<p>[\/vc_column_text][\/vc_column][\/vc_row][vc_row css=&#8221;.vc_custom_1705468399197{margin-top: 50px !important;margin-bottom: 30px !important;}&#8221;][vc_column][vc_column_text css=&#8221;.vc_custom_1705473682224{margin-right: 30px !important;margin-left: 30px !important;}&#8221;]<\/p>\n<p class=\"post-excerpt\" style=\"font-weight: 300;\">La charla tratar\u00e1 sobre las diversas formas de como crear contenido asincr\u00f3nico para publicarlo en el LMS, vamos desde lo m\u00e1s b\u00e1sico usando las mismas herramientas existentes, hasta el uso de otros programas como VCMS, Articulate, etc.<\/p>\n<p>[\/vc_column_text][\/vc_column][\/vc_row][vc_row css=&#8221;.vc_custom_1693602302825{margin-bottom: -50px !important;background-color: #000000 !important;}&#8221;][vc_column][vc_row_inner css=&#8221;.vc_custom_1693602308731{margin-top: 40px !important;}&#8221;][vc_column_inner width=&#8221;1\/3&#8243;][vc_single_image image=&#8221;15108&#8243; img_size=&#8221;&#8221; alignment=&#8221;center&#8221;][\/vc_column_inner][vc_column_inner width=&#8221;1\/3&#8243;][vc_single_image image=&#8221;12482&#8243; img_size=&#8221;180&#215;54&#8243; alignment=&#8221;center&#8221;][\/vc_column_inner][vc_column_inner width=&#8221;1\/3&#8243;][vc_single_image image=&#8221;12481&#8243; img_size=&#8221;200&#215;51&#8243; alignment=&#8221;center&#8221;][\/vc_column_inner][\/vc_row_inner][\/vc_column][\/vc_row]<\/p>\n<\/div>","protected":false},"excerpt":{"rendered":"<p>[vc_row full_width=&#8221;stretch_row_content_no_spaces&#8221; container=&#8221;0&#8243; css=&#8221;.vc_custom_1705507156222{background-color: #dfe3f9 !important;}&#8221;][vc_column][vc_empty_space height=&#8221;164px&#8221;][\/vc_column][\/vc_row][vc_row full_height=&#8221;yes&#8221; equal_height=&#8221;yes&#8221; section_id=&#8221;sponsors&#8221; css=&#8221;.vc_custom_1705507748102{padding-bottom: 50px !important;background-color: #dfe3f9 !important;}&#8221;][vc_column][vc_column_text css=&#8221;.vc_custom_1705507266675{padding-bottom: 45px !important;}&#8221;] Sponsors IFE Conference 2024 [\/vc_column_text][vc_media_grid element_width=&#8221;3&#8243; item=&#8221;5876&#8243; initial_loading_animation=&#8221;none&#8221; grid_id=&#8221;vc_gid:1706123477651-757d070c-ad46-1&#8243; include=&#8221;15269,15041,10691,10687,10688,15268,10686,11956,15270,15321,15274,15273,15271,15320,15319,15318&#8243; el_class=&#8221;patrocinadores&#8221;][\/vc_column][\/vc_row][vc_row css=&#8221;.vc_custom_1705446302755{margin-top: 50px !important;padding-top: 20px !important;padding-bottom: 10px !important;background-color: #dfe3f9 !important;}&#8221;][vc_column][vc_column_text css=&#8221;.vc_custom_1705474472900{margin-right: 30px !important;margin-left: 30px<\/p>\n","protected":false},"author":1,"featured_media":0,"parent":0,"menu_order":0,"comment_status":"closed","ping_status":"closed","template":"home_template.php","meta":{"footnotes":""},"class_list":["post-15326","page","type-page","status-publish","hentry"],"yoast_head":"<!-- This site is optimized with the Yoast SEO plugin v27.5 - https:\/\/yoast.com\/product\/yoast-seo-wordpress\/ -->\n<title>Agenda Patrocinadores - IFE Conference<\/title>\n<meta name=\"description\" content=\"IFE Conference, antes CIIE, del 28 al 30 de enero de 2025 en el Tecnol\u00f3gico de Monterrey, en Monterrey, M\u00e9xico\" \/>\n<meta name=\"robots\" content=\"index, follow, max-snippet:-1, max-image-preview:large, max-video-preview:-1\" \/>\n<link rel=\"canonical\" href=\"https:\/\/ciie.itesm.mx\/es\/agenda-patrocinadores\/\" \/>\n<meta property=\"og:locale\" content=\"en_US\" \/>\n<meta property=\"og:type\" content=\"article\" \/>\n<meta property=\"og:title\" content=\"Agenda Patrocinadores - IFE Conference\" \/>\n<meta property=\"og:description\" content=\"IFE Conference, antes CIIE, del 28 al 30 de enero de 2025 en el Tecnol\u00f3gico de Monterrey, en Monterrey, M\u00e9xico\" \/>\n<meta property=\"og:url\" content=\"https:\/\/ciie.itesm.mx\/es\/agenda-patrocinadores\/\" \/>\n<meta property=\"og:site_name\" content=\"IFE Conference\" \/>\n<meta property=\"article:modified_time\" content=\"2024-01-24T19:12:29+00:00\" \/>\n<meta property=\"og:image\" content=\"https:\/\/ciie.itesm.mx\/wp-content\/uploads\/2022\/11\/mc-graw-hill-300x217.webp\" \/>\n<meta name=\"twitter:card\" content=\"summary_large_image\" \/>\n<meta name=\"twitter:label1\" content=\"Est. reading time\" \/>\n\t<meta name=\"twitter:data1\" content=\"24 minutes\" \/>\n<script type=\"application\/ld+json\" class=\"yoast-schema-graph\">{\"@context\":\"https:\\\/\\\/schema.org\",\"@graph\":[{\"@type\":\"WebPage\",\"@id\":\"https:\\\/\\\/ciie.itesm.mx\\\/es\\\/agenda-patrocinadores\\\/\",\"url\":\"https:\\\/\\\/ciie.itesm.mx\\\/es\\\/agenda-patrocinadores\\\/\",\"name\":\"Agenda Patrocinadores - IFE Conference\",\"isPartOf\":{\"@id\":\"https:\\\/\\\/ciie.itesm.mx\\\/en\\\/#website\"},\"primaryImageOfPage\":{\"@id\":\"https:\\\/\\\/ciie.itesm.mx\\\/es\\\/agenda-patrocinadores\\\/#primaryimage\"},\"image\":{\"@id\":\"https:\\\/\\\/ciie.itesm.mx\\\/es\\\/agenda-patrocinadores\\\/#primaryimage\"},\"thumbnailUrl\":\"https:\\\/\\\/ciie.itesm.mx\\\/wp-content\\\/uploads\\\/2022\\\/11\\\/mc-graw-hill-300x217.webp\",\"datePublished\":\"2024-01-16T22:30:54+00:00\",\"dateModified\":\"2024-01-24T19:12:29+00:00\",\"description\":\"IFE Conference, antes CIIE, del 28 al 30 de enero de 2025 en el Tecnol\u00f3gico de Monterrey, en Monterrey, M\u00e9xico\",\"breadcrumb\":{\"@id\":\"https:\\\/\\\/ciie.itesm.mx\\\/es\\\/agenda-patrocinadores\\\/#breadcrumb\"},\"inLanguage\":\"en-US\",\"potentialAction\":[{\"@type\":\"ReadAction\",\"target\":[\"https:\\\/\\\/ciie.itesm.mx\\\/es\\\/agenda-patrocinadores\\\/\"]}]},{\"@type\":\"ImageObject\",\"inLanguage\":\"en-US\",\"@id\":\"https:\\\/\\\/ciie.itesm.mx\\\/es\\\/agenda-patrocinadores\\\/#primaryimage\",\"url\":\"https:\\\/\\\/ciie.itesm.mx\\\/wp-content\\\/uploads\\\/2022\\\/11\\\/mc-graw-hill-300x217.webp\",\"contentUrl\":\"https:\\\/\\\/ciie.itesm.mx\\\/wp-content\\\/uploads\\\/2022\\\/11\\\/mc-graw-hill-300x217.webp\"},{\"@type\":\"BreadcrumbList\",\"@id\":\"https:\\\/\\\/ciie.itesm.mx\\\/es\\\/agenda-patrocinadores\\\/#breadcrumb\",\"itemListElement\":[{\"@type\":\"ListItem\",\"position\":1,\"name\":\"Portada\",\"item\":\"https:\\\/\\\/ciie.itesm.mx\\\/es\\\/\"},{\"@type\":\"ListItem\",\"position\":2,\"name\":\"Agenda Patrocinadores\"}]},{\"@type\":\"WebSite\",\"@id\":\"https:\\\/\\\/ciie.itesm.mx\\\/en\\\/#website\",\"url\":\"https:\\\/\\\/ciie.itesm.mx\\\/en\\\/\",\"name\":\"IFE Conference\",\"description\":\"IFE Conference, antes CIIE, del 28 al 30 de enero de 2025 en el Tecnol\u00f3gico de Monterrey, en Monterrey, M\u00e9xico\",\"potentialAction\":[{\"@type\":\"SearchAction\",\"target\":{\"@type\":\"EntryPoint\",\"urlTemplate\":\"https:\\\/\\\/ciie.itesm.mx\\\/en\\\/?s={search_term_string}\"},\"query-input\":{\"@type\":\"PropertyValueSpecification\",\"valueRequired\":true,\"valueName\":\"search_term_string\"}}],\"inLanguage\":\"en-US\"}]}<\/script>\n<!-- \/ Yoast SEO plugin. -->","yoast_head_json":{"title":"Agenda Patrocinadores - IFE Conference","description":"IFE Conference, antes CIIE, del 28 al 30 de enero de 2025 en el Tecnol\u00f3gico de Monterrey, en Monterrey, M\u00e9xico","robots":{"index":"index","follow":"follow","max-snippet":"max-snippet:-1","max-image-preview":"max-image-preview:large","max-video-preview":"max-video-preview:-1"},"canonical":"https:\/\/ciie.itesm.mx\/es\/agenda-patrocinadores\/","og_locale":"en_US","og_type":"article","og_title":"Agenda Patrocinadores - IFE Conference","og_description":"IFE Conference, antes CIIE, del 28 al 30 de enero de 2025 en el Tecnol\u00f3gico de Monterrey, en Monterrey, M\u00e9xico","og_url":"https:\/\/ciie.itesm.mx\/es\/agenda-patrocinadores\/","og_site_name":"IFE Conference","article_modified_time":"2024-01-24T19:12:29+00:00","og_image":[{"url":"https:\/\/ciie.itesm.mx\/wp-content\/uploads\/2022\/11\/mc-graw-hill-300x217.webp","type":"","width":"","height":""}],"twitter_card":"summary_large_image","twitter_misc":{"Est. reading time":"24 minutes"},"schema":{"@context":"https:\/\/schema.org","@graph":[{"@type":"WebPage","@id":"https:\/\/ciie.itesm.mx\/es\/agenda-patrocinadores\/","url":"https:\/\/ciie.itesm.mx\/es\/agenda-patrocinadores\/","name":"Agenda Patrocinadores - IFE Conference","isPartOf":{"@id":"https:\/\/ciie.itesm.mx\/en\/#website"},"primaryImageOfPage":{"@id":"https:\/\/ciie.itesm.mx\/es\/agenda-patrocinadores\/#primaryimage"},"image":{"@id":"https:\/\/ciie.itesm.mx\/es\/agenda-patrocinadores\/#primaryimage"},"thumbnailUrl":"https:\/\/ciie.itesm.mx\/wp-content\/uploads\/2022\/11\/mc-graw-hill-300x217.webp","datePublished":"2024-01-16T22:30:54+00:00","dateModified":"2024-01-24T19:12:29+00:00","description":"IFE Conference, antes CIIE, del 28 al 30 de enero de 2025 en el Tecnol\u00f3gico de Monterrey, en Monterrey, M\u00e9xico","breadcrumb":{"@id":"https:\/\/ciie.itesm.mx\/es\/agenda-patrocinadores\/#breadcrumb"},"inLanguage":"en-US","potentialAction":[{"@type":"ReadAction","target":["https:\/\/ciie.itesm.mx\/es\/agenda-patrocinadores\/"]}]},{"@type":"ImageObject","inLanguage":"en-US","@id":"https:\/\/ciie.itesm.mx\/es\/agenda-patrocinadores\/#primaryimage","url":"https:\/\/ciie.itesm.mx\/wp-content\/uploads\/2022\/11\/mc-graw-hill-300x217.webp","contentUrl":"https:\/\/ciie.itesm.mx\/wp-content\/uploads\/2022\/11\/mc-graw-hill-300x217.webp"},{"@type":"BreadcrumbList","@id":"https:\/\/ciie.itesm.mx\/es\/agenda-patrocinadores\/#breadcrumb","itemListElement":[{"@type":"ListItem","position":1,"name":"Portada","item":"https:\/\/ciie.itesm.mx\/es\/"},{"@type":"ListItem","position":2,"name":"Agenda Patrocinadores"}]},{"@type":"WebSite","@id":"https:\/\/ciie.itesm.mx\/en\/#website","url":"https:\/\/ciie.itesm.mx\/en\/","name":"IFE Conference","description":"IFE Conference, antes CIIE, del 28 al 30 de enero de 2025 en el Tecnol\u00f3gico de Monterrey, en Monterrey, M\u00e9xico","potentialAction":[{"@type":"SearchAction","target":{"@type":"EntryPoint","urlTemplate":"https:\/\/ciie.itesm.mx\/en\/?s={search_term_string}"},"query-input":{"@type":"PropertyValueSpecification","valueRequired":true,"valueName":"search_term_string"}}],"inLanguage":"en-US"}]}},"_links":{"self":[{"href":"https:\/\/ciie.itesm.mx\/en\/wp-json\/wp\/v2\/pages\/15326","targetHints":{"allow":["GET"]}}],"collection":[{"href":"https:\/\/ciie.itesm.mx\/en\/wp-json\/wp\/v2\/pages"}],"about":[{"href":"https:\/\/ciie.itesm.mx\/en\/wp-json\/wp\/v2\/types\/page"}],"author":[{"embeddable":true,"href":"https:\/\/ciie.itesm.mx\/en\/wp-json\/wp\/v2\/users\/1"}],"replies":[{"embeddable":true,"href":"https:\/\/ciie.itesm.mx\/en\/wp-json\/wp\/v2\/comments?post=15326"}],"version-history":[{"count":93,"href":"https:\/\/ciie.itesm.mx\/en\/wp-json\/wp\/v2\/pages\/15326\/revisions"}],"predecessor-version":[{"id":15493,"href":"https:\/\/ciie.itesm.mx\/en\/wp-json\/wp\/v2\/pages\/15326\/revisions\/15493"}],"wp:attachment":[{"href":"https:\/\/ciie.itesm.mx\/en\/wp-json\/wp\/v2\/media?parent=15326"}],"curies":[{"name":"wp","href":"https:\/\/api.w.org\/{rel}","templated":true}]}}