{"version":"1.0","provider_name":"IFE Conferece","provider_url":"https:\/\/ciie.itesm.mx\/es","author_name":"Adminwpciie","author_url":"https:\/\/ciie.itesm.mx\/es\/author\/adminwpciie\/","title":"Eva Fern\u00e1ndez - IFE Conferece","type":"rich","width":600,"height":338,"html":"<blockquote class=\"wp-embedded-content\" data-secret=\"jMwLLj80dV\"><a href=\"https:\/\/ciie.itesm.mx\/es\/httpciie-mxspeakerdeb-masters\/eva-fernandez\/\">Eva Fern\u00e1ndez<\/a><\/blockquote><iframe sandbox=\"allow-scripts\" security=\"restricted\" src=\"https:\/\/ciie.itesm.mx\/es\/httpciie-mxspeakerdeb-masters\/eva-fernandez\/embed\/#?secret=jMwLLj80dV\" width=\"600\" height=\"338\" title=\"\u00abEva Fern\u00e1ndez\u00bb \u2014 IFE Conferece\" data-secret=\"jMwLLj80dV\" frameborder=\"0\" marginwidth=\"0\" marginheight=\"0\" scrolling=\"no\" class=\"wp-embedded-content\"><\/iframe><script type=\"text\/javascript\">\n\/* <![CDATA[ *\/\n\/*! This file is auto-generated *\/\n!function(d,l){\"use strict\";l.querySelector&&d.addEventListener&&\"undefined\"!=typeof URL&&(d.wp=d.wp||{},d.wp.receiveEmbedMessage||(d.wp.receiveEmbedMessage=function(e){var t=e.data;if((t||t.secret||t.message||t.value)&&!\/[^a-zA-Z0-9]\/.test(t.secret)){for(var s,r,n,a=l.querySelectorAll('iframe[data-secret=\"'+t.secret+'\"]'),o=l.querySelectorAll('blockquote[data-secret=\"'+t.secret+'\"]'),c=new RegExp(\"^https?:$\",\"i\"),i=0;i<o.length;i++)o[i].style.display=\"none\";for(i=0;i<a.length;i++)s=a[i],e.source===s.contentWindow&&(s.removeAttribute(\"style\"),\"height\"===t.message?(1e3<(r=parseInt(t.value,10))?r=1e3:~~r<200&&(r=200),s.height=r):\"link\"===t.message&&(r=new URL(s.getAttribute(\"src\")),n=new URL(t.value),c.test(n.protocol))&&n.host===r.host&&l.activeElement===s&&(d.top.location.href=t.value))}},d.addEventListener(\"message\",d.wp.receiveEmbedMessage,!1),l.addEventListener(\"DOMContentLoaded\",function(){for(var e,t,s=l.querySelectorAll(\"iframe.wp-embedded-content\"),r=0;r<s.length;r++)(t=(e=s[r]).getAttribute(\"data-secret\"))||(t=Math.random().toString(36).substring(2,12),e.src+=\"#?secret=\"+t,e.setAttribute(\"data-secret\",t)),e.contentWindow.postMessage({message:\"ready\",secret:t},\"*\")},!1)))}(window,document);\n\/\/# sourceURL=https:\/\/ciie.itesm.mx\/wp-includes\/js\/wp-embed.min.js\n\/* ]]> *\/\n<\/script>\n","thumbnail_url":"https:\/\/ciie.itesm.mx\/wp-content\/uploads\/2021\/11\/eva-fernandez.webp","thumbnail_width":200,"thumbnail_height":200,"description":"Desde los inicios del \u00e1rea de inversi\u00f3n social en Primera Infancia de la Fundaci\u00f3n FEMSA en 2008, Eva Fern\u00e1ndez ha trabajado por el desarrollo de la ni\u00f1ez dentro de la Primera Infancia, buscando mejorar las interacciones con sus cuidadores, sus espacios p\u00fablicos"}