{"id":11372,"date":"2022-12-10T17:28:39","date_gmt":"2022-12-10T17:28:39","guid":{"rendered":"https:\/\/ciie.itesm.mx\/es\/?page_id=11372"},"modified":"2022-12-27T16:42:04","modified_gmt":"2022-12-27T16:42:04","slug":"precios-3-2-2","status":"publish","type":"page","link":"https:\/\/ciie.itesm.mx\/es\/ife-edtech\/","title":{"rendered":"IFE EdTech"},"content":{"rendered":"<div class=\"wpb-content-wrapper\"><p>[vc_row full_width=&#8221;stretch_row_content_no_spaces&#8221; container=&#8221;0&#8243;][vc_column][vc_empty_space height=&#8221;100px&#8221;][vc_single_image image=&#8221;11381&#8243; img_size=&#8221;full&#8221;][\/vc_column][\/vc_row][vc_row css=&#8221;.vc_custom_1670705499271{margin-top: 70px !important;}&#8221;][vc_column][vc_column_text]<\/p>\n<p style=\"font-size: 25px;\">\u00bfQu\u00e9 es el IFE EdTech Summit?<\/p>\n<p>Es el primer evento organizado por el Institute for the Future of Education del Tecnol\u00f3gico de Monterrey con la colaboraci\u00f3n de Edlatam Alliance para todo el ecosistema EdTech de Am\u00e9rica Latina, un espacio para conectar a emprendedores\/as, inversionistas y tomadores\/as de decisiones de instituciones educativas, con el fin de hacer crecer el ecosistema a trav\u00e9s de nuevas alianzas y conexiones de valor. Tambi\u00e9n compartiremos contenido relevante sobre lo que est\u00e1 sucediendo en el mundo de EdTech y el emprendimiento educativo.<\/p>\n<p>\u00bfQu\u00e9 encontrar\u00e1s?[\/vc_column_text][\/vc_column][\/vc_row][vc_row][vc_column width=&#8221;1\/2&#8243; css=&#8221;.vc_custom_1670711715040{margin-left: 50px !important;}&#8221;][vc_raw_html]JTNDbGluayUyMHJlbCUzRCUyMnByZWNvbm5lY3QlMjIlMjBocmVmJTNEJTIyaHR0cHMlM0ElMkYlMkZmb250cy5nb29nbGVhcGlzLmNvbSUyMiUzRSUwQSUzQ2xpbmslMjByZWwlM0QlMjJwcmVjb25uZWN0JTIyJTIwaHJlZiUzRCUyMmh0dHBzJTNBJTJGJTJGZm9udHMuZ3N0YXRpYy5jb20lMjIlMjBjcm9zc29yaWdpbiUzRSUwQSUzQ2xpbmslMjBocmVmJTNEJTIyaHR0cHMlM0ElMkYlMkZmb250cy5nb29nbGVhcGlzLmNvbSUyRmNzczIlM0ZmYW1pbHklM0ROdW5pdG8lMkJTYW5zJTNBd2dodCU0MDkwMCUyNmZhbWlseSUzRE51bml0byUzQXdnaHQlNDA0MDAlMjZkaXNwbGF5JTNEc3dhcCUyMiUyMHJlbCUzRCUyMnN0eWxlc2hlZXQlMjIlM0UlMjAlMEElM0NsaW5rJTIwaHJlZiUzRCUyMmh0dHBzJTNBJTJGJTJGZm9udHMuZ29vZ2xlYXBpcy5jb20lMkZjc3MyJTNGZmFtaWx5JTNETnVuaXRvJTJCU2FucyUzQXdnaHQlNDA5MDAlMjZmYW1pbHklM0ROdW5pdG8lM0F3Z2h0JTQwOTAwJTI2ZGlzcGxheSUzRHN3YXAlMjIlMjByZWwlM0QlMjJzdHlsZXNoZWV0JTIyJTNFJTIwJTBB[\/vc_raw_html][vc_column_text]<\/p>\n<ul>\n<li><span lang=\"ES-TRAD\">+20<\/span> emprendimientos edtech en nuestro EdTech Park<\/li>\n<li>Conferencias con las EdTechs m\u00e1s prometedoras\u00a0de Latam<span lang=\"ES-TRAD\">.<\/span><\/li>\n<li>Taller <span lang=\"ES-TRAD\">de<\/span> Holon IQ para las start ups<\/li>\n<li>2 finales Internacionales: GESAwards Global Final y TPrize<\/li>\n<li>Panel de inversi\u00f3n en EdTech<\/li>\n<li>Sesiones de networking<\/li>\n<li>Y m\u00e1s<\/li>\n<\/ul>\n<p>[\/vc_column_text][vc_raw_html]JTNDYSUyMGhyZWYlM0QlMjJodHRwcyUzQSUyRiUyRmNpaWUuaXRlc20ubXglMkZwcmVjaW9zLTIwMjMlMkYlMjIlMjBjbGFzcyUzRCUyMm15QnV0dG9uJTIyJTNFUmVnJUMzJUFEc3RyYXRlJTNDJTJGYSUzRSUwQSUwQSUzQ3N0eWxlJTNFLm15QnV0dG9uJTIwJTdCJTBBJTA5YmFja2dyb3VuZCUzQWxpbmVhci1ncmFkaWVudCUyOHRvJTIwYm90dG9tJTJDJTIwJTIzZjRiZjU0JTIwNSUyNSUyQyUyMCUyM2Y0YmY1NCUyMDEwMCUyNSUyOSUzQiUwQSUwOWJhY2tncm91bmQtY29sb3IlM0ElMjNmNGJmNTQlM0IlMEElMDlib3JkZXItcmFkaXVzJTNBMjhweCUzQiUwQSUwOWJvcmRlciUzQTFweCUyMHNvbGlkJTIwJTIzZjRiZjU0JTNCJTBBJTA5ZGlzcGxheSUzQWlubGluZS1ibG9jayUzQiUwQSUwOWN1cnNvciUzQXBvaW50ZXIlM0IlMEElMDljb2xvciUzQSUyMzAwMDAwMCUzQiUwQSUwOWZvbnQtZmFtaWx5JTNBQXJpYWwlM0IlMEElMDlmb250LXNpemUlM0ExN3B4JTNCJTBBJTA5cGFkZGluZyUzQTlweCUyMDkwcHglM0IlMEElMDl0ZXh0LWRlY29yYXRpb24lM0Fub25lJTNCJTBBJTA5dGV4dC1zaGFkb3clM0EwcHglMjAxcHglMjAwcHglMjAlMjNmZmZjZmYlM0IlMEElN0QlMEEubXlCdXR0b24lM0Fob3ZlciUyMCU3QiUwQSUwOWJhY2tncm91bmQlM0FsaW5lYXItZ3JhZGllbnQlMjh0byUyMGJvdHRvbSUyQyUyMCUyM2Y0YmY1NCUyMDUlMjUlMkMlMjAlMjNmNGJmNTQlMjAxMDAlMjUlMjklM0IlMEElMDliYWNrZ3JvdW5kLWNvbG9yJTNBJTIzZjRiZjU0JTNCJTBBJTdEJTBBLm15QnV0dG9uJTNBYWN0aXZlJTIwJTdCJTBBJTA5cG9zaXRpb24lM0FyZWxhdGl2ZSUzQiUwQSUwOXRvcCUzQTFweCUzQiUwQSU3RCUwQSUzQyUyRnN0eWxlJTNFJTBBJTIwJTIwJTIwJTIwJTIwJTIwJTIwJTIw[\/vc_raw_html][\/vc_column][vc_column width=&#8221;1\/2&#8243; css=&#8221;.vc_custom_1670709067993{padding-right: 110px !important;padding-left: 110px !important;}&#8221;][vc_raw_html]JTVCdmlkZW9wYWNrJTIwaWQlM0QlMjIxMTM5MCUyMiUyMHdpZHRoJTNEJTIyNTIwJTIyJTIwaGVpZ2h0JTNEJTIyNTIwJTIyJTVEaHR0cHMlM0ElMkYlMkZjaWllLml0ZXNtLm14JTJGd3AtY29udGVudCUyRnVwbG9hZHMlMkYyMDIyJTJGMTIlMkZTdW1taXQtaW5mby0yLm1wNCU1QiUyRnZpZGVvcGFjayU1RCUwQQ==[\/vc_raw_html][\/vc_column][\/vc_row][vc_row][vc_column width=&#8221;1\/3&#8243;][\/vc_column][vc_column width=&#8221;1\/3&#8243;][vc_single_image image=&#8221;11451&#8243; img_size=&#8221;350&#215;220&#8243; alignment=&#8221;center&#8221; onclick=&#8221;custom_link&#8221; img_link_target=&#8221;_blank&#8221; link=&#8221;https:\/\/www.globaledtechawards.org\/&#8221;][\/vc_column][vc_column width=&#8221;1\/3&#8243;][\/vc_column][\/vc_row][vc_row][vc_column]<div class=\"schedule-wrapper clear edt-estilo\" data-animation=\"fadeIn\" data-animation-delay=\"200\"><div class=\"schedule-tabs lv1\">\r\n                        <ul id=\"tabs-lv1\"  class=\"nav nav-justified\"><li class=\"active\"><a href=\"#tab-\" data-toggle=\"tab\"><strong><\/strong> <br\/><\/a><\/li><li ><a href=\"#tab-\" data-toggle=\"tab\"><strong><\/strong> <br\/><\/a><\/li><li ><a href=\"#tab-dia-3-edtech\" data-toggle=\"tab\"><strong>D\u00eda 3<\/strong> <br\/>25.01.03<\/a><\/li><\/ul><\/div><div class=\"tab-content lv1\"><div id=\"tab-dia-01-edtech\" class=\"tab-pane fade in active\"><div class=\"schedule-tabs lv2\">\r\n                                  <ul id=\"tabs-lv20\"  class=\"nav nav-justified\"><\/ul><\/div><div class=\"tab-content lv2\"><\/div><\/div><div id=\"tab-edtech-02\" class=\"tab-pane fade \"><div class=\"schedule-tabs lv2\">\r\n                                  <ul id=\"tabs-lv21\"  class=\"nav nav-justified\"><\/ul><\/div><div class=\"tab-content lv2\"><\/div><\/div><div id=\"tab-dia-3-edtech\" class=\"tab-pane fade \"><div class=\"schedule-tabs lv2\">\r\n                                  <ul id=\"tabs-lv22\"  class=\"nav nav-justified\"><li class=\"active\"><a href=\"#tab-lv2-sala-3\" data-toggle=\"tab\">Programa<\/a><\/li><\/ul><\/div><div class=\"tab-content lv2\"><div id=\"tab-lv2-sala-3\" class=\"tab-pane fade in active\">\r\n                                    <div class=\"timeline\">\r\n                                              <article class=\"post-wrap\" data-animation=\"fadeInUp\" data-animation-delay=\"300\">\r\n                                                  <div class=\"media\"><div class=\"media-body\">\r\n                                                          <div class=\"post-header\">\r\n                                                              <div class=\"post-meta\"><span class=\"post-date\"><i class=\"fa fa-clock-o\"><\/i> 10:00 - 10:45h UTC-06<\/span><\/div>\r\n                                                              <h2 class=\"post-title\"><a href=\"https:\/\/ciie.itesm.mx\/es\/schedule\/panel-oportunidades-de-colaboracion-entre-universidades-y-soluciones-educativas-espanol\/\">Panel: Oportunidades de Colaboraci\u00f3n entre Universidades y Soluciones Educativas (Espa\u00f1ol)<\/a><\/h2>\r\n                                                          <\/div>\r\n                                                            <div class=\"post-body\">\r\n                                                                <div class=\"post-excerpt\">\r\n                                                                    <p><strong>Juan Francisco Sifontes<\/strong><\/p>\r\n<p>Director General @KEY Instituto Kriete de Ingenier\u00eda y Ciencias en El Salvador<\/p>\r\n<p><strong>Ver\u00f3nica Agreda<\/strong><\/p>\r\n<p>Rectora @Universidad Franz Tamayo (UNIFRANZ) en Bolivia<\/p>\r\n<p><strong>Rolando Roncancio Rachid<\/strong><\/p>\r\n<p>Rector @Universidad de La Sabana en Colombia<\/p>\r\n<p><strong>Ubicaci\u00f3n:<\/strong> Centro de Congresos, Sala 3<\/p>\r\n                                                                <\/div>\r\n                                                            <\/div>\r\n                                                          <div class=\"post-footer\">\r\n                                                              <span class=\"post-readmore\"><i class=\"fa fa-microphone\"><\/i> <strong><\/strong> \/ &nbsp;&nbsp;<\/span>\r\n                                                          <\/div>\r\n                                                      <\/div>                                                      \r\n                                                  <\/div>\r\n                                              <\/article>\r\n                                              <article class=\"post-wrap\" data-animation=\"fadeInUp\" data-animation-delay=\"300\">\r\n                                                  <div class=\"media\"><div class=\"media-body\">\r\n                                                          <div class=\"post-header\">\r\n                                                              <div class=\"post-meta\"><span class=\"post-date\"><i class=\"fa fa-clock-o\"><\/i> 10:45 - 11:00h UTC-06<\/span><\/div>\r\n                                                              <h2 class=\"post-title\"><a href=\"https:\/\/ciie.itesm.mx\/es\/schedule\/receso-coffee-break-3\/\">Receso: Coffee Break<\/a><\/h2>\r\n                                                          <\/div>\r\n                                                            <div class=\"post-body\">\r\n                                                                <div class=\"post-excerpt\">\r\n                                                                    <strong>Ubicaci\u00f3n:<\/strong> EdTech Park\r\n                                                                <\/div>\r\n                                                            <\/div>\r\n                                                          <div class=\"post-footer\">\r\n                                                              <span class=\"post-readmore\"><i class=\"fa fa-microphone\"><\/i> <strong><\/strong> \/ &nbsp;&nbsp;<\/span>\r\n                                                          <\/div>\r\n                                                      <\/div>                                                      \r\n                                                  <\/div>\r\n                                              <\/article>\r\n                                              <article class=\"post-wrap\" data-animation=\"fadeInUp\" data-animation-delay=\"300\">\r\n                                                  <div class=\"media\"><div class=\"media-body\">\r\n                                                          <div class=\"post-header\">\r\n                                                              <div class=\"post-meta\"><span class=\"post-date\"><i class=\"fa fa-clock-o\"><\/i> 11:00 - 12:00h UTC-06<\/span><\/div>\r\n                                                              <h2 class=\"post-title\"><a href=\"https:\/\/ciie.itesm.mx\/es\/schedule\/demo-day-ife-launch-part-1\/\">Demo Day: IFE Launch Part 1 (Ingl\u00e9s)<\/a><\/h2>\r\n                                                          <\/div>\r\n                                                            <div class=\"post-body\">\r\n                                                                <div class=\"post-excerpt\">\r\n                                                                    <p><strong>Startups IFE Launch<\/strong><\/p>\r\n\r\n<p><strong>Ubicaci\u00f3n:<\/strong> Centro de Congresos, Sala 3<\/p>\r\n                                                                <\/div>\r\n                                                            <\/div>\r\n                                                          <div class=\"post-footer\">\r\n                                                              <span class=\"post-readmore\"><i class=\"fa fa-microphone\"><\/i> <strong><\/strong> \/ &nbsp;&nbsp;<\/span>\r\n                                                          <\/div>\r\n                                                      <\/div>                                                      \r\n                                                  <\/div>\r\n                                              <\/article>\r\n                                              <article class=\"post-wrap\" data-animation=\"fadeInUp\" data-animation-delay=\"300\">\r\n                                                  <div class=\"media\"><div class=\"media-body\">\r\n                                                          <div class=\"post-header\">\r\n                                                              <div class=\"post-meta\"><span class=\"post-date\"><i class=\"fa fa-clock-o\"><\/i> 12:00 - 12:15h UTC-06<\/span><\/div>\r\n                                                              <h2 class=\"post-title\"><a href=\"https:\/\/ciie.itesm.mx\/es\/schedule\/receso-8\/\">Receso<\/a><\/h2>\r\n                                                          <\/div>\r\n                                                            <div class=\"post-body\">\r\n                                                                <div class=\"post-excerpt\">\r\n                                                                    <strong>Ubicaci\u00f3n:<\/strong> Centro de Congresos, Sala 3\r\n                                                                <\/div>\r\n                                                            <\/div>\r\n                                                          <div class=\"post-footer\">\r\n                                                              <span class=\"post-readmore\"><i class=\"fa fa-microphone\"><\/i> <strong><\/strong> \/ &nbsp;&nbsp;<\/span>\r\n                                                          <\/div>\r\n                                                      <\/div>                                                      \r\n                                                  <\/div>\r\n                                              <\/article>\r\n                                              <article class=\"post-wrap\" data-animation=\"fadeInUp\" data-animation-delay=\"300\">\r\n                                                  <div class=\"media\"><div class=\"media-body\">\r\n                                                          <div class=\"post-header\">\r\n                                                              <div class=\"post-meta\"><span class=\"post-date\"><i class=\"fa fa-clock-o\"><\/i> 12:15 - 13:00h UTC-06<\/span><\/div>\r\n                                                              <h2 class=\"post-title\"><a href=\"https:\/\/ciie.itesm.mx\/es\/schedule\/demo-day-ife-launch-part-2\/\">Demo Day: IFE Launch Part 2 (Ingl\u00e9s)<\/a><\/h2>\r\n                                                          <\/div>\r\n                                                            <div class=\"post-body\">\r\n                                                                <div class=\"post-excerpt\">\r\n                                                                    <p><strong>Startups IFE Launch<\/strong><\/p>\r\n\r\n<p><strong>Ubicaci\u00f3n:<\/strong> Centro de Congresos, Sala 3<\/p>\r\n                                                                <\/div>\r\n                                                            <\/div>\r\n                                                          <div class=\"post-footer\">\r\n                                                              <span class=\"post-readmore\"><i class=\"fa fa-microphone\"><\/i> <strong><\/strong> \/ &nbsp;&nbsp;<\/span>\r\n                                                          <\/div>\r\n                                                      <\/div>                                                      \r\n                                                  <\/div>\r\n                                              <\/article>\r\n                                              <article class=\"post-wrap\" data-animation=\"fadeInUp\" data-animation-delay=\"300\">\r\n                                                  <div class=\"media\"><div class=\"media-body\">\r\n                                                          <div class=\"post-header\">\r\n                                                              <div class=\"post-meta\"><span class=\"post-date\"><i class=\"fa fa-clock-o\"><\/i> 13:00 - 13:15h UTC-06<\/span><\/div>\r\n                                                              <h2 class=\"post-title\"><a href=\"https:\/\/ciie.itesm.mx\/es\/schedule\/receso-9\/\">Receso<\/a><\/h2>\r\n                                                          <\/div>\r\n                                                            <div class=\"post-body\">\r\n                                                                <div class=\"post-excerpt\">\r\n                                                                    <strong>Ubicaci\u00f3n:<\/strong> EdTech Park\r\n                                                                <\/div>\r\n                                                            <\/div>\r\n                                                          <div class=\"post-footer\">\r\n                                                              <span class=\"post-readmore\"><i class=\"fa fa-microphone\"><\/i> <strong><\/strong> \/ &nbsp;&nbsp;<\/span>\r\n                                                          <\/div>\r\n                                                      <\/div>                                                      \r\n                                                  <\/div>\r\n                                              <\/article>\r\n                                              <article class=\"post-wrap\" data-animation=\"fadeInUp\" data-animation-delay=\"300\">\r\n                                                  <div class=\"media\"><div class=\"media-body\">\r\n                                                          <div class=\"post-header\">\r\n                                                              <div class=\"post-meta\"><span class=\"post-date\"><i class=\"fa fa-clock-o\"><\/i> 13:15 - 14:00h UTC-06<\/span><\/div>\r\n                                                              <h2 class=\"post-title\"><a href=\"https:\/\/ciie.itesm.mx\/es\/schedule\/panel-diversidad-equidad-e-inclusion-en-inversion-espanol\/\">Panel: Diversidad, Equidad e Inclusi\u00f3n en Inversi\u00f3n (Espa\u00f1ol)<\/a><\/h2>\r\n                                                          <\/div>\r\n                                                            <div class=\"post-body\">\r\n                                                                <div class=\"post-excerpt\">\r\n                                                                    <p><strong>Ren\u00e9e Rosillo<\/p>\r\n<p><\/strong>Co-Founder\r\n<br>@Founder Familia<\/p>\r\n\r\n<p><strong>Romina Koremblit<\/strong><\/p>\r\n<p>Vice President\r\n<br>@Intecorp Edtech Fund<\/p>\r\n\r\n<p><strong>Ubicaci\u00f3n:<\/strong> Centro de Congresos, Sala 3<\/p>\r\n                                                                <\/div>\r\n                                                            <\/div>\r\n                                                          <div class=\"post-footer\">\r\n                                                              <span class=\"post-readmore\"><i class=\"fa fa-microphone\"><\/i> <strong><\/strong> \/ &nbsp;&nbsp;<\/span>\r\n                                                          <\/div>\r\n                                                      <\/div>                                                      \r\n                                                  <\/div>\r\n                                              <\/article>\r\n                                              <article class=\"post-wrap\" data-animation=\"fadeInUp\" data-animation-delay=\"300\">\r\n                                                  <div class=\"media\"><div class=\"media-body\">\r\n                                                          <div class=\"post-header\">\r\n                                                              <div class=\"post-meta\"><span class=\"post-date\"><i class=\"fa fa-clock-o\"><\/i> 14:00 - 14:15h UTC-06<\/span><\/div>\r\n                                                              <h2 class=\"post-title\"><a href=\"https:\/\/ciie.itesm.mx\/es\/schedule\/receso-10\/\">Receso<\/a><\/h2>\r\n                                                          <\/div>\r\n                                                            <div class=\"post-body\">\r\n                                                                <div class=\"post-excerpt\">\r\n                                                                    <strong>Ubicaci\u00f3n:<\/strong> EdTech Park\r\n                                                                <\/div>\r\n                                                            <\/div>\r\n                                                          <div class=\"post-footer\">\r\n                                                              <span class=\"post-readmore\"><i class=\"fa fa-microphone\"><\/i> <strong><\/strong> \/ &nbsp;&nbsp;<\/span>\r\n                                                          <\/div>\r\n                                                      <\/div>                                                      \r\n                                                  <\/div>\r\n                                              <\/article>\r\n                                              <article class=\"post-wrap\" data-animation=\"fadeInUp\" data-animation-delay=\"300\">\r\n                                                  <div class=\"media\"><div class=\"media-body\">\r\n                                                          <div class=\"post-header\">\r\n                                                              <div class=\"post-meta\"><span class=\"post-date\"><i class=\"fa fa-clock-o\"><\/i> 14:15 - 15:15h UTC-06<\/span><\/div>\r\n                                                              <h2 class=\"post-title\"><a href=\"https:\/\/ciie.itesm.mx\/es\/schedule\/comida-8\/\">Comida<\/a><\/h2>\r\n                                                          <\/div>\r\n                                                            <div class=\"post-body\">\r\n                                                                <div class=\"post-excerpt\">\r\n                                                                    <strong>Ubicaci\u00f3n:<\/strong> Centro de Congresos\r\n                                                                <\/div>\r\n                                                            <\/div>\r\n                                                          <div class=\"post-footer\">\r\n                                                              <span class=\"post-readmore\"><i class=\"fa fa-microphone\"><\/i> <strong><\/strong> \/ &nbsp;&nbsp;<\/span>\r\n                                                          <\/div>\r\n                                                      <\/div>                                                      \r\n                                                  <\/div>\r\n                                              <\/article>\r\n                                              <article class=\"post-wrap\" data-animation=\"fadeInUp\" data-animation-delay=\"300\">\r\n                                                  <div class=\"media\"><div class=\"media-body\">\r\n                                                          <div class=\"post-header\">\r\n                                                              <div class=\"post-meta\"><span class=\"post-date\"><i class=\"fa fa-clock-o\"><\/i> 15:15 - 16:00h UTC-06<\/span><\/div>\r\n                                                              <h2 class=\"post-title\"><a href=\"https:\/\/ciie.itesm.mx\/es\/schedule\/panel-emprendiendo-el-futuro-educativo\/\">Panel: Emprendiendo el Futuro Educativo: Desaf\u00edos y Oportunidades en la B\u00fasqueda de Fondos Europeos (Espa\u00f1ol)<\/a><\/h2>\r\n                                                          <\/div>\r\n                                                            <div class=\"post-body\">\r\n                                                                <div class=\"post-excerpt\">\r\n                                                                    <p><strong>Miguel Montoya<\/strong><\/p>\r\n<p>Director @Innovation Hub Europe<\/p>\r\n<p><strong>Federico Malpica<\/strong><\/p>\r\n<p>Fundador y Director @Sinapsia Group Finland<\/p>\r\n<p><strong>Jes\u00fas Collado Agudo<\/strong><\/p>\r\n<p>Decano de la Facultad de Ciencias Econ\u00f3micas y Empresariales @Universidad de Cantabria<\/p>\r\n<p><strong>Sascha F\u00fcrst<\/strong><\/p>\r\n<p>Profesor Investigador del Departamento de Emprendimiento e Innovaci\u00f3n Tecnol\u00f3gica @EGADE Business School<\/p>\r\n<p><strong>Ubicaci\u00f3n:<\/strong> Centro de Congresos, Sala 3<\/p>\r\n                                                                <\/div>\r\n                                                            <\/div>\r\n                                                          <div class=\"post-footer\">\r\n                                                              <span class=\"post-readmore\"><i class=\"fa fa-microphone\"><\/i> <strong><\/strong> \/ &nbsp;&nbsp;<\/span>\r\n                                                          <\/div>\r\n                                                      <\/div>                                                      \r\n                                                  <\/div>\r\n                                              <\/article>\r\n                                              <article class=\"post-wrap\" data-animation=\"fadeInUp\" data-animation-delay=\"300\">\r\n                                                  <div class=\"media\"><div class=\"media-body\">\r\n                                                          <div class=\"post-header\">\r\n                                                              <div class=\"post-meta\"><span class=\"post-date\"><i class=\"fa fa-clock-o\"><\/i> 16:00 - 16:45h UTC-06<\/span><\/div>\r\n                                                              <h2 class=\"post-title\"><a href=\"https:\/\/ciie.itesm.mx\/es\/schedule\/panel-de-clausura-emprendimiento-edtech-en-accion\/\">Panel de Clausura: Emprendimiento EdTech en Acci\u00f3n: Impacto y Logros del IFE (Espa\u00f1ol)<\/a><\/h2>\r\n                                                          <\/div>\r\n                                                            <div class=\"post-body\">\r\n                                                                <div class=\"post-excerpt\">\r\n                                                                    <p><strong>Sara Segundo<\/strong><\/p>\r\n<p>Coordinadora TecPrize @IFE EdTech del Tecnol\u00f3gico de Monterrey<\/p>\r\n<p><strong>Esteban Veintimilla<\/strong><\/p>\r\n<p>Co-Founder and CEO @1Mentor Inc.<\/p>\r\n<p><strong>Marisol D\u00edaz Infante<\/strong><\/p>\r\n<p>Coordinadora de Emprendimiento EdTech @IFE EdTech del Tecnol\u00f3gico de Monterrey<\/p>\r\n<p><strong>Juan Pablo Courbis<\/strong><\/p>\r\n<p>Cofundador y CEO @Nimbi<\/p>\r\n<p><strong>Ubicaci\u00f3n:<\/strong> Centro de Congresos, Sala 3<\/p>\r\n                                                                <\/div>\r\n                                                            <\/div>\r\n                                                          <div class=\"post-footer\">\r\n                                                              <span class=\"post-readmore\"><i class=\"fa fa-microphone\"><\/i> <strong><\/strong> \/ &nbsp;&nbsp;<\/span>\r\n                                                          <\/div>\r\n                                                      <\/div>                                                      \r\n                                                  <\/div>\r\n                                              <\/article><\/div><\/div><\/div><\/div><\/div><\/div>[\/vc_column][\/vc_row][vc_row full_width=&#8221;stretch_row_content_no_spaces&#8221; content_placement=&#8221;bottom&#8221; container=&#8221;0&#8243;][vc_column css=&#8221;.vc_custom_1670627421518{margin-bottom: -200px !important;}&#8221;][vc_empty_space height=&#8221;200px&#8221;][vc_single_image image=&#8221;11382&#8243; img_size=&#8221;full&#8221; el_class=&#8221;lp-footer&#8221;][\/vc_column][\/vc_row]<\/p>\n<\/div>","protected":false},"excerpt":{"rendered":"<p>[vc_row full_width=&#8221;stretch_row_content_no_spaces&#8221; container=&#8221;0&#8243;][vc_column][vc_empty_space height=&#8221;100px&#8221;][vc_single_image image=&#8221;11381&#8243; img_size=&#8221;full&#8221;][\/vc_column][\/vc_row][vc_row css=&#8221;.vc_custom_1670705499271{margin-top: 70px !important;}&#8221;][vc_column][vc_column_text] \u00bfQu\u00e9 es el IFE EdTech Summit? Es el primer evento organizado por el Institute for the Future of Education del Tecnol\u00f3gico de Monterrey con la colaboraci\u00f3n de Edlatam Alliance para todo el ecosistema<\/p>\n","protected":false},"author":1,"featured_media":0,"parent":0,"menu_order":0,"comment_status":"closed","ping_status":"closed","template":"home_template.php","meta":{"footnotes":""},"class_list":["post-11372","page","type-page","status-publish","hentry"],"yoast_head":"<!-- This site is optimized with the Yoast SEO plugin v27.5 - https:\/\/yoast.com\/product\/yoast-seo-wordpress\/ -->\n<title>IFE EdTech - IFE Conferece<\/title>\n<meta name=\"description\" content=\"IFE Conference, antes CIIE, del 28 al 30 de enero de 2025 en el Tecnol\u00f3gico de Monterrey, en Monterrey, M\u00e9xico\" \/>\n<meta name=\"robots\" content=\"index, follow, max-snippet:-1, max-image-preview:large, max-video-preview:-1\" \/>\n<link rel=\"canonical\" href=\"https:\/\/ciie.itesm.mx\/en\/ife-edtech\/\" \/>\n<meta property=\"og:locale\" content=\"es_ES\" \/>\n<meta property=\"og:type\" content=\"article\" \/>\n<meta property=\"og:title\" content=\"IFE EdTech - IFE Conferece\" \/>\n<meta property=\"og:description\" content=\"IFE Conference, antes CIIE, del 28 al 30 de enero de 2025 en el Tecnol\u00f3gico de Monterrey, en Monterrey, M\u00e9xico\" \/>\n<meta property=\"og:url\" content=\"https:\/\/ciie.itesm.mx\/en\/ife-edtech\/\" \/>\n<meta property=\"og:site_name\" content=\"IFE Conferece\" \/>\n<meta property=\"article:modified_time\" content=\"2022-12-27T16:42:04+00:00\" \/>\n<meta property=\"og:image\" content=\"https:\/\/ciie.itesm.mx\/wp-content\/uploads\/2023\/05\/ife-conference-social.png\" \/>\n\t<meta property=\"og:image:width\" content=\"480\" \/>\n\t<meta property=\"og:image:height\" content=\"480\" \/>\n\t<meta property=\"og:image:type\" content=\"image\/png\" \/>\n<meta name=\"twitter:card\" content=\"summary_large_image\" \/>\n<meta name=\"twitter:label1\" content=\"Tiempo de lectura\" \/>\n\t<meta name=\"twitter:data1\" content=\"1 minuto\" \/>\n<script type=\"application\/ld+json\" class=\"yoast-schema-graph\">{\"@context\":\"https:\\\/\\\/schema.org\",\"@graph\":[{\"@type\":\"WebPage\",\"@id\":\"https:\\\/\\\/ciie.itesm.mx\\\/en\\\/ife-edtech\\\/\",\"url\":\"https:\\\/\\\/ciie.itesm.mx\\\/en\\\/ife-edtech\\\/\",\"name\":\"IFE EdTech - IFE Conferece\",\"isPartOf\":{\"@id\":\"https:\\\/\\\/ciie.itesm.mx\\\/en\\\/#website\"},\"datePublished\":\"2022-12-10T17:28:39+00:00\",\"dateModified\":\"2022-12-27T16:42:04+00:00\",\"description\":\"IFE Conference, antes CIIE, del 28 al 30 de enero de 2025 en el Tecnol\u00f3gico de Monterrey, en Monterrey, M\u00e9xico\",\"breadcrumb\":{\"@id\":\"https:\\\/\\\/ciie.itesm.mx\\\/en\\\/ife-edtech\\\/#breadcrumb\"},\"inLanguage\":\"es\",\"potentialAction\":[{\"@type\":\"ReadAction\",\"target\":[\"https:\\\/\\\/ciie.itesm.mx\\\/en\\\/ife-edtech\\\/\"]}]},{\"@type\":\"BreadcrumbList\",\"@id\":\"https:\\\/\\\/ciie.itesm.mx\\\/en\\\/ife-edtech\\\/#breadcrumb\",\"itemListElement\":[{\"@type\":\"ListItem\",\"position\":1,\"name\":\"Portada\",\"item\":\"https:\\\/\\\/ciie.itesm.mx\\\/es\\\/\"},{\"@type\":\"ListItem\",\"position\":2,\"name\":\"IFE EdTech\"}]},{\"@type\":\"WebSite\",\"@id\":\"https:\\\/\\\/ciie.itesm.mx\\\/en\\\/#website\",\"url\":\"https:\\\/\\\/ciie.itesm.mx\\\/en\\\/\",\"name\":\"IFE Conference\",\"description\":\"IFE Conference, antes CIIE, del 28 al 30 de enero de 2025 en el Tecnol\u00f3gico de Monterrey, en Monterrey, M\u00e9xico\",\"potentialAction\":[{\"@type\":\"SearchAction\",\"target\":{\"@type\":\"EntryPoint\",\"urlTemplate\":\"https:\\\/\\\/ciie.itesm.mx\\\/en\\\/?s={search_term_string}\"},\"query-input\":{\"@type\":\"PropertyValueSpecification\",\"valueRequired\":true,\"valueName\":\"search_term_string\"}}],\"inLanguage\":\"es\"}]}<\/script>\n<!-- \/ Yoast SEO plugin. -->","yoast_head_json":{"title":"IFE EdTech - IFE Conferece","description":"IFE Conference, antes CIIE, del 28 al 30 de enero de 2025 en el Tecnol\u00f3gico de Monterrey, en Monterrey, M\u00e9xico","robots":{"index":"index","follow":"follow","max-snippet":"max-snippet:-1","max-image-preview":"max-image-preview:large","max-video-preview":"max-video-preview:-1"},"canonical":"https:\/\/ciie.itesm.mx\/en\/ife-edtech\/","og_locale":"es_ES","og_type":"article","og_title":"IFE EdTech - IFE Conferece","og_description":"IFE Conference, antes CIIE, del 28 al 30 de enero de 2025 en el Tecnol\u00f3gico de Monterrey, en Monterrey, M\u00e9xico","og_url":"https:\/\/ciie.itesm.mx\/en\/ife-edtech\/","og_site_name":"IFE Conferece","article_modified_time":"2022-12-27T16:42:04+00:00","og_image":[{"width":480,"height":480,"url":"https:\/\/ciie.itesm.mx\/wp-content\/uploads\/2023\/05\/ife-conference-social.png","type":"image\/png"}],"twitter_card":"summary_large_image","twitter_misc":{"Tiempo de lectura":"1 minuto"},"schema":{"@context":"https:\/\/schema.org","@graph":[{"@type":"WebPage","@id":"https:\/\/ciie.itesm.mx\/en\/ife-edtech\/","url":"https:\/\/ciie.itesm.mx\/en\/ife-edtech\/","name":"IFE EdTech - IFE Conferece","isPartOf":{"@id":"https:\/\/ciie.itesm.mx\/en\/#website"},"datePublished":"2022-12-10T17:28:39+00:00","dateModified":"2022-12-27T16:42:04+00:00","description":"IFE Conference, antes CIIE, del 28 al 30 de enero de 2025 en el Tecnol\u00f3gico de Monterrey, en Monterrey, M\u00e9xico","breadcrumb":{"@id":"https:\/\/ciie.itesm.mx\/en\/ife-edtech\/#breadcrumb"},"inLanguage":"es","potentialAction":[{"@type":"ReadAction","target":["https:\/\/ciie.itesm.mx\/en\/ife-edtech\/"]}]},{"@type":"BreadcrumbList","@id":"https:\/\/ciie.itesm.mx\/en\/ife-edtech\/#breadcrumb","itemListElement":[{"@type":"ListItem","position":1,"name":"Portada","item":"https:\/\/ciie.itesm.mx\/es\/"},{"@type":"ListItem","position":2,"name":"IFE EdTech"}]},{"@type":"WebSite","@id":"https:\/\/ciie.itesm.mx\/en\/#website","url":"https:\/\/ciie.itesm.mx\/en\/","name":"IFE Conference","description":"IFE Conference, antes CIIE, del 28 al 30 de enero de 2025 en el Tecnol\u00f3gico de Monterrey, en Monterrey, M\u00e9xico","potentialAction":[{"@type":"SearchAction","target":{"@type":"EntryPoint","urlTemplate":"https:\/\/ciie.itesm.mx\/en\/?s={search_term_string}"},"query-input":{"@type":"PropertyValueSpecification","valueRequired":true,"valueName":"search_term_string"}}],"inLanguage":"es"}]}},"_links":{"self":[{"href":"https:\/\/ciie.itesm.mx\/es\/wp-json\/wp\/v2\/pages\/11372","targetHints":{"allow":["GET"]}}],"collection":[{"href":"https:\/\/ciie.itesm.mx\/es\/wp-json\/wp\/v2\/pages"}],"about":[{"href":"https:\/\/ciie.itesm.mx\/es\/wp-json\/wp\/v2\/types\/page"}],"author":[{"embeddable":true,"href":"https:\/\/ciie.itesm.mx\/es\/wp-json\/wp\/v2\/users\/1"}],"replies":[{"embeddable":true,"href":"https:\/\/ciie.itesm.mx\/es\/wp-json\/wp\/v2\/comments?post=11372"}],"version-history":[{"count":78,"href":"https:\/\/ciie.itesm.mx\/es\/wp-json\/wp\/v2\/pages\/11372\/revisions"}],"predecessor-version":[{"id":11782,"href":"https:\/\/ciie.itesm.mx\/es\/wp-json\/wp\/v2\/pages\/11372\/revisions\/11782"}],"wp:attachment":[{"href":"https:\/\/ciie.itesm.mx\/es\/wp-json\/wp\/v2\/media?parent=11372"}],"curies":[{"name":"wp","href":"https:\/\/api.w.org\/{rel}","templated":true}]}}