{"id":14128,"date":"2023-10-23T22:45:58","date_gmt":"2023-10-23T22:45:58","guid":{"rendered":"https:\/\/ciie.itesm.mx\/es\/?page_id=14128"},"modified":"2024-02-20T17:57:08","modified_gmt":"2024-02-20T17:57:08","slug":"precios-3-2-2-4-2-3-5-2","status":"publish","type":"page","link":"https:\/\/ciie.itesm.mx\/es\/ai-in-education-summit-2\/","title":{"rendered":"AI in Education Summit"},"content":{"rendered":"<div class=\"wpb-content-wrapper\"><p>[vc_row full_width=&#8221;stretch_row_content_no_spaces&#8221; container=&#8221;0&#8243;][vc_column][vc_empty_space height=&#8221;90px&#8221;][vc_single_image image=&#8221;15588&#8243; img_size=&#8221;full&#8221; css=&#8221;.vc_custom_1708451676087{margin-bottom: 0px !important;}&#8221;][\/vc_column][\/vc_row][vc_row full_width=&#8221;stretch_row_content_no_spaces&#8221; section_id=&#8221;cesion-derechos&#8221; css=&#8221;.vc_custom_1702664383090{padding-top: 70px !important;}&#8221;][vc_column][vc_column_text]En IFE Conference 2024, antes conocido como CIIE, Congreso Internacional de Innovaci\u00f3n Educativa, tendr\u00e1 lugar la Cumbre de Inteligencia Artificial en la Educaci\u00f3n.<\/p>\n<p style=\"text-align: center;\"><strong>IFE Conference 2024 se llevar\u00e1 a cabo del 23 al 25 de enero de 2024, en el Tecnol\u00f3gico de Monterrey, Monterrey, M\u00e9xico.<\/strong><\/p>\n<p>Esta cumbre est\u00e1 organizada por el Instituto para el Futuro de la Educaci\u00f3n en colaboraci\u00f3n con la Vicerrector\u00eda de Innovaci\u00f3n Educativa y Regulaci\u00f3n Acad\u00e9mica, la Vicepresidencia de Transformaci\u00f3n Digital y la Universidad de Southern New Hampshire.[\/vc_column_text][\/vc_column][\/vc_row][vc_row full_width=&#8221;stretch_row_content_no_spaces&#8221; content_placement=&#8221;bottom&#8221; section_id=&#8221;permiso-reproduccion&#8221; css=&#8221;.vc_custom_1685111514240{background-color: #e3e9ff !important;}&#8221;][vc_column][vc_row_inner css=&#8221;.vc_custom_1685112390363{padding-top: 70px !important;padding-bottom: 70px !important;}&#8221;][vc_column_inner width=&#8221;1\/2&#8243;][vc_column_text css=&#8221;.vc_custom_1698187481778{margin-right: 100px !important;}&#8221;]<strong style=\"color: #4643c9;\">Objetivo:<\/strong> Facilitar discusiones interdisciplinarias sobre el papel de la inteligencia artificial en la formaci\u00f3n del futuro de la educaci\u00f3n y el aprendizaje a lo largo de la vida, e identificar estrategias y experiencias para una integraci\u00f3n efectiva de la inteligencia artificial en las pr\u00e1cticas educativas.[\/vc_column_text][\/vc_column_inner][vc_column_inner width=&#8221;1\/2&#8243;][vc_single_image image=&#8221;14122&#8243; img_size=&#8221;300&#215;200&#8243; alignment=&#8221;center&#8221;][\/vc_column_inner][\/vc_row_inner][\/vc_column][\/vc_row][vc_row][vc_column][vc_column_text]<\/p>\n<h3 style=\"text-align: center;\"><strong style=\"color: #4643c9;\">Tres d\u00edas de conferencias y paneles magistrales y talleres centrados en tres temas altamente relevantes de inteligencia artificial para universidades.<\/strong><\/h3>\n<p>[\/vc_column_text][\/vc_column][\/vc_row][vc_section][vc_row gap=&#8221;1&#8243; equal_height=&#8221;yes&#8221; content_placement=&#8221;top&#8221; el_class=&#8221;founders&#8221;][vc_column width=&#8221;1\/3&#8243; css=&#8221;.vc_custom_1698246337415{background-color: #e3e9ff !important;}&#8221; el_class=&#8221;cuadro-ia&#8221;][vc_column_text css=&#8221;.vc_custom_1698247954598{background-color: #e3e9ff !important;}&#8221;]<\/p>\n<div>\n<p><strong style=\"color: #4643c9;\">Uso de la IA para mejorar el proceso de ense\u00f1anza-aprendizaje<\/strong><\/p>\n<p>La IA est\u00e1 revolucionando la educaci\u00f3n, mejorando la motivaci\u00f3n de los estudiantes y ayudando a los profesores en la preparaci\u00f3n de recursos. Las universidades discuten el papel de la IA en la automatizaci\u00f3n de evaluaciones, la personalizaci\u00f3n de experiencias de aprendizaje, la detecci\u00f3n de estudiantes en riesgo y la mejora del bienestar. Adem\u00e1s, la IA examina comportamientos utilizando diversas se\u00f1ales y ayuda a identificar y cerrar brechas de habilidades, preparando a los estudiantes para las demandas laborales del futuro.<br \/>\n<a href=\"https:\/\/ciie.itesm.mx\/wp-content\/uploads\/2023\/10\/bar-01-1.webp\"><img loading=\"lazy\" decoding=\"async\" class=\"alignright wp-image-14161\" style=\"margin-right: -15px !important; margin-top: 25px !important;\" src=\"https:\/\/ciie.itesm.mx\/wp-content\/uploads\/2023\/10\/bar-01-1.webp\" alt=\"\" width=\"60\" height=\"60\" srcset=\"https:\/\/ciie.itesm.mx\/wp-content\/uploads\/2023\/10\/bar-01-1.webp 124w, https:\/\/ciie.itesm.mx\/wp-content\/uploads\/2023\/10\/bar-01-1-100x100.webp 100w\" sizes=\"auto, (max-width: 60px) 100vw, 60px\" \/><\/a><\/p>\n<\/div>\n<p>[\/vc_column_text][\/vc_column][vc_column width=&#8221;1\/3&#8243; css=&#8221;.vc_custom_1698246370842{background-color: #e3e9ff !important;}&#8221; el_class=&#8221;cuadro-ia&#8221;][vc_column_text]<\/p>\n<div>\n<p><strong style=\"color: #4643c9;\">Equidad, inclusi\u00f3n, \u00e9tica y privacidad.<\/strong><\/p>\n<p>La IA ha generado discusiones sobre \u00e9tica, especialmente cuando surgen sesgos a partir de datos hist\u00f3ricos utilizados en el entrenamiento. En el delicado \u00e1mbito de la educaci\u00f3n, las preocupaciones giran en torno a mantener la integridad acad\u00e9mica, promover la equidad para todos los estudiantes independientemente de sus antecedentes, prevenir la exclusi\u00f3n y el sesgo algor\u00edtmico, y salvaguardar la privacidad de los datos. Adem\u00e1s, la IA ofrece el potencial de ampliar el acceso a la educaci\u00f3n y proporcionar flexibilidad, como mejorar los cursos en l\u00ednea y permitir el aprendizaje las 24 horas del d\u00eda a trav\u00e9s de asistentes virtuales.<\/p>\n<p><a href=\"https:\/\/ciie.itesm.mx\/wp-content\/uploads\/2023\/10\/bar-02.webp\"><img loading=\"lazy\" decoding=\"async\" class=\"alignright wp-image-14162\" style=\"margin-right: -15px !important; margin-top: -40px !important;\" src=\"https:\/\/ciie.itesm.mx\/wp-content\/uploads\/2023\/10\/bar-02.webp\" alt=\"\" width=\"60\" height=\"60\" srcset=\"https:\/\/ciie.itesm.mx\/wp-content\/uploads\/2023\/10\/bar-02.webp 124w, https:\/\/ciie.itesm.mx\/wp-content\/uploads\/2023\/10\/bar-02-100x100.webp 100w\" sizes=\"auto, (max-width: 60px) 100vw, 60px\" \/><\/a><\/p>\n<\/div>\n<p>[\/vc_column_text][\/vc_column][vc_column width=&#8221;1\/3&#8243; css=&#8221;.vc_custom_1698246375263{background-color: #e3e9ff !important;}&#8221; el_class=&#8221;cuadro-ia&#8221;][vc_column_text]<\/p>\n<div>\n<p><strong style=\"color: #4643c9;\">Inteligencia Artificial para la disrupci\u00f3n en la educaci\u00f3n. <\/strong><\/p>\n<p>La IA est\u00e1 transformando tanto los entornos digitales como los f\u00edsicos, afectando las experiencias laborales y de consumo, y provocando cambios en las metodolog\u00edas educativas. Las discusiones se centran en el impacto de la IA en los modelos universitarios, la relaci\u00f3n simbi\u00f3tica entre la educaci\u00f3n y el perfeccionamiento de la IA, y los posibles riesgos involucrados. La IA tambi\u00e9n ofrece eficiencias administrativas, pero requiere infraestructura operativa y pol\u00edticas de datos s\u00f3lidas para garantizar una implementaci\u00f3n efectiva y segura.<\/p>\n<p><a href=\"https:\/\/ciie.itesm.mx\/wp-content\/uploads\/2023\/10\/bar-03.webp\"><img loading=\"lazy\" decoding=\"async\" class=\"alignright wp-image-14163\" style=\"margin-right: -15px !important; margin-top: 5px !important;\" src=\"https:\/\/ciie.itesm.mx\/wp-content\/uploads\/2023\/10\/bar-03.webp\" alt=\"\" width=\"60\" height=\"60\" srcset=\"https:\/\/ciie.itesm.mx\/wp-content\/uploads\/2023\/10\/bar-03.webp 124w, https:\/\/ciie.itesm.mx\/wp-content\/uploads\/2023\/10\/bar-03-100x100.webp 100w\" sizes=\"auto, (max-width: 60px) 100vw, 60px\" \/><\/a><\/p>\n<\/div>\n<p>[\/vc_column_text][\/vc_column][\/vc_row][vc_row][vc_column][vc_empty_space][\/vc_column][\/vc_row][vc_row full_width=&#8221;stretch_row_content_no_spaces&#8221; section_id=&#8221;cesion-derechos&#8221; css=&#8221;.vc_custom_1702664359554{padding-bottom: 70px !important;}&#8221;][vc_column]<div class=\"schedule-wrapper clear \" data-animation=\"fadeIn\" data-animation-delay=\"200\"><div class=\"schedule-tabs lv1\">\r\n                        <ul id=\"tabs-lv1\"  class=\"nav nav-justified\"><li class=\"active\"><a href=\"#tab-dia-1-summit\" data-toggle=\"tab\"><strong>D\u00eda 1<\/strong> <br\/>23.01.24<\/a><\/li><li ><a href=\"#tab-dia-2-summit\" data-toggle=\"tab\"><strong>D\u00eda 2<\/strong> <br\/>24.01.24<\/a><\/li><li ><a href=\"#tab-dia-3-summit\" data-toggle=\"tab\"><strong>D\u00eda 3<\/strong> <br\/>25.01.24<\/a><\/li><\/ul><\/div><div class=\"tab-content lv1\"><div id=\"tab-dia-1-summit\" class=\"tab-pane fade in active\"><div class=\"schedule-tabs lv2\">\r\n                                  <ul id=\"tabs-lv20\"  class=\"nav nav-justified\"><li class=\"active\"><a href=\"#tab-lv2-programa-1-summit\" data-toggle=\"tab\">Programa<\/a><\/li><\/ul><\/div><div class=\"tab-content lv2\"><div id=\"tab-lv2-programa-1-summit\" class=\"tab-pane fade in active\">\r\n                                    <div class=\"timeline\">\r\n                                              <article class=\"post-wrap\" data-animation=\"fadeInUp\" data-animation-delay=\"300\">\r\n                                                  <div class=\"media\"><div class=\"media-body\">\r\n                                                          <div class=\"post-header\">\r\n                                                              <div class=\"post-meta\"><span class=\"post-date\"><i class=\"fa fa-clock-o\"><\/i> 12:15 - 12:45h UTC-06<\/span><\/div>\r\n                                                              <h2 class=\"post-title\"><a href=\"https:\/\/ciie.itesm.mx\/es\/schedule\/conferencia-magistral-ai-in-education-summit-2\/\">Conferencia Magistral: Educaci\u00f3n para el Futuro de la Inteligencia Artificial: Preparando a los Estudiantes para un Mundo Transformado<\/a><\/h2>\r\n                                                          <\/div>\r\n                                                            <div class=\"post-body\">\r\n                                                                <div class=\"post-excerpt\">\r\n                                                                    <p style=\"font-weight: 400;\"><strong>Rose Luckin<\/strong><\/p>\r\n<p style=\"font-weight: 400;\">Professor of Learner Centred Design<\/p>\r\n<p><strong>Ubicaci\u00f3n:<\/strong> Arena Borregos<\/p>\r\n                                                                <\/div>\r\n                                                            <\/div>\r\n                                                          <div class=\"post-footer\">\r\n                                                              <span class=\"post-readmore\"><i class=\"fa fa-microphone\"><\/i> <strong><\/strong> \/ &nbsp;&nbsp;<\/span>\r\n                                                          <\/div>\r\n                                                      <\/div>                                                      \r\n                                                  <\/div>\r\n                                              <\/article>\r\n                                              <article class=\"post-wrap\" data-animation=\"fadeInUp\" data-animation-delay=\"300\">\r\n                                                  <div class=\"media\"><div class=\"media-body\">\r\n                                                          <div class=\"post-header\">\r\n                                                              <div class=\"post-meta\"><span class=\"post-date\"><i class=\"fa fa-clock-o\"><\/i> 15:00 - 15:30h UTC-06<\/span><\/div>\r\n                                                              <h2 class=\"post-title\"><a href=\"https:\/\/ciie.itesm.mx\/es\/schedule\/inauguracion-ai-in-education-summit-2\/\">Inauguraci\u00f3n AI in Education Summit<\/a><\/h2>\r\n                                                          <\/div>\r\n                                                            <div class=\"post-body\">\r\n                                                                <div class=\"post-excerpt\">\r\n                                                                    <p><strong>Paul LeBlanc<\/strong><\/p>\r\n<p>Presidente, Southern New Hampshire University (SNHU)<\/p>\r\n<p><strong>Michael Fung<\/strong><\/p>\r\n<p>Director Ejecutivo del Instituto para el Futuro de la Educaci\u00f3n\r\n<br>Tecnol\u00f3gico de Monterrey<\/p>\r\n<p><strong>Ubicaci\u00f3n: <\/strong>Sala Mayor<\/p>\r\n                                                                <\/div>\r\n                                                            <\/div>\r\n                                                          <div class=\"post-footer\">\r\n                                                              <span class=\"post-readmore\"><i class=\"fa fa-microphone\"><\/i> <strong><\/strong> \/ &nbsp;&nbsp;<\/span>\r\n                                                          <\/div>\r\n                                                      <\/div>                                                      \r\n                                                  <\/div>\r\n                                              <\/article>\r\n                                              <article class=\"post-wrap\" data-animation=\"fadeInUp\" data-animation-delay=\"300\">\r\n                                                  <div class=\"media\"><div class=\"media-body\">\r\n                                                          <div class=\"post-header\">\r\n                                                              <div class=\"post-meta\"><span class=\"post-date\"><i class=\"fa fa-clock-o\"><\/i> 15:30 - 16:00h UTC-06<\/span><\/div>\r\n                                                              <h2 class=\"post-title\"><a href=\"https:\/\/ciie.itesm.mx\/es\/schedule\/conferencia-featured-event-5\/\">Conferencia Featured Event: Inteligencia Artificial Generativa en la Educaci\u00f3n Superior: Una Perspectiva de 360\u00b0<\/a><\/h2>\r\n                                                          <\/div>\r\n                                                            <div class=\"post-body\">\r\n                                                                <div class=\"post-excerpt\">\r\n                                                                    <p><strong>Francisco Jos\u00e9 Garc\u00eda Pe\u00f1alvo<\/strong><\/p>\r\n<p>Universidad de Salamanca<\/p>\r\n<p><strong>Ubicaci\u00f3n: <\/strong>Sala Mayor<\/p>\r\n                                                                <\/div>\r\n                                                            <\/div>\r\n                                                          <div class=\"post-footer\">\r\n                                                              <span class=\"post-readmore\"><i class=\"fa fa-microphone\"><\/i> <strong><\/strong> \/ &nbsp;&nbsp;<\/span>\r\n                                                          <\/div>\r\n                                                      <\/div>                                                      \r\n                                                  <\/div>\r\n                                              <\/article>\r\n                                              <article class=\"post-wrap\" data-animation=\"fadeInUp\" data-animation-delay=\"300\">\r\n                                                  <div class=\"media\"><div class=\"media-body\">\r\n                                                          <div class=\"post-header\">\r\n                                                              <div class=\"post-meta\"><span class=\"post-date\"><i class=\"fa fa-clock-o\"><\/i> 16:15 - 17:00h UTC-06<\/span><\/div>\r\n                                                              <h2 class=\"post-title\"><a href=\"https:\/\/ciie.itesm.mx\/es\/schedule\/panel-featured-event-cuestiones-eticas-en-el-uso-de-la-ia-para-la-educacion\/\">Panel Featured Event: AI in Education: Insights to guide the Development of Ethical and Effective Policies in a Rapidly evolving field of AI in Education<\/a><\/h2>\r\n                                                          <\/div>\r\n                                                            <div class=\"post-body\">\r\n                                                                <div class=\"post-excerpt\">\r\n                                                                    <p><strong>Rose Luckin<\/strong><\/p>\r\n<p>Professor of Learner Centred Design UCL Knowledge Lab<\/p>\r\n<p><strong>Susana Irene D\u00edaz Rodr\u00edguez<\/strong><\/p>\r\n<p>Vicerrectora de Investigaci\u00f3n Universidad de Oviedo<\/p>\r\n<p><strong>Carlos Iv\u00e1n Moreno<\/strong><\/p>\r\n<p>Rector de UDG Virtual\r\n<br>UDG<\/p>\r\n<p><strong>Moderador:<\/strong><\/p><\/p>\r\n<p><strong>Luis Serra <\/strong><\/p><\/p>\r\n<p>Asociate Dean of Research, School of Social Sciences and Government\r\n<br>Tecnol\u00f3gico de Monterrey<\/p>\r\n<p><strong>Ubicaci\u00f3n: <\/strong>Sala Mayor Rector\u00eda<\/p>\r\n                                                                <\/div>\r\n                                                            <\/div>\r\n                                                          <div class=\"post-footer\">\r\n                                                              <span class=\"post-readmore\"><i class=\"fa fa-microphone\"><\/i> <strong><\/strong> \/ &nbsp;&nbsp;<\/span>\r\n                                                          <\/div>\r\n                                                      <\/div>                                                      \r\n                                                  <\/div>\r\n                                              <\/article>\r\n                                              <article class=\"post-wrap\" data-animation=\"fadeInUp\" data-animation-delay=\"300\">\r\n                                                  <div class=\"media\"><div class=\"media-body\">\r\n                                                          <div class=\"post-header\">\r\n                                                              <div class=\"post-meta\"><span class=\"post-date\"><i class=\"fa fa-clock-o\"><\/i> 18:00 - 19:00h UTC-06<\/span><\/div>\r\n                                                              <h2 class=\"post-title\"><a href=\"https:\/\/ciie.itesm.mx\/es\/schedule\/ponencias-de-convocatoria-del-ai-in-education-summit\/\">Presentaci\u00f3n del libro &#8220;What AI Can Do&#8221; Elvira Rinc\u00f3n y Presentaciones Internas<\/a><\/h2>\r\n                                                          <\/div>\r\n                                                            <div class=\"post-body\">\r\n                                                                <div class=\"post-excerpt\">\r\n                                                                    <p><strong>Diferentes expositores<\/strong><\/p>\r\n<p><strong>Ubicaci\u00f3n:\u00a0<\/strong>Aulas 6<\/p>\r\n<p>(Consulta la App del Congreso)<\/p>\r\n                                                                <\/div>\r\n                                                            <\/div>\r\n                                                          <div class=\"post-footer\">\r\n                                                              <span class=\"post-readmore\"><i class=\"fa fa-microphone\"><\/i> <strong><\/strong> \/ &nbsp;&nbsp;<\/span>\r\n                                                          <\/div>\r\n                                                      <\/div>                                                      \r\n                                                  <\/div>\r\n                                              <\/article><\/div><\/div><\/div><\/div><div id=\"tab-dia-2-summit\" class=\"tab-pane fade \"><div class=\"schedule-tabs lv2\">\r\n                                  <ul id=\"tabs-lv21\"  class=\"nav nav-justified\"><li class=\"active\"><a href=\"#tab-lv2-programa-2-summit\" data-toggle=\"tab\">Programa<\/a><\/li><\/ul><\/div><div class=\"tab-content lv2\"><div id=\"tab-lv2-programa-2-summit\" class=\"tab-pane fade in active\">\r\n                                    <div class=\"timeline\">\r\n                                              <article class=\"post-wrap\" data-animation=\"fadeInUp\" data-animation-delay=\"300\">\r\n                                                  <div class=\"media\"><div class=\"media-body\">\r\n                                                          <div class=\"post-header\">\r\n                                                              <div class=\"post-meta\"><span class=\"post-date\"><i class=\"fa fa-clock-o\"><\/i> 9:00 - 9:30h UTC-06<\/span><\/div>\r\n                                                              <h2 class=\"post-title\"><a href=\"https:\/\/ciie.itesm.mx\/es\/schedule\/conferencia-magistral-inteligencia-artificial-generativa-y-educacion\/\">Conferencia Magistral: Inteligencia Artificial Generativa y Educaci\u00f3n: Lo nuevo y lo que podemos hacer<\/a><\/h2>\r\n                                                          <\/div>\r\n                                                            <div class=\"post-body\">\r\n                                                                <div class=\"post-excerpt\">\r\n                                                                    <p><strong>Ryan S. Baker<\/strong><\/p>\r\n<p>Professor in the Graduate School of Education<\/p>\r\n<p><strong>Ubicaci\u00f3n: <\/strong>Arena Borregos<\/p>\r\n                                                                <\/div>\r\n                                                            <\/div>\r\n                                                          <div class=\"post-footer\">\r\n                                                              <span class=\"post-readmore\"><i class=\"fa fa-microphone\"><\/i> <strong><\/strong> \/ &nbsp;&nbsp;<\/span>\r\n                                                          <\/div>\r\n                                                      <\/div>                                                      \r\n                                                  <\/div>\r\n                                              <\/article>\r\n                                              <article class=\"post-wrap\" data-animation=\"fadeInUp\" data-animation-delay=\"300\">\r\n                                                  <div class=\"media\"><div class=\"media-body\">\r\n                                                          <div class=\"post-header\">\r\n                                                              <div class=\"post-meta\"><span class=\"post-date\"><i class=\"fa fa-clock-o\"><\/i> 12:15 - 12:45h UTC-06<\/span><\/div>\r\n                                                              <h2 class=\"post-title\"><a href=\"https:\/\/ciie.itesm.mx\/es\/schedule\/conferencia-featured-event-disrupcion-de-la-inteligencia-artificial-generativa\/\">Conferencia Featured Event: Disrupci\u00f3n de la Inteligencia Artificial Generativa en la Educaci\u00f3n Universitaria Tradicional<\/a><\/h2>\r\n                                                          <\/div>\r\n                                                            <div class=\"post-body\">\r\n                                                                <div class=\"post-excerpt\">\r\n                                                                    <p><strong>Jordi Torras<\/strong><\/p>\r\n<p>CEO Torras AI<\/p>\r\n<p><strong>Ubicaci\u00f3n: <\/strong>Sala Mayor<\/p>\r\n                                                                <\/div>\r\n                                                            <\/div>\r\n                                                          <div class=\"post-footer\">\r\n                                                              <span class=\"post-readmore\"><i class=\"fa fa-microphone\"><\/i> <strong><\/strong> \/ &nbsp;&nbsp;<\/span>\r\n                                                          <\/div>\r\n                                                      <\/div>                                                      \r\n                                                  <\/div>\r\n                                              <\/article>\r\n                                              <article class=\"post-wrap\" data-animation=\"fadeInUp\" data-animation-delay=\"300\">\r\n                                                  <div class=\"media\"><div class=\"media-body\">\r\n                                                          <div class=\"post-header\">\r\n                                                              <div class=\"post-meta\"><span class=\"post-date\"><i class=\"fa fa-clock-o\"><\/i> 13:00 - 13:45h UTC-06<\/span><\/div>\r\n                                                              <h2 class=\"post-title\"><a href=\"https:\/\/ciie.itesm.mx\/es\/schedule\/panel-featured-event-aprendizaje-de-proxima-generacion\/\">Panel Featured Event: Aprendizaje de pr\u00f3xima generaci\u00f3n: exploraci\u00f3n del impacto de los modelos de lenguaje generativo en la educaci\u00f3n<\/a><\/h2>\r\n                                                          <\/div>\r\n                                                            <div class=\"post-body\">\r\n                                                                <div class=\"post-excerpt\">\r\n                                                                    <p><strong>Jordi Torras<\/strong><\/p>\r\n<p>Fundador &amp; Chief Innovation Officer\r\n<br>Inbenta<\/p>\r\n<p><strong>Francisco Jos\u00e9 Garc\u00eda Pe\u00f1alvo<\/strong><\/p>\r\n<p>Catedr\u00e1tico de la Universidad del Departamento de Inform\u00e1tica y Autom\u00e1tica de la Universidad de\r\nSalamanca<\/p>\r\n<p><strong>Francisco Mayorga<\/strong><\/p>\r\n<p>Rector de la Universidad Privada Boliviana (UPB)<\/p>\r\n<p><strong>Ubicaci\u00f3n: <\/strong>Sala Mayor<\/p>\r\n                                                                <\/div>\r\n                                                            <\/div>\r\n                                                          <div class=\"post-footer\">\r\n                                                              <span class=\"post-readmore\"><i class=\"fa fa-microphone\"><\/i> <strong><\/strong> \/ &nbsp;&nbsp;<\/span>\r\n                                                          <\/div>\r\n                                                      <\/div>                                                      \r\n                                                  <\/div>\r\n                                              <\/article>\r\n                                              <article class=\"post-wrap\" data-animation=\"fadeInUp\" data-animation-delay=\"300\">\r\n                                                  <div class=\"media\"><div class=\"media-body\">\r\n                                                          <div class=\"post-header\">\r\n                                                              <div class=\"post-meta\"><span class=\"post-date\"><i class=\"fa fa-clock-o\"><\/i> 14:45 - 15:45h UTC-06<\/span><\/div>\r\n                                                              <h2 class=\"post-title\"><a href=\"https:\/\/ciie.itesm.mx\/es\/schedule\/skill-studio-create-your-own-ia-gen-skill-through-a-graphic-assistant\/\">Skill Studio: Create your own IA Gen Skill through a graphic assistant<\/a><\/h2>\r\n                                                          <\/div>\r\n                                                            <div class=\"post-body\">\r\n                                                                <div class=\"post-excerpt\">\r\n                                                                    <p><strong>Presentaci\u00f3n de la Vicepresidencia de Transfomaci\u00f3n Digital<\/strong><\/p>\r\n<p><strong>Ubicaci\u00f3n:\u00a0<\/strong>Auditorio Aulas 6 piso 4<\/p>\r\n                                                                <\/div>\r\n                                                            <\/div>\r\n                                                          <div class=\"post-footer\">\r\n                                                              <span class=\"post-readmore\"><i class=\"fa fa-microphone\"><\/i> <strong><\/strong> \/ &nbsp;&nbsp;<\/span>\r\n                                                          <\/div>\r\n                                                      <\/div>                                                      \r\n                                                  <\/div>\r\n                                              <\/article>\r\n                                              <article class=\"post-wrap\" data-animation=\"fadeInUp\" data-animation-delay=\"300\">\r\n                                                  <div class=\"media\"><div class=\"media-body\">\r\n                                                          <div class=\"post-header\">\r\n                                                              <div class=\"post-meta\"><span class=\"post-date\"><i class=\"fa fa-clock-o\"><\/i> 16:00 - 18:00h UTC-06<\/span><\/div>\r\n                                                              <h2 class=\"post-title\"><a href=\"https:\/\/ciie.itesm.mx\/es\/schedule\/taller-futurist-applications-of-ai-in-education\/\">Taller: Futurist Applications of AI in Education<\/a><\/h2>\r\n                                                          <\/div>\r\n                                                            <div class=\"post-body\">\r\n                                                                <div class=\"post-excerpt\">\r\n                                                                    <strong>Ubicaci\u00f3n: <\/strong>Centro de Congresos Sala 1\r\n                                                                <\/div>\r\n                                                            <\/div>\r\n                                                          <div class=\"post-footer\">\r\n                                                              <span class=\"post-readmore\"><i class=\"fa fa-microphone\"><\/i> <strong><\/strong> \/ &nbsp;&nbsp;<\/span>\r\n                                                          <\/div>\r\n                                                      <\/div>                                                      \r\n                                                  <\/div>\r\n                                              <\/article><\/div><\/div><\/div><\/div><div id=\"tab-dia-3-summit\" class=\"tab-pane fade \"><div class=\"schedule-tabs lv2\">\r\n                                  <ul id=\"tabs-lv22\"  class=\"nav nav-justified\"><li class=\"active\"><a href=\"#tab-lv2-programa-3-summit\" data-toggle=\"tab\">Programa<\/a><\/li><\/ul><\/div><div class=\"tab-content lv2\"><div id=\"tab-lv2-programa-3-summit\" class=\"tab-pane fade in active\">\r\n                                    <div class=\"timeline\">\r\n                                              <article class=\"post-wrap\" data-animation=\"fadeInUp\" data-animation-delay=\"300\">\r\n                                                  <div class=\"media\"><div class=\"media-body\">\r\n                                                          <div class=\"post-header\">\r\n                                                              <div class=\"post-meta\"><span class=\"post-date\"><i class=\"fa fa-clock-o\"><\/i> 11:45 - 12:15h UTC-06<\/span><\/div>\r\n                                                              <h2 class=\"post-title\"><a href=\"https:\/\/ciie.itesm.mx\/es\/schedule\/conferencia-magistral-hacia-una-evaluacion-novedosa-con-analisis-de-aprendizaje-para-la-era-de-la-ia\/\">Conferencia Magistral: Hacia una Evaluaci\u00f3n Novedosa con An\u00e1lisis de Aprendizaje para la Era de la IA<\/a><\/h2>\r\n                                                          <\/div>\r\n                                                            <div class=\"post-body\">\r\n                                                                <div class=\"post-excerpt\">\r\n                                                                    <p><strong>Dragan Ga\u0161evi\u0107<\/strong><\/p>\r\n<p>Professor of Learning Analytics in the Faculty of Information Technology<\/p>\r\n<p><strong>Ubicaci\u00f3n: <\/strong>Arena Borregos<\/p>\r\n                                                                <\/div>\r\n                                                            <\/div>\r\n                                                          <div class=\"post-footer\">\r\n                                                              <span class=\"post-readmore\"><i class=\"fa fa-microphone\"><\/i> <strong><\/strong> \/ &nbsp;&nbsp;<\/span>\r\n                                                          <\/div>\r\n                                                      <\/div>                                                      \r\n                                                  <\/div>\r\n                                              <\/article>\r\n                                              <article class=\"post-wrap\" data-animation=\"fadeInUp\" data-animation-delay=\"300\">\r\n                                                  <div class=\"media\"><div class=\"media-body\">\r\n                                                          <div class=\"post-header\">\r\n                                                              <div class=\"post-meta\"><span class=\"post-date\"><i class=\"fa fa-clock-o\"><\/i> 12:45 - 13:15h UTC-06<\/span><\/div>\r\n                                                              <h2 class=\"post-title\"><a href=\"https:\/\/ciie.itesm.mx\/es\/schedule\/conferencia-featured-event-learning-analytics-rebooted-ia-con-un-toque-humano\/\">Conferencia Featured Event: Learning Analytics Rebooted: IA con un toque humano<\/a><\/h2>\r\n                                                          <\/div>\r\n                                                            <div class=\"post-body\">\r\n                                                                <div class=\"post-excerpt\">\r\n                                                                    <p><strong>Roberto Martinez-Maldonado<\/strong><\/p>\r\n<p>Senior Lecturer of Learning Analytics and Human-Computer Interaction\r\n<br>in the Faculty of Information Technology\r\n<br>Monash University<\/p>\r\n<p><strong>Ubicaci\u00f3n: <\/strong>Sala Mayor<\/p>\r\n                                                                <\/div>\r\n                                                            <\/div>\r\n                                                          <div class=\"post-footer\">\r\n                                                              <span class=\"post-readmore\"><i class=\"fa fa-microphone\"><\/i> <strong><\/strong> \/ &nbsp;&nbsp;<\/span>\r\n                                                          <\/div>\r\n                                                      <\/div>                                                      \r\n                                                  <\/div>\r\n                                              <\/article>\r\n                                              <article class=\"post-wrap\" data-animation=\"fadeInUp\" data-animation-delay=\"300\">\r\n                                                  <div class=\"media\"><div class=\"media-body\">\r\n                                                          <div class=\"post-header\">\r\n                                                              <div class=\"post-meta\"><span class=\"post-date\"><i class=\"fa fa-clock-o\"><\/i> 13:30 - 14:30h UTC-06<\/span><\/div>\r\n                                                              <h2 class=\"post-title\"><a href=\"https:\/\/ciie.itesm.mx\/es\/schedule\/skill-studio-create-your-own-ia-gen-skill-through-a-graphic-assistant-vicepresidencia-de-transfomacion-digital\/\">Skill Studio: Create your own IA Gen Skill through a graphic assistant. Vicepresidencia de Transfomaci\u00f3n Digital<\/a><\/h2>\r\n                                                          <\/div>\r\n                                                            <div class=\"post-body\">\r\n                                                                <div class=\"post-excerpt\">\r\n                                                                    <p><strong>Presentaci\u00f3n de la Vicepresidencia de Transfomaci\u00f3n Digital<\/strong><\/p>\r\n<p><strong>Ubicaci\u00f3n: <\/strong>Auditorio Aulas 6 piso 4<\/p>\r\n                                                                <\/div>\r\n                                                            <\/div>\r\n                                                          <div class=\"post-footer\">\r\n                                                              <span class=\"post-readmore\"><i class=\"fa fa-microphone\"><\/i> <strong><\/strong> \/ &nbsp;&nbsp;<\/span>\r\n                                                          <\/div>\r\n                                                      <\/div>                                                      \r\n                                                  <\/div>\r\n                                              <\/article>\r\n                                              <article class=\"post-wrap\" data-animation=\"fadeInUp\" data-animation-delay=\"300\">\r\n                                                  <div class=\"media\"><div class=\"media-body\">\r\n                                                          <div class=\"post-header\">\r\n                                                              <div class=\"post-meta\"><span class=\"post-date\"><i class=\"fa fa-clock-o\"><\/i> 15:15 - 16:15h UTC-06<\/span><\/div>\r\n                                                              <h2 class=\"post-title\"><a href=\"https:\/\/ciie.itesm.mx\/es\/schedule\/compromisos-y-conclusiones-finales\/\">La IA y el futuro: perspectivas concluyentes y compromisos futuros<\/a><\/h2>\r\n                                                          <\/div>\r\n                                                            <div class=\"post-body\">\r\n                                                                <div class=\"post-excerpt\">\r\n                                                                    <strong>Ubicaci\u00f3n: <\/strong>Centro de Congresos Sala 1\r\n                                                                <\/div>\r\n                                                            <\/div>\r\n                                                          <div class=\"post-footer\">\r\n                                                              <span class=\"post-readmore\"><i class=\"fa fa-microphone\"><\/i> <strong><\/strong> \/ &nbsp;&nbsp;<\/span>\r\n                                                          <\/div>\r\n                                                      <\/div>                                                      \r\n                                                  <\/div>\r\n                                              <\/article><\/div><\/div><\/div><\/div><\/div><\/div>[\/vc_column][\/vc_row][\/vc_section][vc_row css=&#8221;.vc_custom_1683319869846{margin-bottom: -50px !important;background-color: #000000 !important;}&#8221;][vc_column][vc_row_inner css=&#8221;.vc_custom_1683319905509{margin-top: 40px !important;}&#8221;][vc_column_inner width=&#8221;1\/3&#8243;][vc_single_image image=&#8221;15108&#8243; img_size=&#8221;&#8221; alignment=&#8221;center&#8221;][\/vc_column_inner][vc_column_inner width=&#8221;1\/3&#8243;][vc_single_image image=&#8221;12482&#8243; img_size=&#8221;180&#215;54&#8243; alignment=&#8221;center&#8221;][\/vc_column_inner][vc_column_inner width=&#8221;1\/3&#8243;][vc_single_image image=&#8221;12481&#8243; img_size=&#8221;200&#215;51&#8243; alignment=&#8221;center&#8221;][\/vc_column_inner][\/vc_row_inner][\/vc_column][\/vc_row]<\/p>\n<\/div>","protected":false},"excerpt":{"rendered":"<p>[vc_row full_width=&#8221;stretch_row_content_no_spaces&#8221; container=&#8221;0&#8243;][vc_column][vc_empty_space height=&#8221;90px&#8221;][vc_single_image image=&#8221;15588&#8243; img_size=&#8221;full&#8221; css=&#8221;.vc_custom_1708451676087{margin-bottom: 0px !important;}&#8221;][\/vc_column][\/vc_row][vc_row full_width=&#8221;stretch_row_content_no_spaces&#8221; section_id=&#8221;cesion-derechos&#8221; css=&#8221;.vc_custom_1702664383090{padding-top: 70px !important;}&#8221;][vc_column][vc_column_text]En IFE Conference 2024, antes conocido como CIIE, Congreso Internacional de Innovaci\u00f3n Educativa, tendr\u00e1 lugar la Cumbre de Inteligencia Artificial en la Educaci\u00f3n. IFE Conference 2024 se llevar\u00e1 a<\/p>\n","protected":false},"author":1,"featured_media":0,"parent":0,"menu_order":0,"comment_status":"closed","ping_status":"closed","template":"home_template.php","meta":{"footnotes":""},"class_list":["post-14128","page","type-page","status-publish","hentry"],"yoast_head":"<!-- This site is optimized with the Yoast SEO plugin v27.5 - https:\/\/yoast.com\/product\/yoast-seo-wordpress\/ -->\n<title>AI in Education Summit - IFE Conferece<\/title>\n<meta name=\"description\" content=\"IFE Conference, antes CIIE, del 28 al 30 de enero de 2025 en el Tecnol\u00f3gico de Monterrey, en Monterrey, M\u00e9xico\" \/>\n<meta name=\"robots\" content=\"index, follow, max-snippet:-1, max-image-preview:large, max-video-preview:-1\" \/>\n<link rel=\"canonical\" href=\"https:\/\/ciie.itesm.mx\/es\/ai-in-education-summit-2\/\" \/>\n<meta property=\"og:locale\" content=\"es_ES\" \/>\n<meta property=\"og:type\" content=\"article\" \/>\n<meta property=\"og:title\" content=\"AI in Education Summit - IFE Conferece\" \/>\n<meta property=\"og:description\" content=\"IFE Conference, antes CIIE, del 28 al 30 de enero de 2025 en el Tecnol\u00f3gico de Monterrey, en Monterrey, M\u00e9xico\" \/>\n<meta property=\"og:url\" content=\"https:\/\/ciie.itesm.mx\/es\/ai-in-education-summit-2\/\" \/>\n<meta property=\"og:site_name\" content=\"IFE Conferece\" \/>\n<meta property=\"article:modified_time\" content=\"2024-02-20T17:57:08+00:00\" \/>\n<meta property=\"og:image\" content=\"https:\/\/ciie.itesm.mx\/wp-content\/uploads\/2023\/10\/bar-01-1.webp\" \/>\n<meta name=\"twitter:card\" content=\"summary_large_image\" \/>\n<meta name=\"twitter:label1\" content=\"Tiempo de lectura\" \/>\n\t<meta name=\"twitter:data1\" content=\"5 minutos\" \/>\n<script type=\"application\/ld+json\" class=\"yoast-schema-graph\">{\"@context\":\"https:\\\/\\\/schema.org\",\"@graph\":[{\"@type\":\"WebPage\",\"@id\":\"https:\\\/\\\/ciie.itesm.mx\\\/es\\\/ai-in-education-summit-2\\\/\",\"url\":\"https:\\\/\\\/ciie.itesm.mx\\\/es\\\/ai-in-education-summit-2\\\/\",\"name\":\"AI in Education Summit - IFE Conferece\",\"isPartOf\":{\"@id\":\"https:\\\/\\\/ciie.itesm.mx\\\/en\\\/#website\"},\"primaryImageOfPage\":{\"@id\":\"https:\\\/\\\/ciie.itesm.mx\\\/es\\\/ai-in-education-summit-2\\\/#primaryimage\"},\"image\":{\"@id\":\"https:\\\/\\\/ciie.itesm.mx\\\/es\\\/ai-in-education-summit-2\\\/#primaryimage\"},\"thumbnailUrl\":\"https:\\\/\\\/ciie.itesm.mx\\\/wp-content\\\/uploads\\\/2023\\\/10\\\/bar-01-1.webp\",\"datePublished\":\"2023-10-23T22:45:58+00:00\",\"dateModified\":\"2024-02-20T17:57:08+00:00\",\"description\":\"IFE Conference, antes CIIE, del 28 al 30 de enero de 2025 en el Tecnol\u00f3gico de Monterrey, en Monterrey, M\u00e9xico\",\"breadcrumb\":{\"@id\":\"https:\\\/\\\/ciie.itesm.mx\\\/es\\\/ai-in-education-summit-2\\\/#breadcrumb\"},\"inLanguage\":\"es\",\"potentialAction\":[{\"@type\":\"ReadAction\",\"target\":[\"https:\\\/\\\/ciie.itesm.mx\\\/es\\\/ai-in-education-summit-2\\\/\"]}]},{\"@type\":\"ImageObject\",\"inLanguage\":\"es\",\"@id\":\"https:\\\/\\\/ciie.itesm.mx\\\/es\\\/ai-in-education-summit-2\\\/#primaryimage\",\"url\":\"https:\\\/\\\/ciie.itesm.mx\\\/wp-content\\\/uploads\\\/2023\\\/10\\\/bar-01-1.webp\",\"contentUrl\":\"https:\\\/\\\/ciie.itesm.mx\\\/wp-content\\\/uploads\\\/2023\\\/10\\\/bar-01-1.webp\"},{\"@type\":\"BreadcrumbList\",\"@id\":\"https:\\\/\\\/ciie.itesm.mx\\\/es\\\/ai-in-education-summit-2\\\/#breadcrumb\",\"itemListElement\":[{\"@type\":\"ListItem\",\"position\":1,\"name\":\"Portada\",\"item\":\"https:\\\/\\\/ciie.itesm.mx\\\/es\\\/\"},{\"@type\":\"ListItem\",\"position\":2,\"name\":\"AI in Education Summit\"}]},{\"@type\":\"WebSite\",\"@id\":\"https:\\\/\\\/ciie.itesm.mx\\\/en\\\/#website\",\"url\":\"https:\\\/\\\/ciie.itesm.mx\\\/en\\\/\",\"name\":\"IFE Conference\",\"description\":\"IFE Conference, antes CIIE, del 28 al 30 de enero de 2025 en el Tecnol\u00f3gico de Monterrey, en Monterrey, M\u00e9xico\",\"potentialAction\":[{\"@type\":\"SearchAction\",\"target\":{\"@type\":\"EntryPoint\",\"urlTemplate\":\"https:\\\/\\\/ciie.itesm.mx\\\/en\\\/?s={search_term_string}\"},\"query-input\":{\"@type\":\"PropertyValueSpecification\",\"valueRequired\":true,\"valueName\":\"search_term_string\"}}],\"inLanguage\":\"es\"}]}<\/script>\n<!-- \/ Yoast SEO plugin. -->","yoast_head_json":{"title":"AI in Education Summit - IFE Conferece","description":"IFE Conference, antes CIIE, del 28 al 30 de enero de 2025 en el Tecnol\u00f3gico de Monterrey, en Monterrey, M\u00e9xico","robots":{"index":"index","follow":"follow","max-snippet":"max-snippet:-1","max-image-preview":"max-image-preview:large","max-video-preview":"max-video-preview:-1"},"canonical":"https:\/\/ciie.itesm.mx\/es\/ai-in-education-summit-2\/","og_locale":"es_ES","og_type":"article","og_title":"AI in Education Summit - IFE Conferece","og_description":"IFE Conference, antes CIIE, del 28 al 30 de enero de 2025 en el Tecnol\u00f3gico de Monterrey, en Monterrey, M\u00e9xico","og_url":"https:\/\/ciie.itesm.mx\/es\/ai-in-education-summit-2\/","og_site_name":"IFE Conferece","article_modified_time":"2024-02-20T17:57:08+00:00","og_image":[{"url":"https:\/\/ciie.itesm.mx\/wp-content\/uploads\/2023\/10\/bar-01-1.webp","type":"","width":"","height":""}],"twitter_card":"summary_large_image","twitter_misc":{"Tiempo de lectura":"5 minutos"},"schema":{"@context":"https:\/\/schema.org","@graph":[{"@type":"WebPage","@id":"https:\/\/ciie.itesm.mx\/es\/ai-in-education-summit-2\/","url":"https:\/\/ciie.itesm.mx\/es\/ai-in-education-summit-2\/","name":"AI in Education Summit - IFE Conferece","isPartOf":{"@id":"https:\/\/ciie.itesm.mx\/en\/#website"},"primaryImageOfPage":{"@id":"https:\/\/ciie.itesm.mx\/es\/ai-in-education-summit-2\/#primaryimage"},"image":{"@id":"https:\/\/ciie.itesm.mx\/es\/ai-in-education-summit-2\/#primaryimage"},"thumbnailUrl":"https:\/\/ciie.itesm.mx\/wp-content\/uploads\/2023\/10\/bar-01-1.webp","datePublished":"2023-10-23T22:45:58+00:00","dateModified":"2024-02-20T17:57:08+00:00","description":"IFE Conference, antes CIIE, del 28 al 30 de enero de 2025 en el Tecnol\u00f3gico de Monterrey, en Monterrey, M\u00e9xico","breadcrumb":{"@id":"https:\/\/ciie.itesm.mx\/es\/ai-in-education-summit-2\/#breadcrumb"},"inLanguage":"es","potentialAction":[{"@type":"ReadAction","target":["https:\/\/ciie.itesm.mx\/es\/ai-in-education-summit-2\/"]}]},{"@type":"ImageObject","inLanguage":"es","@id":"https:\/\/ciie.itesm.mx\/es\/ai-in-education-summit-2\/#primaryimage","url":"https:\/\/ciie.itesm.mx\/wp-content\/uploads\/2023\/10\/bar-01-1.webp","contentUrl":"https:\/\/ciie.itesm.mx\/wp-content\/uploads\/2023\/10\/bar-01-1.webp"},{"@type":"BreadcrumbList","@id":"https:\/\/ciie.itesm.mx\/es\/ai-in-education-summit-2\/#breadcrumb","itemListElement":[{"@type":"ListItem","position":1,"name":"Portada","item":"https:\/\/ciie.itesm.mx\/es\/"},{"@type":"ListItem","position":2,"name":"AI in Education Summit"}]},{"@type":"WebSite","@id":"https:\/\/ciie.itesm.mx\/en\/#website","url":"https:\/\/ciie.itesm.mx\/en\/","name":"IFE Conference","description":"IFE Conference, antes CIIE, del 28 al 30 de enero de 2025 en el Tecnol\u00f3gico de Monterrey, en Monterrey, M\u00e9xico","potentialAction":[{"@type":"SearchAction","target":{"@type":"EntryPoint","urlTemplate":"https:\/\/ciie.itesm.mx\/en\/?s={search_term_string}"},"query-input":{"@type":"PropertyValueSpecification","valueRequired":true,"valueName":"search_term_string"}}],"inLanguage":"es"}]}},"_links":{"self":[{"href":"https:\/\/ciie.itesm.mx\/es\/wp-json\/wp\/v2\/pages\/14128","targetHints":{"allow":["GET"]}}],"collection":[{"href":"https:\/\/ciie.itesm.mx\/es\/wp-json\/wp\/v2\/pages"}],"about":[{"href":"https:\/\/ciie.itesm.mx\/es\/wp-json\/wp\/v2\/types\/page"}],"author":[{"embeddable":true,"href":"https:\/\/ciie.itesm.mx\/es\/wp-json\/wp\/v2\/users\/1"}],"replies":[{"embeddable":true,"href":"https:\/\/ciie.itesm.mx\/es\/wp-json\/wp\/v2\/comments?post=14128"}],"version-history":[{"count":189,"href":"https:\/\/ciie.itesm.mx\/es\/wp-json\/wp\/v2\/pages\/14128\/revisions"}],"predecessor-version":[{"id":15590,"href":"https:\/\/ciie.itesm.mx\/es\/wp-json\/wp\/v2\/pages\/14128\/revisions\/15590"}],"wp:attachment":[{"href":"https:\/\/ciie.itesm.mx\/es\/wp-json\/wp\/v2\/media?parent=14128"}],"curies":[{"name":"wp","href":"https:\/\/api.w.org\/{rel}","templated":true}]}}