{"id":14201,"date":"2023-10-24T18:18:08","date_gmt":"2023-10-24T18:18:08","guid":{"rendered":"https:\/\/ciie.itesm.mx\/es\/?page_id=14201"},"modified":"2024-02-20T18:34:18","modified_gmt":"2024-02-20T18:34:18","slug":"ife-edtech-summit-2-2","status":"publish","type":"page","link":"https:\/\/ciie.itesm.mx\/es\/aprendizaje-a-lo-largo-de-la-vida\/","title":{"rendered":"Aprendizaje a lo Largo de la Vida"},"content":{"rendered":"<div class=\"wpb-content-wrapper\"><p>[vc_row full_width=&#8221;stretch_row_content_no_spaces&#8221; container=&#8221;0&#8243;][vc_column][vc_empty_space height=&#8221;60px&#8221;][vc_single_image image=&#8221;14209&#8243; img_size=&#8221;full&#8221;][\/vc_column][\/vc_row][vc_row css=&#8221;.vc_custom_1693602138236{margin-top: 50px !important;}&#8221;][vc_column][vc_column_text css=&#8221;.vc_custom_1698188604854{margin-right: 30px !important;margin-left: 30px !important;}&#8221;]Los sucesos ocurridos en los \u00faltimos a\u00f1os nos ense\u00f1aron que el futuro puede ser mucho menos estable de lo que cre\u00edamos, pero tambi\u00e9n nos permiti\u00f3 descubrir nuestra capacidad de innovar r\u00e1pidamente aprovechando el potencial transformador de las tecnolog\u00edas de informaci\u00f3n.<\/p>\n<p>Esta capacidad que nos permiti\u00f3 adaptarnos a ese entorno cambiante debe de ser ahora el motor para continuar innovando y construir una nueva era de la educaci\u00f3n. En el Track de Aprendizaje a lo Largo de la Vida compartiremos algunos elementos clave en este proceso de cambio acelerado que estamos viviendo en la educaci\u00f3n.[\/vc_column_text][\/vc_column][\/vc_row][vc_row css=&#8221;.vc_custom_1702997497283{margin-bottom: 50px !important;}&#8221;][vc_column]<div class=\"schedule-wrapper clear \" data-animation=\"fadeIn\" data-animation-delay=\"200\"><div class=\"schedule-tabs lv1\">\r\n                        <ul id=\"tabs-lv1\"  class=\"nav nav-justified\"><li class=\"active\"><a href=\"#tab-dia-2-lifelong\" data-toggle=\"tab\"><strong>D\u00eda 2<\/strong> <br\/>24.01.24<\/a><\/li><li ><a href=\"#tab-dia-3-lifelong\" data-toggle=\"tab\"><strong>D\u00eda 3<\/strong> <br\/>25.01.24<\/a><\/li><\/ul><\/div><div class=\"tab-content lv1\"><div id=\"tab-dia-2-lifelong\" class=\"tab-pane fade in active\"><div class=\"schedule-tabs lv2\">\r\n                                  <ul id=\"tabs-lv20\"  class=\"nav nav-justified\"><li class=\"active\"><a href=\"#tab-lv2-programa-2-lifelong\" data-toggle=\"tab\">Programa<\/a><\/li><\/ul><\/div><div class=\"tab-content lv2\"><div id=\"tab-lv2-programa-2-lifelong\" class=\"tab-pane fade in active\">\r\n                                    <div class=\"timeline\">\r\n                                              <article class=\"post-wrap\" data-animation=\"fadeInUp\" data-animation-delay=\"300\">\r\n                                                  <div class=\"media\"><div class=\"media-body\">\r\n                                                          <div class=\"post-header\">\r\n                                                              <div class=\"post-meta\"><span class=\"post-date\"><i class=\"fa fa-clock-o\"><\/i> 9:00 - 9:45h UTC-06<\/span><\/div>\r\n                                                              <h2 class=\"post-title\"><a href=\"https:\/\/ciie.itesm.mx\/es\/schedule\/conferencia-evolucion-de-la-demanda-laboral-en-america-latina-y-tendencias\/\">Conferencia: Evoluci\u00f3n de la demanda laboral en Am\u00e9rica Latina y tendencias<\/a><\/h2>\r\n                                                          <\/div>\r\n                                                            <div class=\"post-body\">\r\n                                                                <div class=\"post-excerpt\">\r\n                                                                    <p><strong>Jorge Blando Mart\u00ednez<\/strong><\/p>\r\n<p>Vicerrector de Educaci\u00f3n Continua del Tecnol\u00f3gico de Monterrey<\/p>\r\n<p><strong>Ubicaci\u00f3n:<\/strong> Aulas VI - 306<\/p>\r\n                                                                <\/div>\r\n                                                            <\/div>\r\n                                                          <div class=\"post-footer\">\r\n                                                              <span class=\"post-readmore\"><i class=\"fa fa-microphone\"><\/i> <strong><\/strong> \/ &nbsp;&nbsp;<\/span>\r\n                                                          <\/div>\r\n                                                      <\/div>                                                      \r\n                                                  <\/div>\r\n                                              <\/article>\r\n                                              <article class=\"post-wrap\" data-animation=\"fadeInUp\" data-animation-delay=\"300\">\r\n                                                  <div class=\"media\"><div class=\"media-body\">\r\n                                                          <div class=\"post-header\">\r\n                                                              <div class=\"post-meta\"><span class=\"post-date\"><i class=\"fa fa-clock-o\"><\/i> 10:00 - 10:45h UTC-06<\/span><\/div>\r\n                                                              <h2 class=\"post-title\"><a href=\"https:\/\/ciie.itesm.mx\/es\/schedule\/conferencia-el-futuro-del-trabajo-y-las-competencias-2\/\">Conferencia: Credenciales alternativas de alto impacto<\/a><\/h2>\r\n                                                          <\/div>\r\n                                                            <div class=\"post-body\">\r\n                                                                <div class=\"post-excerpt\">\r\n                                                                    <p><strong>Celso Florez<\/strong><\/p>\r\n<p>Gerente de Soluciones de Portafolio<\/p>\r\n\r\n<p><strong>Julieta Le\u00f3n<\/strong><\/p>\r\n<p>L\u00edder de Certificaciones<\/p>\r\n\r\n<p><strong>Ubicaci\u00f3n:<\/strong> Aulas VI - 306<\/p>\r\n                                                                <\/div>\r\n                                                            <\/div>\r\n                                                          <div class=\"post-footer\">\r\n                                                              <span class=\"post-readmore\"><i class=\"fa fa-microphone\"><\/i> <strong><\/strong> \/ &nbsp;&nbsp;<\/span>\r\n                                                          <\/div>\r\n                                                      <\/div>                                                      \r\n                                                  <\/div>\r\n                                              <\/article>\r\n                                              <article class=\"post-wrap\" data-animation=\"fadeInUp\" data-animation-delay=\"300\">\r\n                                                  <div class=\"media\"><div class=\"media-body\">\r\n                                                          <div class=\"post-header\">\r\n                                                              <div class=\"post-meta\"><span class=\"post-date\"><i class=\"fa fa-clock-o\"><\/i> 11:00 - 11:45h UTC-06<\/span><\/div>\r\n                                                              <h2 class=\"post-title\"><a href=\"https:\/\/ciie.itesm.mx\/es\/schedule\/panel-de-directivos-de-desarrollo-organizacional-2\/\">Panel de directivos de desarrollo organizacional:  Retos y oportunidades organizacionales en la era digital<\/a><\/h2>\r\n                                                          <\/div>\r\n                                                            <div class=\"post-body\">\r\n                                                                <div class=\"post-excerpt\">\r\n                                                                    <p><strong>Ma. Isabel Ruiz Pacheco<\/strong><\/p>\r\n<p>HRBP Automotriz Lationoamerica, PPG Industries<\/p>\r\n<p><strong>Luis Hern\u00e1ndez Garc\u00eda\u00a0<\/strong><\/p>\r\n<p>Director of Operations &amp; Mexico Country Manager, Caterpillar Inc.<\/p>\r\n<p><strong>Juan Pablo Dur\u00e1n<\/strong><\/p>\r\n<p>Director, Learning, Talent Development and Performance, El Puerto de Liverpool<\/p>\r\n<p><strong>Ubicaci\u00f3n:<\/strong> Aulas VI - 306<\/p>\r\n                                                                <\/div>\r\n                                                            <\/div>\r\n                                                          <div class=\"post-footer\">\r\n                                                              <span class=\"post-readmore\"><i class=\"fa fa-microphone\"><\/i> <strong><\/strong> \/ &nbsp;&nbsp;<\/span>\r\n                                                          <\/div>\r\n                                                      <\/div>                                                      \r\n                                                  <\/div>\r\n                                              <\/article>\r\n                                              <article class=\"post-wrap\" data-animation=\"fadeInUp\" data-animation-delay=\"300\">\r\n                                                  <div class=\"media\"><div class=\"media-body\">\r\n                                                          <div class=\"post-header\">\r\n                                                              <div class=\"post-meta\"><span class=\"post-date\"><i class=\"fa fa-clock-o\"><\/i> 12:00 - 12:45h UTC-06<\/span><\/div>\r\n                                                              <h2 class=\"post-title\"><a href=\"https:\/\/ciie.itesm.mx\/es\/schedule\/conferencia-la-inteligencia-artificial-generativa-potencia-el-lifelong-learning\/\">Conferencia: La Inteligencia Artificial Generativa potencia el Lifelong Learning<\/a><\/h2>\r\n                                                          <\/div>\r\n                                                            <div class=\"post-body\">\r\n                                                                <div class=\"post-excerpt\">\r\n                                                                    <p><strong>Jos\u00e9 Morrinzon<\/strong><\/p>\r\n<p>Artificial Intelligence Specialist, Microsoft<\/p>\r\n<p><strong>Ubicaci\u00f3n:<\/strong> Aulas VI - 306<\/p>\r\n                                                                <\/div>\r\n                                                            <\/div>\r\n                                                          <div class=\"post-footer\">\r\n                                                              <span class=\"post-readmore\"><i class=\"fa fa-microphone\"><\/i> <strong><\/strong> \/ &nbsp;&nbsp;<\/span>\r\n                                                          <\/div>\r\n                                                      <\/div>                                                      \r\n                                                  <\/div>\r\n                                              <\/article>\r\n                                              <article class=\"post-wrap\" data-animation=\"fadeInUp\" data-animation-delay=\"300\">\r\n                                                  <div class=\"media\"><div class=\"media-body\">\r\n                                                          <div class=\"post-header\">\r\n                                                              <div class=\"post-meta\"><span class=\"post-date\"><i class=\"fa fa-clock-o\"><\/i> 13:00 - 13:45h UTC-06<\/span><\/div>\r\n                                                              <h2 class=\"post-title\"><a href=\"https:\/\/ciie.itesm.mx\/es\/schedule\/conferencia-secretos-de-los-expertos\/\">Conferencia: Secretos de los expertos: Sesiones virtuales de aprendizaje din\u00e1micas, eficaces y memorables<\/a><\/h2>\r\n                                                          <\/div>\r\n                                                            <div class=\"post-body\">\r\n                                                                <div class=\"post-excerpt\">\r\n                                                                    <p><strong>Grettel Barcel\u00f3 Alonso<\/p>\r\n<p><\/strong><strong>Mayela Cuautle Olvera<\/p>\r\n<p><\/strong><strong>Juan Mart\u00edn Zamora Baltazar<\/strong><\/p>\r\n<p>Profesores y Coordinadores de Educaci\u00f3n Continua<\/p>\r\n<p><strong>Moderador: Crist\u00f3bal Gayt\u00e1n Padr\u00f3n<\/strong><\/p>\r\n<p><strong>Ubicaci\u00f3n:<\/strong> Aulas VI - 306\r\n                                                                <\/div>\r\n                                                            <\/div>\r\n                                                          <div class=\"post-footer\">\r\n                                                              <span class=\"post-readmore\"><i class=\"fa fa-microphone\"><\/i> <strong><\/strong> \/ &nbsp;&nbsp;<\/span>\r\n                                                          <\/div>\r\n                                                      <\/div>                                                      \r\n                                                  <\/div>\r\n                                              <\/article>\r\n                                              <article class=\"post-wrap\" data-animation=\"fadeInUp\" data-animation-delay=\"300\">\r\n                                                  <div class=\"media\"><div class=\"media-body\">\r\n                                                          <div class=\"post-header\">\r\n                                                              <div class=\"post-meta\"><span class=\"post-date\"><i class=\"fa fa-clock-o\"><\/i> 15:45 - 16:30h UTC-06<\/span><\/div>\r\n                                                              <h2 class=\"post-title\"><a href=\"https:\/\/ciie.itesm.mx\/es\/schedule\/conferencia-no-todo-es-digital\/\">Conferencia: No todo es digital: Experiencias de aprendizaje extraordinarias<\/a><\/h2>\r\n                                                          <\/div>\r\n                                                            <div class=\"post-body\">\r\n                                                                <div class=\"post-excerpt\">\r\n                                                                    <p><strong>Ivan Tapia<\/strong><\/p>\r\n<p>Cocolisto, Barcelona<\/p>\r\n<p><strong>Laia De Mendoza<\/strong><\/p>\r\n<p>Cocolisto, Barcelona<\/p>\r\n<p><strong>Ubicaci\u00f3n:<\/strong> Aulas VI - 306<\/p>\r\n                                                                <\/div>\r\n                                                            <\/div>\r\n                                                          <div class=\"post-footer\">\r\n                                                              <span class=\"post-readmore\"><i class=\"fa fa-microphone\"><\/i> <strong><\/strong> \/ &nbsp;&nbsp;<\/span>\r\n                                                          <\/div>\r\n                                                      <\/div>                                                      \r\n                                                  <\/div>\r\n                                              <\/article>\r\n                                              <article class=\"post-wrap\" data-animation=\"fadeInUp\" data-animation-delay=\"300\">\r\n                                                  <div class=\"media\"><div class=\"media-body\">\r\n                                                          <div class=\"post-header\">\r\n                                                              <div class=\"post-meta\"><span class=\"post-date\"><i class=\"fa fa-clock-o\"><\/i> 16:45 - 17:30h UTC-06<\/span><\/div>\r\n                                                              <h2 class=\"post-title\"><a href=\"https:\/\/ciie.itesm.mx\/es\/schedule\/sesion-fish-bowl-hablemos-juntos\/\">Sesi\u00f3n Fish Bowl:  Hablemos juntos: Como asegurar un futuro digital equitativo<\/a><\/h2>\r\n                                                          <\/div>\r\n                                                            <div class=\"post-body\">\r\n                                                                <div class=\"post-excerpt\">\r\n                                                                    <strong>Ubicaci\u00f3n:<\/strong> Aulas VI - 306\r\n                                                                <\/div>\r\n                                                            <\/div>\r\n                                                          <div class=\"post-footer\">\r\n                                                              <span class=\"post-readmore\"><i class=\"fa fa-microphone\"><\/i> <strong><\/strong> \/ &nbsp;&nbsp;<\/span>\r\n                                                          <\/div>\r\n                                                      <\/div>                                                      \r\n                                                  <\/div>\r\n                                              <\/article>\r\n                                              <article class=\"post-wrap\" data-animation=\"fadeInUp\" data-animation-delay=\"300\">\r\n                                                  <div class=\"media\"><div class=\"media-body\">\r\n                                                          <div class=\"post-header\">\r\n                                                              <div class=\"post-meta\"><span class=\"post-date\"><i class=\"fa fa-clock-o\"><\/i> 17:45 - 18:30h UTC-06<\/span><\/div>\r\n                                                              <h2 class=\"post-title\"><a href=\"https:\/\/ciie.itesm.mx\/es\/schedule\/conferencia-ai-powered-lms\/\">Conferencia: AI Powered LMS: La inteligencia artificial transforma las tecnolog\u00edas educativas (Conferencia en ingl\u00e9s)<\/a><\/h2>\r\n                                                          <\/div>\r\n                                                            <div class=\"post-body\">\r\n                                                                <div class=\"post-excerpt\">\r\n                                                                    <p><strong>Matt Kane<\/strong><\/p>\r\n<p>Cypher Learning<\/p>\r\n<p><strong>Dither Balderas<\/strong><\/p>\r\n<p>Cypher Learning<\/p>\r\n<p><strong>Ubicaci\u00f3n:<\/strong> Aulas VI - 306<\/p>\r\n                                                                <\/div>\r\n                                                            <\/div>\r\n                                                          <div class=\"post-footer\">\r\n                                                              <span class=\"post-readmore\"><i class=\"fa fa-microphone\"><\/i> <strong><\/strong> \/ &nbsp;&nbsp;<\/span>\r\n                                                          <\/div>\r\n                                                      <\/div>                                                      \r\n                                                  <\/div>\r\n                                              <\/article><\/div><\/div><\/div><\/div><div id=\"tab-dia-3-lifelong\" class=\"tab-pane fade \"><div class=\"schedule-tabs lv2\">\r\n                                  <ul id=\"tabs-lv21\"  class=\"nav nav-justified\"><li class=\"active\"><a href=\"#tab-lv2-programa-3-lifelong\" data-toggle=\"tab\">Programa<\/a><\/li><\/ul><\/div><div class=\"tab-content lv2\"><div id=\"tab-lv2-programa-3-lifelong\" class=\"tab-pane fade in active\">\r\n                                    <div class=\"timeline\">\r\n                                              <article class=\"post-wrap\" data-animation=\"fadeInUp\" data-animation-delay=\"300\">\r\n                                                  <div class=\"media\"><div class=\"media-body\">\r\n                                                          <div class=\"post-header\">\r\n                                                              <div class=\"post-meta\"><span class=\"post-date\"><i class=\"fa fa-clock-o\"><\/i> 9:00 - 13:00h UTC-06<\/span><\/div>\r\n                                                              <h2 class=\"post-title\"><a href=\"https:\/\/ciie.itesm.mx\/es\/schedule\/taller-practico-ia-generativa-en-la-practica\/\">Taller pr\u00e1ctico: IA generativa en la pr\u00e1ctica<\/a><\/h2>\r\n                                                          <\/div>\r\n                                                            <div class=\"post-body\">\r\n                                                                <div class=\"post-excerpt\">\r\n                                                                    <p><strong>Celso Florez<\/strong><\/p>\r\n<p>Gerente de Soluciones de Portafolio<\/p>\r\n<p><strong>Jes\u00fas Trevi\u00f1o<\/strong><\/p>\r\n<p>Gerente de Soluciones Digitales<\/p>\r\n<p><strong>Ubicaci\u00f3n: <\/strong>Aulas VI - Piso 3<\/p>\r\n\r\n<p><strong>Requerimientos:<\/strong><\/p>\r\n<p><ul>\r\n<li>Traer Laptop<\/li>\r\n<\/ul><\/p>\r\n<br>\r\n<p><strong>Cupo m\u00e1ximo:<\/strong> 38 participantes<\/p>\r\n                                                                <\/div>\r\n                                                            <\/div>\r\n                                                          <div class=\"post-footer\">\r\n                                                              <span class=\"post-readmore\"><i class=\"fa fa-microphone\"><\/i> <strong><\/strong> \/ &nbsp;&nbsp;<\/span>\r\n                                                          <\/div>\r\n                                                      <\/div>                                                      \r\n                                                  <\/div>\r\n                                              <\/article>\r\n                                              <article class=\"post-wrap\" data-animation=\"fadeInUp\" data-animation-delay=\"300\">\r\n                                                  <div class=\"media\"><div class=\"media-body\">\r\n                                                          <div class=\"post-header\">\r\n                                                              <div class=\"post-meta\"><span class=\"post-date\"><i class=\"fa fa-clock-o\"><\/i> 9:00 - 13:00h UTC-06<\/span><\/div>\r\n                                                              <h2 class=\"post-title\"><a href=\"https:\/\/ciie.itesm.mx\/es\/schedule\/taller-practico-soluciones-de-impacto-basadas-en-aprendizaje\/\">Taller pr\u00e1ctico: Soluciones de impacto basadas en aprendizaje<\/a><\/h2>\r\n                                                          <\/div>\r\n                                                            <div class=\"post-body\">\r\n                                                                <div class=\"post-excerpt\">\r\n                                                                    <p><strong>Crist\u00f3bal Gayt\u00e1n<\/strong><\/p>\r\n<p>L\u00edder de Dise\u00f1o de Soluciones Corporativas<\/p>\r\n<p><strong>Ubicaci\u00f3n: <\/strong>Aulas VI - Piso 304<\/p>\r\n<p><strong>Requerimientos:<\/strong><\/p>\r\n<ul>\r\n<li>Traer Laptop<\/li>\r\n<\/ul>\r\n<br>\r\n<p><strong>Cupo m\u00e1ximo:<\/strong> 38 participantes<\/p>\r\n                                                                <\/div>\r\n                                                            <\/div>\r\n                                                          <div class=\"post-footer\">\r\n                                                              <span class=\"post-readmore\"><i class=\"fa fa-microphone\"><\/i> <strong><\/strong> \/ &nbsp;&nbsp;<\/span>\r\n                                                          <\/div>\r\n                                                      <\/div>                                                      \r\n                                                  <\/div>\r\n                                              <\/article>\r\n                                              <article class=\"post-wrap\" data-animation=\"fadeInUp\" data-animation-delay=\"300\">\r\n                                                  <div class=\"media\"><div class=\"media-body\">\r\n                                                          <div class=\"post-header\">\r\n                                                              <div class=\"post-meta\"><span class=\"post-date\"><i class=\"fa fa-clock-o\"><\/i> 9:00 - 13:00h UTC-06<\/span><\/div>\r\n                                                              <h2 class=\"post-title\"><a href=\"https:\/\/ciie.itesm.mx\/es\/schedule\/taller-practico-gamificacion-en-accion-viviendo-el-aprendizaje\/\">Taller pr\u00e1ctico: Gamificaci\u00f3n en acci\u00f3n: Viviendo el aprendizaje<\/a><\/h2>\r\n                                                          <\/div>\r\n                                                            <div class=\"post-body\">\r\n                                                                <div class=\"post-excerpt\">\r\n                                                                    <p><strong>Estela de la Garza<\/strong><\/p>\r\n<p>Facilitadora de Formaci\u00f3n de Profesores de EC<\/p>\r\n<p><strong>No\u00e9 Miranda<\/strong><\/p>\r\n<p>Gerente de Formaci\u00f3n de Profesores de EC<\/p>\r\n<p><strong>Ubicaci\u00f3n: <\/strong>Aulas VI - Piso 305<\/p>\r\n<p><strong>Requerimientos:<\/strong><\/p>\r\n<ul>\r\n \t<li>Traer Laptop<\/li>\r\n<\/ul>\r\n&nbsp;\r\n<p><strong>Cupo m\u00e1ximo:<\/strong> 38 participantes<\/p>\r\n                                                                <\/div>\r\n                                                            <\/div>\r\n                                                          <div class=\"post-footer\">\r\n                                                              <span class=\"post-readmore\"><i class=\"fa fa-microphone\"><\/i> <strong><\/strong> \/ &nbsp;&nbsp;<\/span>\r\n                                                          <\/div>\r\n                                                      <\/div>                                                      \r\n                                                  <\/div>\r\n                                              <\/article><\/div><\/div><\/div><\/div><\/div><\/div>[\/vc_column][\/vc_row][vc_row css=&#8221;.vc_custom_1693602274440{padding-top: 40px !important;padding-bottom: 40px !important;background-color: #e3e9ff !important;}&#8221;][vc_column][vc_row_inner css=&#8221;.vc_custom_1693603370261{margin-top: 20px !important;margin-bottom: 50px !important;}&#8221;][vc_column_inner width=&#8221;1\/3&#8243;][vc_single_image image=&#8221;14202&#8243; img_size=&#8221;&#8221; alignment=&#8221;center&#8221;][\/vc_column_inner][vc_column_inner width=&#8221;1\/3&#8243;][vc_single_image image=&#8221;14203&#8243; img_size=&#8221;&#8221; alignment=&#8221;center&#8221;][\/vc_column_inner][vc_column_inner width=&#8221;1\/3&#8243;][vc_single_image image=&#8221;14204&#8243; img_size=&#8221;&#8221;][\/vc_column_inner][\/vc_row_inner][vc_row_inner css=&#8221;.vc_custom_1693602252086{margin-top: 20px !important;margin-bottom: 20px !important;}&#8221;][vc_column_inner width=&#8221;1\/3&#8243;][vc_single_image image=&#8221;14205&#8243; img_size=&#8221;&#8221;][\/vc_column_inner][vc_column_inner width=&#8221;1\/3&#8243;][vc_single_image image=&#8221;14206&#8243; img_size=&#8221;&#8221; alignment=&#8221;center&#8221;][\/vc_column_inner][vc_column_inner width=&#8221;1\/3&#8243;][vc_single_image image=&#8221;14207&#8243; img_size=&#8221;&#8221; alignment=&#8221;center&#8221;][\/vc_column_inner][\/vc_row_inner][\/vc_column][\/vc_row][vc_row css=&#8221;.vc_custom_1693602302825{margin-bottom: -50px !important;background-color: #000000 !important;}&#8221;][vc_column][vc_row_inner css=&#8221;.vc_custom_1693602308731{margin-top: 40px !important;}&#8221;][vc_column_inner width=&#8221;1\/3&#8243;][vc_single_image image=&#8221;15108&#8243; img_size=&#8221;&#8221; alignment=&#8221;center&#8221;][\/vc_column_inner][vc_column_inner width=&#8221;1\/3&#8243;][vc_single_image image=&#8221;12482&#8243; img_size=&#8221;180&#215;54&#8243; alignment=&#8221;center&#8221;][\/vc_column_inner][vc_column_inner width=&#8221;1\/3&#8243;][vc_single_image image=&#8221;12481&#8243; img_size=&#8221;200&#215;51&#8243; alignment=&#8221;center&#8221;][\/vc_column_inner][\/vc_row_inner][\/vc_column][\/vc_row]<\/p>\n<\/div>","protected":false},"excerpt":{"rendered":"<p>[vc_row full_width=&#8221;stretch_row_content_no_spaces&#8221; container=&#8221;0&#8243;][vc_column][vc_empty_space height=&#8221;60px&#8221;][vc_single_image image=&#8221;14209&#8243; img_size=&#8221;full&#8221;][\/vc_column][\/vc_row][vc_row css=&#8221;.vc_custom_1693602138236{margin-top: 50px !important;}&#8221;][vc_column][vc_column_text css=&#8221;.vc_custom_1698188604854{margin-right: 30px !important;margin-left: 30px !important;}&#8221;]Los sucesos ocurridos en los \u00faltimos a\u00f1os nos ense\u00f1aron que el futuro puede ser mucho menos estable de lo que cre\u00edamos, pero tambi\u00e9n nos permiti\u00f3 descubrir nuestra capacidad de<\/p>\n","protected":false},"author":1,"featured_media":0,"parent":0,"menu_order":0,"comment_status":"closed","ping_status":"closed","template":"home_template.php","meta":{"footnotes":""},"class_list":["post-14201","page","type-page","status-publish","hentry"],"yoast_head":"<!-- This site is optimized with the Yoast SEO plugin v27.5 - https:\/\/yoast.com\/product\/yoast-seo-wordpress\/ -->\n<title>Aprendizaje a lo Largo de la Vida - IFE Conferece<\/title>\n<meta name=\"description\" content=\"IFE Conference, antes CIIE, del 28 al 30 de enero de 2025 en el Tecnol\u00f3gico de Monterrey, en Monterrey, M\u00e9xico\" \/>\n<meta name=\"robots\" content=\"index, follow, max-snippet:-1, max-image-preview:large, max-video-preview:-1\" \/>\n<link rel=\"canonical\" href=\"https:\/\/ciie.itesm.mx\/es\/aprendizaje-a-lo-largo-de-la-vida\/\" \/>\n<meta property=\"og:locale\" content=\"es_ES\" \/>\n<meta property=\"og:type\" content=\"article\" \/>\n<meta property=\"og:title\" content=\"Aprendizaje a lo Largo de la Vida - IFE Conferece\" \/>\n<meta property=\"og:description\" content=\"IFE Conference, antes CIIE, del 28 al 30 de enero de 2025 en el Tecnol\u00f3gico de Monterrey, en Monterrey, M\u00e9xico\" \/>\n<meta property=\"og:url\" content=\"https:\/\/ciie.itesm.mx\/es\/aprendizaje-a-lo-largo-de-la-vida\/\" \/>\n<meta property=\"og:site_name\" content=\"IFE Conferece\" \/>\n<meta property=\"article:modified_time\" content=\"2024-02-20T18:34:18+00:00\" \/>\n<meta property=\"og:image\" content=\"https:\/\/ciie.itesm.mx\/wp-content\/uploads\/2023\/05\/ife-conference-social.png\" \/>\n\t<meta property=\"og:image:width\" content=\"480\" \/>\n\t<meta property=\"og:image:height\" content=\"480\" \/>\n\t<meta property=\"og:image:type\" content=\"image\/png\" \/>\n<meta name=\"twitter:card\" content=\"summary_large_image\" \/>\n<meta name=\"twitter:label1\" content=\"Tiempo de lectura\" \/>\n\t<meta name=\"twitter:data1\" content=\"5 minutos\" \/>\n<script type=\"application\/ld+json\" class=\"yoast-schema-graph\">{\"@context\":\"https:\\\/\\\/schema.org\",\"@graph\":[{\"@type\":\"WebPage\",\"@id\":\"https:\\\/\\\/ciie.itesm.mx\\\/es\\\/aprendizaje-a-lo-largo-de-la-vida\\\/\",\"url\":\"https:\\\/\\\/ciie.itesm.mx\\\/es\\\/aprendizaje-a-lo-largo-de-la-vida\\\/\",\"name\":\"Aprendizaje a lo Largo de la Vida - IFE Conferece\",\"isPartOf\":{\"@id\":\"https:\\\/\\\/ciie.itesm.mx\\\/en\\\/#website\"},\"datePublished\":\"2023-10-24T18:18:08+00:00\",\"dateModified\":\"2024-02-20T18:34:18+00:00\",\"description\":\"IFE Conference, antes CIIE, del 28 al 30 de enero de 2025 en el Tecnol\u00f3gico de Monterrey, en Monterrey, M\u00e9xico\",\"breadcrumb\":{\"@id\":\"https:\\\/\\\/ciie.itesm.mx\\\/es\\\/aprendizaje-a-lo-largo-de-la-vida\\\/#breadcrumb\"},\"inLanguage\":\"es\",\"potentialAction\":[{\"@type\":\"ReadAction\",\"target\":[\"https:\\\/\\\/ciie.itesm.mx\\\/es\\\/aprendizaje-a-lo-largo-de-la-vida\\\/\"]}]},{\"@type\":\"BreadcrumbList\",\"@id\":\"https:\\\/\\\/ciie.itesm.mx\\\/es\\\/aprendizaje-a-lo-largo-de-la-vida\\\/#breadcrumb\",\"itemListElement\":[{\"@type\":\"ListItem\",\"position\":1,\"name\":\"Portada\",\"item\":\"https:\\\/\\\/ciie.itesm.mx\\\/es\\\/\"},{\"@type\":\"ListItem\",\"position\":2,\"name\":\"Aprendizaje a lo Largo de la Vida\"}]},{\"@type\":\"WebSite\",\"@id\":\"https:\\\/\\\/ciie.itesm.mx\\\/en\\\/#website\",\"url\":\"https:\\\/\\\/ciie.itesm.mx\\\/en\\\/\",\"name\":\"IFE Conference\",\"description\":\"IFE Conference, antes CIIE, del 28 al 30 de enero de 2025 en el Tecnol\u00f3gico de Monterrey, en Monterrey, M\u00e9xico\",\"potentialAction\":[{\"@type\":\"SearchAction\",\"target\":{\"@type\":\"EntryPoint\",\"urlTemplate\":\"https:\\\/\\\/ciie.itesm.mx\\\/en\\\/?s={search_term_string}\"},\"query-input\":{\"@type\":\"PropertyValueSpecification\",\"valueRequired\":true,\"valueName\":\"search_term_string\"}}],\"inLanguage\":\"es\"}]}<\/script>\n<!-- \/ Yoast SEO plugin. -->","yoast_head_json":{"title":"Aprendizaje a lo Largo de la Vida - IFE Conferece","description":"IFE Conference, antes CIIE, del 28 al 30 de enero de 2025 en el Tecnol\u00f3gico de Monterrey, en Monterrey, M\u00e9xico","robots":{"index":"index","follow":"follow","max-snippet":"max-snippet:-1","max-image-preview":"max-image-preview:large","max-video-preview":"max-video-preview:-1"},"canonical":"https:\/\/ciie.itesm.mx\/es\/aprendizaje-a-lo-largo-de-la-vida\/","og_locale":"es_ES","og_type":"article","og_title":"Aprendizaje a lo Largo de la Vida - IFE Conferece","og_description":"IFE Conference, antes CIIE, del 28 al 30 de enero de 2025 en el Tecnol\u00f3gico de Monterrey, en Monterrey, M\u00e9xico","og_url":"https:\/\/ciie.itesm.mx\/es\/aprendizaje-a-lo-largo-de-la-vida\/","og_site_name":"IFE Conferece","article_modified_time":"2024-02-20T18:34:18+00:00","og_image":[{"width":480,"height":480,"url":"https:\/\/ciie.itesm.mx\/wp-content\/uploads\/2023\/05\/ife-conference-social.png","type":"image\/png"}],"twitter_card":"summary_large_image","twitter_misc":{"Tiempo de lectura":"5 minutos"},"schema":{"@context":"https:\/\/schema.org","@graph":[{"@type":"WebPage","@id":"https:\/\/ciie.itesm.mx\/es\/aprendizaje-a-lo-largo-de-la-vida\/","url":"https:\/\/ciie.itesm.mx\/es\/aprendizaje-a-lo-largo-de-la-vida\/","name":"Aprendizaje a lo Largo de la Vida - IFE Conferece","isPartOf":{"@id":"https:\/\/ciie.itesm.mx\/en\/#website"},"datePublished":"2023-10-24T18:18:08+00:00","dateModified":"2024-02-20T18:34:18+00:00","description":"IFE Conference, antes CIIE, del 28 al 30 de enero de 2025 en el Tecnol\u00f3gico de Monterrey, en Monterrey, M\u00e9xico","breadcrumb":{"@id":"https:\/\/ciie.itesm.mx\/es\/aprendizaje-a-lo-largo-de-la-vida\/#breadcrumb"},"inLanguage":"es","potentialAction":[{"@type":"ReadAction","target":["https:\/\/ciie.itesm.mx\/es\/aprendizaje-a-lo-largo-de-la-vida\/"]}]},{"@type":"BreadcrumbList","@id":"https:\/\/ciie.itesm.mx\/es\/aprendizaje-a-lo-largo-de-la-vida\/#breadcrumb","itemListElement":[{"@type":"ListItem","position":1,"name":"Portada","item":"https:\/\/ciie.itesm.mx\/es\/"},{"@type":"ListItem","position":2,"name":"Aprendizaje a lo Largo de la Vida"}]},{"@type":"WebSite","@id":"https:\/\/ciie.itesm.mx\/en\/#website","url":"https:\/\/ciie.itesm.mx\/en\/","name":"IFE Conference","description":"IFE Conference, antes CIIE, del 28 al 30 de enero de 2025 en el Tecnol\u00f3gico de Monterrey, en Monterrey, M\u00e9xico","potentialAction":[{"@type":"SearchAction","target":{"@type":"EntryPoint","urlTemplate":"https:\/\/ciie.itesm.mx\/en\/?s={search_term_string}"},"query-input":{"@type":"PropertyValueSpecification","valueRequired":true,"valueName":"search_term_string"}}],"inLanguage":"es"}]}},"_links":{"self":[{"href":"https:\/\/ciie.itesm.mx\/es\/wp-json\/wp\/v2\/pages\/14201","targetHints":{"allow":["GET"]}}],"collection":[{"href":"https:\/\/ciie.itesm.mx\/es\/wp-json\/wp\/v2\/pages"}],"about":[{"href":"https:\/\/ciie.itesm.mx\/es\/wp-json\/wp\/v2\/types\/page"}],"author":[{"embeddable":true,"href":"https:\/\/ciie.itesm.mx\/es\/wp-json\/wp\/v2\/users\/1"}],"replies":[{"embeddable":true,"href":"https:\/\/ciie.itesm.mx\/es\/wp-json\/wp\/v2\/comments?post=14201"}],"version-history":[{"count":10,"href":"https:\/\/ciie.itesm.mx\/es\/wp-json\/wp\/v2\/pages\/14201\/revisions"}],"predecessor-version":[{"id":15603,"href":"https:\/\/ciie.itesm.mx\/es\/wp-json\/wp\/v2\/pages\/14201\/revisions\/15603"}],"wp:attachment":[{"href":"https:\/\/ciie.itesm.mx\/es\/wp-json\/wp\/v2\/media?parent=14201"}],"curies":[{"name":"wp","href":"https:\/\/api.w.org\/{rel}","templated":true}]}}