{"id":15190,"date":"2024-01-04T13:28:06","date_gmt":"2024-01-04T13:28:06","guid":{"rendered":"https:\/\/ciie.itesm.mx\/es\/?page_id=15190"},"modified":"2024-01-04T14:14:05","modified_gmt":"2024-01-04T14:14:05","slug":"ife-edtech-summit-4-3","status":"publish","type":"page","link":"https:\/\/ciie.itesm.mx\/es\/politica-educativa\/","title":{"rendered":"Pol\u00edtica Educativa"},"content":{"rendered":"<div class=\"wpb-content-wrapper\"><p>[vc_row full_width=&#8221;stretch_row_content_no_spaces&#8221; container=&#8221;0&#8243;][vc_column][vc_empty_space height=&#8221;64px&#8221;][vc_single_image image=&#8221;15192&#8243; img_size=&#8221;full&#8221;][\/vc_column][\/vc_row][vc_row css=&#8221;.vc_custom_1693602138236{margin-top: 50px !important;}&#8221;][vc_column][vc_column_text css=&#8221;.vc_custom_1704375145986{margin-right: 30px !important;margin-left: 30px !important;}&#8221;]<\/p>\n<p class=\"ife-font\" style=\"font-size: 15px;\">Expertos en pol\u00edtica educativa de, instituciones educativas, agencias especializadas, fundaciones e institutos y autoridades de gobierno se re\u00fanen en este evento para compartir sus experiencias, casos de \u00e9xito y recomendaciones para la implementaci\u00f3n de pol\u00edticas que inciden en la transformaci\u00f3n de la educaci\u00f3n superior y el aprendizaje a lo largo de la vida.<\/p>\n<p>[\/vc_column_text][\/vc_column][\/vc_row][vc_row][vc_column width=&#8221;1\/3&#8243;][vc_column_text css=&#8221;.vc_custom_1704375863066{margin-right: 30px !important;margin-left: 30px !important;}&#8221;]<\/p>\n<p class=\"ife-font\" style=\"font-size: 15px; color: #4643c9;\"><strong>TEMAS CENTRALES<\/strong><\/p>\n<p>[\/vc_column_text][\/vc_column][vc_column width=&#8221;1\/3&#8243;][\/vc_column][vc_column width=&#8221;1\/3&#8243;][\/vc_column][\/vc_row][vc_row][vc_column width=&#8221;1\/3&#8243;][vc_column_text css=&#8221;.vc_custom_1704375282999{margin-right: 30px !important;margin-left: 30px !important;}&#8221;]<\/p>\n<p class=\"ife-font\" style=\"font-size: 15px;\">Inteligencia artificial en la educaci\u00f3n<\/p>\n<p>[\/vc_column_text][\/vc_column][vc_column width=&#8221;1\/3&#8243;][vc_column_text css=&#8221;.vc_custom_1704375231392{margin-right: 30px !important;margin-left: 30px !important;}&#8221;]<\/p>\n<p class=\"ife-font\" style=\"font-size: 15px;\">Habilidades futuras para la econom\u00eda digital y sostenible<\/p>\n<p>[\/vc_column_text][\/vc_column][vc_column width=&#8221;1\/3&#8243;][vc_column_text css=&#8221;.vc_custom_1704375257529{margin-right: 30px !important;margin-left: 30px !important;}&#8221;]<\/p>\n<p class=\"ife-font\" style=\"font-size: 15px;\">Creaci\u00f3n de sistemas educativos y espacios de aprendizaje adaptables<\/p>\n<p>[\/vc_column_text][\/vc_column][\/vc_row][vc_row css=&#8221;.vc_custom_1701828709401{margin-bottom: 50px !important;}&#8221;][vc_column]<div class=\"schedule-wrapper clear \" data-animation=\"fadeIn\" data-animation-delay=\"200\"><div class=\"schedule-tabs lv1\">\r\n                        <ul id=\"tabs-lv1\"  class=\"nav nav-justified\"><li class=\"active\"><a href=\"#tab-dia-1-politicas\" data-toggle=\"tab\"><strong>D\u00eda 1<\/strong> <br\/>23.01.24<\/a><\/li><li ><a href=\"#tab-dia-2-politicas\" data-toggle=\"tab\"><strong>D\u00eda 2<\/strong> <br\/>24.01.24<\/a><\/li><li ><a href=\"#tab-dia-3-politicas\" data-toggle=\"tab\"><strong>D\u00eda 3<\/strong> <br\/>25.01.24<\/a><\/li><\/ul><\/div><div class=\"tab-content lv1\"><div id=\"tab-dia-1-politicas\" class=\"tab-pane fade in active\"><div class=\"schedule-tabs lv2\">\r\n                                  <ul id=\"tabs-lv20\"  class=\"nav nav-justified\"><li class=\"active\"><a href=\"#tab-lv2-programa-1-politicas\" data-toggle=\"tab\">Programa<\/a><\/li><\/ul><\/div><div class=\"tab-content lv2\"><div id=\"tab-lv2-programa-1-politicas\" class=\"tab-pane fade in active\">\r\n                                    <div class=\"timeline\">\r\n                                              <article class=\"post-wrap\" data-animation=\"fadeInUp\" data-animation-delay=\"300\">\r\n                                                  <div class=\"media\"><div class=\"media-body\">\r\n                                                          <div class=\"post-header\">\r\n                                                              <div class=\"post-meta\"><span class=\"post-date\"><i class=\"fa fa-clock-o\"><\/i> 15:30 - 16:15h UTC-06<\/span><\/div>\r\n                                                              <h2 class=\"post-title\"><a href=\"https:\/\/ciie.itesm.mx\/es\/schedule\/panel-disenando-el-futuro-de-la-educacion\/\">Panel: Dise\u00f1ando el Futuro de la Educaci\u00f3n: Tendencias, Tecnolog\u00eda y Desarrollo del Talento<\/a><\/h2>\r\n                                                          <\/div>\r\n                                                            <div class=\"post-body\">\r\n                                                                <div class=\"post-excerpt\">\r\n                                                                    <p><strong>Maria Spies<\/strong><\/p>\r\n<p>Co-CEO Holon IQ<\/p>\r\n<p><strong>Victoria Gal\u00e1n-Muros <\/strong><\/p>\r\n<p>Head of Research and Analysis, UNESCO<\/p>\r\n<p><strong>Courtney Brown<\/strong><\/p>\r\n<p>VP of Impact and Strategy<\/p>\r\n<p><strong>Moderador:<\/strong><\/p>\r\n<p><strong>Alejandro Caballero<\/strong><\/p>\r\n<p>Especialista en Educaci\u00f3n\r\n<br>International Finance Corporation (IFC) World Bank Group<\/p>\r\n<p><strong>Ubicaci\u00f3n:<\/strong> Bilioteca Piso 2, Sala 214<\/p>\r\n                                                                <\/div>\r\n                                                            <\/div>\r\n                                                          <div class=\"post-footer\">\r\n                                                              <span class=\"post-readmore\"><i class=\"fa fa-microphone\"><\/i> <strong><\/strong> \/ &nbsp;&nbsp;<\/span>\r\n                                                          <\/div>\r\n                                                      <\/div>                                                      \r\n                                                  <\/div>\r\n                                              <\/article>\r\n                                              <article class=\"post-wrap\" data-animation=\"fadeInUp\" data-animation-delay=\"300\">\r\n                                                  <div class=\"media\"><div class=\"media-body\">\r\n                                                          <div class=\"post-header\">\r\n                                                              <div class=\"post-meta\"><span class=\"post-date\"><i class=\"fa fa-clock-o\"><\/i> 16:15 - 17:00h UTC-06<\/span><\/div>\r\n                                                              <h2 class=\"post-title\"><a href=\"https:\/\/ciie.itesm.mx\/es\/schedule\/panel-horizontes-educativos\/\">Panel: AI in Education: Insights to guide the Development of Ethical and Effective Policies in a Rapidly evolving field of AI in Education<\/a><\/h2>\r\n                                                          <\/div>\r\n                                                            <div class=\"post-body\">\r\n                                                                <div class=\"post-excerpt\">\r\n                                                                    <p><strong>Rose Luckin<\/strong><\/p>\r\n<p>Professor of Learner Centred Design\r\n<br>UCL Knowledge Lab\r\n<br>University College London<\/p>\r\n<p><strong>Susana Irene D\u00edaz Rodr\u00edguez<\/strong><\/p>\r\n<p>Vicerrectora de Investigaci\u00f3n\r\n<br>Universidad de Oviedo<\/p>\r\n<p><strong>Carlos Iv\u00e1n Moreno<\/strong><\/p>\r\n<p>Rector de UDG Virtual\r\n<br>UDG<\/p>\r\n<p><strong>Moderador:<\/strong><\/p>\r\n<p><strong>Luis Serra<\/strong><\/p>\r\n<p>Asociate Dean of Research, School of Social Sciences and Government\r\n<br>Tecnol\u00f3gico de Monterrey<\/p>\r\n<p><strong>Ubicaci\u00f3n:<\/strong> Sala Mayor Rector\u00eda<\/p>\r\n                                                                <\/div>\r\n                                                            <\/div>\r\n                                                          <div class=\"post-footer\">\r\n                                                              <span class=\"post-readmore\"><i class=\"fa fa-microphone\"><\/i> <strong><\/strong> \/ &nbsp;&nbsp;<\/span>\r\n                                                          <\/div>\r\n                                                      <\/div>                                                      \r\n                                                  <\/div>\r\n                                              <\/article><\/div><\/div><\/div><\/div><div id=\"tab-dia-2-politicas\" class=\"tab-pane fade \"><div class=\"schedule-tabs lv2\">\r\n                                  <ul id=\"tabs-lv21\"  class=\"nav nav-justified\"><li class=\"active\"><a href=\"#tab-lv2-programa-2-politicas\" data-toggle=\"tab\">Programa<\/a><\/li><\/ul><\/div><div class=\"tab-content lv2\"><div id=\"tab-lv2-programa-2-politicas\" class=\"tab-pane fade in active\">\r\n                                    <div class=\"timeline\">\r\n                                              <article class=\"post-wrap\" data-animation=\"fadeInUp\" data-animation-delay=\"300\">\r\n                                                  <div class=\"media\"><div class=\"media-body\">\r\n                                                          <div class=\"post-header\">\r\n                                                              <div class=\"post-meta\"><span class=\"post-date\"><i class=\"fa fa-clock-o\"><\/i> 10:00 - 11:00h UTC-06<\/span><\/div>\r\n                                                              <h2 class=\"post-title\"><a href=\"https:\/\/ciie.itesm.mx\/es\/schedule\/panel-desafios-y-oportunidades-en-la-configuracion-de-la-educacion\/\">Panel: Desaf\u00edos y oportunidades en la configuraci\u00f3n de la educaci\u00f3n para la econom\u00eda digital y sostenible<\/a><\/h2>\r\n                                                          <\/div>\r\n                                                            <div class=\"post-body\">\r\n                                                                <div class=\"post-excerpt\">\r\n                                                                    <p><strong>Martha Castellanos<\/strong><\/p>\r\n<p>Vicerrectora Acad\u00e9mica Areandina<\/p>\r\n<p><strong>Luis Guti\u00e9rrez<\/strong><\/p>\r\n<p>Vicerrector Acad\u00e9mico TecMilenio<\/p>\r\n<p><strong>Arturo Cherbowsky<\/strong><\/p>\r\n<p>Director Ejecutivo de Santander Universidades y Director General de Universia M\u00e9xico<\/p>\r\n<p><strong>Jon Altuna<\/strong><\/p>\r\n<p>Vicerrector Acad\u00e9mico Mondragon<\/p>\r\n<p><strong>Moderador:<\/strong><\/p>\r\n<p><strong>Pablo Ayala<\/strong><\/p>\r\n<p>Director of Social Impact\r\n<br>Tecnol\u00f3gico de Monterrey<\/p>\r\n<p><strong>Ubicaci\u00f3n:<\/strong> Biblioteca Piso 2, Sala 214<\/p>\r\n                                                                <\/div>\r\n                                                            <\/div>\r\n                                                          <div class=\"post-footer\">\r\n                                                              <span class=\"post-readmore\"><i class=\"fa fa-microphone\"><\/i> <strong><\/strong> \/ &nbsp;&nbsp;<\/span>\r\n                                                          <\/div>\r\n                                                      <\/div>                                                      \r\n                                                  <\/div>\r\n                                              <\/article>\r\n                                              <article class=\"post-wrap\" data-animation=\"fadeInUp\" data-animation-delay=\"300\">\r\n                                                  <div class=\"media\"><div class=\"media-body\">\r\n                                                          <div class=\"post-header\">\r\n                                                              <div class=\"post-meta\"><span class=\"post-date\"><i class=\"fa fa-clock-o\"><\/i> 11:00 - 11:30h UTC-06<\/span><\/div>\r\n                                                              <h2 class=\"post-title\"><a href=\"https:\/\/ciie.itesm.mx\/es\/schedule\/presentacion-de-politica-educativa\/\">Presentaci\u00f3n de Pol\u00edtica Educativa<\/a><\/h2>\r\n                                                          <\/div>\r\n                                                            <div class=\"post-body\">\r\n                                                                <div class=\"post-excerpt\">\r\n                                                                    <p style=\"font-weight: 400;\"><strong>Antares V\u00e1zquez<\/strong><\/p>\r\n<p style=\"font-weight: 400;\">Senadora de M\u00e9xico<\/p>\r\n<p style=\"font-weight: 400;\">Presidenta de la Comisi\u00f3n de Educaci\u00f3n del Senado<\/p>\r\n<strong>Ubicaci\u00f3n:<\/strong> Biblioteca Piso 2, Sala 214\r\n                                                                <\/div>\r\n                                                            <\/div>\r\n                                                          <div class=\"post-footer\">\r\n                                                              <span class=\"post-readmore\"><i class=\"fa fa-microphone\"><\/i> <strong><\/strong> \/ &nbsp;&nbsp;<\/span>\r\n                                                          <\/div>\r\n                                                      <\/div>                                                      \r\n                                                  <\/div>\r\n                                              <\/article>\r\n                                              <article class=\"post-wrap\" data-animation=\"fadeInUp\" data-animation-delay=\"300\">\r\n                                                  <div class=\"media\"><div class=\"media-body\">\r\n                                                          <div class=\"post-header\">\r\n                                                              <div class=\"post-meta\"><span class=\"post-date\"><i class=\"fa fa-clock-o\"><\/i> 12:30 - 13:15h UTC-06<\/span><\/div>\r\n                                                              <h2 class=\"post-title\"><a href=\"https:\/\/ciie.itesm.mx\/es\/schedule\/panel-navegando-la-implementacion-de-politicas-educativas\/\">Panel: Navegando la Implementaci\u00f3n de Pol\u00edticas Educativas: Orientaci\u00f3n y Estrategias<\/a><\/h2>\r\n                                                          <\/div>\r\n                                                            <div class=\"post-body\">\r\n                                                                <div class=\"post-excerpt\">\r\n                                                                    <p><strong>Otto Granados<\/strong><\/p>\r\n<p>Ex Secretario de Educaci\u00f3n<\/p>\r\n<p><strong>Milagros Gismondi<\/strong><\/p>\r\n<p>Ex-Jefa de Gabinete en el Ministerio de Finanzas de la Naci\u00f3n\r\n<br>Gobierno de Argentina<\/p>\r\n<p><strong>Joaqu\u00edn Guerra<\/strong><\/p>\r\n<p>Vicerrector for Educational Innovation and Academic Regulation<\/p>\r\n<p><strong>Ubicaci\u00f3n:<\/strong> Biblioteca Piso 2, Sala 214<\/p>\r\n                                                                <\/div>\r\n                                                            <\/div>\r\n                                                          <div class=\"post-footer\">\r\n                                                              <span class=\"post-readmore\"><i class=\"fa fa-microphone\"><\/i> <strong><\/strong> \/ &nbsp;&nbsp;<\/span>\r\n                                                          <\/div>\r\n                                                      <\/div>                                                      \r\n                                                  <\/div>\r\n                                              <\/article>\r\n                                              <article class=\"post-wrap\" data-animation=\"fadeInUp\" data-animation-delay=\"300\">\r\n                                                  <div class=\"media\"><div class=\"media-body\">\r\n                                                          <div class=\"post-header\">\r\n                                                              <div class=\"post-meta\"><span class=\"post-date\"><i class=\"fa fa-clock-o\"><\/i> 15:30 - 16:30h UTC-06<\/span><\/div>\r\n                                                              <h2 class=\"post-title\"><a href=\"https:\/\/ciie.itesm.mx\/es\/schedule\/panel-sistemas-educativos-y-espacios-de-aprendizaje-flexibles-y-receptivos\/\">Panel: Sistemas educativos y espacios de aprendizaje flexibles y receptivos: Iniciativas para la calidad y equidad en la educaci\u00f3n<\/a><\/h2>\r\n                                                          <\/div>\r\n                                                            <div class=\"post-body\">\r\n                                                                <div class=\"post-excerpt\">\r\n                                                                    <p><strong>Ra\u00fal Vald\u00e9s-Cotera<\/strong><\/p>\r\n<p>Chief Programme Coordinator a.i. UNESCO Institute for Lifelong Learning<\/p>\r\n<p><strong>Marco Fern\u00e1ndez<\/strong><\/p>\r\n<p>Director of the Education Initiative with Equity and Quality<\/p>\r\n<p><strong>Moderador:<\/strong><\/p>\r\n<p><strong>Luis Portales<\/strong><\/p>\r\n<p>Director of Experimentation and Impact Measurement\r\n<br>Tecnol\u00f3gico de Monterrey<\/p>\r\n<p><strong>Ubicaci\u00f3n:<\/strong> Bilioteca Piso 2, Sala 214<\/p>\r\n                                                                <\/div>\r\n                                                            <\/div>\r\n                                                          <div class=\"post-footer\">\r\n                                                              <span class=\"post-readmore\"><i class=\"fa fa-microphone\"><\/i> <strong><\/strong> \/ &nbsp;&nbsp;<\/span>\r\n                                                          <\/div>\r\n                                                      <\/div>                                                      \r\n                                                  <\/div>\r\n                                              <\/article><\/div><\/div><\/div><\/div><div id=\"tab-dia-3-politicas\" class=\"tab-pane fade \"><div class=\"schedule-tabs lv2\">\r\n                                  <ul id=\"tabs-lv22\"  class=\"nav nav-justified\"><li class=\"active\"><a href=\"#tab-lv2-programa-3-politicas\" data-toggle=\"tab\">Programa<\/a><\/li><\/ul><\/div><div class=\"tab-content lv2\"><div id=\"tab-lv2-programa-3-politicas\" class=\"tab-pane fade in active\">\r\n                                    <div class=\"timeline\">\r\n                                              <article class=\"post-wrap\" data-animation=\"fadeInUp\" data-animation-delay=\"300\">\r\n                                                  <div class=\"media\"><div class=\"media-body\">\r\n                                                          <div class=\"post-header\">\r\n                                                              <div class=\"post-meta\"><span class=\"post-date\"><i class=\"fa fa-clock-o\"><\/i> 10:30 - 11:30h UTC-06<\/span><\/div>\r\n                                                              <h2 class=\"post-title\"><a href=\"https:\/\/ciie.itesm.mx\/es\/schedule\/panel-magistral-facilitando-el-desarrollo-economico-a-traves-de-politicas-educativas-2\/\">Panel Magistral: Facilitando el Desarrollo Econ\u00f3mico a Trav\u00e9s de Pol\u00edticas Educativas<\/a><\/h2>\r\n                                                          <\/div>\r\n                                                            <div class=\"post-body\">\r\n                                                                <div class=\"post-excerpt\">\r\n                                                                    <p><strong>Sofialeticia Morales<\/strong><\/p>\r\n<p>Secretaria de Educaci\u00f3n de Nuevo Le\u00f3n<\/p>\r\n<p><strong>Facilitator:<\/strong><\/p>\r\n<p><strong>Edna Jaime Trevi\u00f1o <\/strong><\/p>\r\n<p>Decana de la Escuela de Ciencias Sociales y Gobierno\r\n<br>Tecnol\u00f3gico de Monterrey<\/p>\r\n<p><strong>Ubicaci\u00f3n:<\/strong> Arena Borregos<\/p>\r\n                                                                <\/div>\r\n                                                            <\/div>\r\n                                                          <div class=\"post-footer\">\r\n                                                              <span class=\"post-readmore\"><i class=\"fa fa-microphone\"><\/i> <strong><\/strong> \/ &nbsp;&nbsp;<\/span>\r\n                                                          <\/div>\r\n                                                      <\/div>                                                      \r\n                                                  <\/div>\r\n                                              <\/article>\r\n                                              <article class=\"post-wrap\" data-animation=\"fadeInUp\" data-animation-delay=\"300\">\r\n                                                  <div class=\"media\"><div class=\"media-body\">\r\n                                                          <div class=\"post-header\">\r\n                                                              <div class=\"post-meta\"><span class=\"post-date\"><i class=\"fa fa-clock-o\"><\/i> 13:15 - 14:15h UTC-06<\/span><\/div>\r\n                                                              <h2 class=\"post-title\"><a href=\"https:\/\/ciie.itesm.mx\/es\/schedule\/panel-revistas-cientificas-e-investigacion-en-educacion\/\">Panel: Revistas Cient\u00edficas e Investigaci\u00f3n en Educaci\u00f3n para el Desarrollo de Pol\u00edticas Educativas Universitarias<\/a><\/h2>\r\n                                                          <\/div>\r\n                                                            <div class=\"post-body\">\r\n                                                                <div class=\"post-excerpt\">\r\n                                                                    <p><strong>Dr. Ignacio Aguaded<\/strong><\/p>\r\n<p>Investigador Universidad de Huelva,\r\n<br>Exeditor revista Comunicar<\/p>\r\n<p><strong>Dr. Genaro Zavala<\/strong><\/p>\r\n<p>Director Interino del Research Lab,\r\n<br>Institute for the Future of Education y Editor revista Comunicar\r\n<br>Tecnol\u00f3gico de Monterrey<\/p>\r\n<p><strong>Dr. Javier Camargo Castillo<\/strong><\/p>\r\n<p>Editor revista En-Claves del Pensamiento y profesor investigador,\r\n<br>Tecnol\u00f3gico de Monterrey<\/p>\r\n<p><strong>Moderadora:<\/strong><\/p>\r\n<p><strong>Nohem\u00ed Lugo<\/strong><\/p>\r\n<p>Research Professor\r\n<br>Tecnol\u00f3gico de Monterrey<\/p>\r\n<p><strong>Ubicaci\u00f3n:<\/strong> Biblioteca Piso 2, Sala 214<\/p>\r\n                                                                <\/div>\r\n                                                            <\/div>\r\n                                                          <div class=\"post-footer\">\r\n                                                              <span class=\"post-readmore\"><i class=\"fa fa-microphone\"><\/i> <strong><\/strong> \/ &nbsp;&nbsp;<\/span>\r\n                                                          <\/div>\r\n                                                      <\/div>                                                      \r\n                                                  <\/div>\r\n                                              <\/article><\/div><\/div><\/div><\/div><\/div><\/div>[\/vc_column][\/vc_row][vc_row css=&#8221;.vc_custom_1693602274440{padding-top: 40px !important;padding-bottom: 40px !important;background-color: #e3e9ff !important;}&#8221;][vc_column][vc_row_inner css=&#8221;.vc_custom_1693603370261{margin-top: 20px !important;margin-bottom: 50px !important;}&#8221;][vc_column_inner width=&#8221;1\/3&#8243;][vc_single_image image=&#8221;15198&#8243; img_size=&#8221;&#8221; alignment=&#8221;center&#8221;][\/vc_column_inner][vc_column_inner width=&#8221;1\/3&#8243;][vc_single_image image=&#8221;15199&#8243; img_size=&#8221;&#8221; alignment=&#8221;center&#8221;][\/vc_column_inner][vc_column_inner width=&#8221;1\/3&#8243;][vc_single_image image=&#8221;15200&#8243; img_size=&#8221;&#8221; alignment=&#8221;center&#8221;][\/vc_column_inner][\/vc_row_inner][vc_row_inner css=&#8221;.vc_custom_1693602252086{margin-top: 20px !important;margin-bottom: 20px !important;}&#8221;][vc_column_inner width=&#8221;1\/3&#8243;][vc_single_image image=&#8221;15201&#8243; img_size=&#8221;&#8221; alignment=&#8221;center&#8221;][\/vc_column_inner][vc_column_inner width=&#8221;1\/3&#8243;][vc_single_image image=&#8221;15202&#8243; img_size=&#8221;&#8221; alignment=&#8221;center&#8221;][\/vc_column_inner][vc_column_inner width=&#8221;1\/3&#8243;][vc_single_image image=&#8221;15203&#8243; img_size=&#8221;&#8221; alignment=&#8221;center&#8221;][\/vc_column_inner][\/vc_row_inner][\/vc_column][\/vc_row][vc_row css=&#8221;.vc_custom_1693602302825{margin-bottom: -50px !important;background-color: #000000 !important;}&#8221;][vc_column][vc_row_inner css=&#8221;.vc_custom_1693602308731{margin-top: 40px !important;}&#8221;][vc_column_inner width=&#8221;1\/3&#8243;][vc_single_image image=&#8221;15108&#8243; img_size=&#8221;&#8221; alignment=&#8221;center&#8221;][\/vc_column_inner][vc_column_inner width=&#8221;1\/3&#8243;][vc_single_image image=&#8221;12482&#8243; img_size=&#8221;180&#215;54&#8243; alignment=&#8221;center&#8221;][\/vc_column_inner][vc_column_inner width=&#8221;1\/3&#8243;][vc_single_image image=&#8221;12481&#8243; img_size=&#8221;200&#215;51&#8243; alignment=&#8221;center&#8221;][\/vc_column_inner][\/vc_row_inner][\/vc_column][\/vc_row]<\/p>\n<\/div>","protected":false},"excerpt":{"rendered":"<p>[vc_row full_width=&#8221;stretch_row_content_no_spaces&#8221; container=&#8221;0&#8243;][vc_column][vc_empty_space height=&#8221;64px&#8221;][vc_single_image image=&#8221;15192&#8243; img_size=&#8221;full&#8221;][\/vc_column][\/vc_row][vc_row css=&#8221;.vc_custom_1693602138236{margin-top: 50px !important;}&#8221;][vc_column][vc_column_text css=&#8221;.vc_custom_1704375145986{margin-right: 30px !important;margin-left: 30px !important;}&#8221;] Expertos en pol\u00edtica educativa de, instituciones educativas, agencias especializadas, fundaciones e institutos y autoridades de gobierno se re\u00fanen en este evento para compartir sus experiencias, casos de \u00e9xito<\/p>\n","protected":false},"author":1,"featured_media":0,"parent":0,"menu_order":0,"comment_status":"closed","ping_status":"closed","template":"home_template.php","meta":{"footnotes":""},"class_list":["post-15190","page","type-page","status-publish","hentry"],"yoast_head":"<!-- This site is optimized with the Yoast SEO plugin v27.5 - https:\/\/yoast.com\/product\/yoast-seo-wordpress\/ -->\n<title>Pol\u00edtica Educativa - IFE Conferece<\/title>\n<meta name=\"description\" content=\"IFE Conference, antes CIIE, del 28 al 30 de enero de 2025 en el Tecnol\u00f3gico de Monterrey, en Monterrey, M\u00e9xico\" \/>\n<meta name=\"robots\" content=\"index, follow, max-snippet:-1, max-image-preview:large, max-video-preview:-1\" \/>\n<link rel=\"canonical\" href=\"https:\/\/ciie.itesm.mx\/es\/politica-educativa\/\" \/>\n<meta property=\"og:locale\" content=\"es_ES\" \/>\n<meta property=\"og:type\" content=\"article\" \/>\n<meta property=\"og:title\" content=\"Pol\u00edtica Educativa - IFE Conferece\" \/>\n<meta property=\"og:description\" content=\"IFE Conference, antes CIIE, del 28 al 30 de enero de 2025 en el Tecnol\u00f3gico de Monterrey, en Monterrey, M\u00e9xico\" \/>\n<meta property=\"og:url\" content=\"https:\/\/ciie.itesm.mx\/es\/politica-educativa\/\" \/>\n<meta property=\"og:site_name\" content=\"IFE Conferece\" \/>\n<meta property=\"article:modified_time\" content=\"2024-01-04T14:14:05+00:00\" \/>\n<meta property=\"og:image\" content=\"https:\/\/ciie.itesm.mx\/wp-content\/uploads\/2023\/05\/ife-conference-social.png\" \/>\n\t<meta property=\"og:image:width\" content=\"480\" \/>\n\t<meta property=\"og:image:height\" content=\"480\" \/>\n\t<meta property=\"og:image:type\" content=\"image\/png\" \/>\n<meta name=\"twitter:card\" content=\"summary_large_image\" \/>\n<meta name=\"twitter:label1\" content=\"Tiempo de lectura\" \/>\n\t<meta name=\"twitter:data1\" content=\"1 minuto\" \/>\n<script type=\"application\/ld+json\" class=\"yoast-schema-graph\">{\"@context\":\"https:\\\/\\\/schema.org\",\"@graph\":[{\"@type\":\"WebPage\",\"@id\":\"https:\\\/\\\/ciie.itesm.mx\\\/es\\\/politica-educativa\\\/\",\"url\":\"https:\\\/\\\/ciie.itesm.mx\\\/es\\\/politica-educativa\\\/\",\"name\":\"Pol\u00edtica Educativa - IFE Conferece\",\"isPartOf\":{\"@id\":\"https:\\\/\\\/ciie.itesm.mx\\\/en\\\/#website\"},\"datePublished\":\"2024-01-04T13:28:06+00:00\",\"dateModified\":\"2024-01-04T14:14:05+00:00\",\"description\":\"IFE Conference, antes CIIE, del 28 al 30 de enero de 2025 en el Tecnol\u00f3gico de Monterrey, en Monterrey, M\u00e9xico\",\"breadcrumb\":{\"@id\":\"https:\\\/\\\/ciie.itesm.mx\\\/es\\\/politica-educativa\\\/#breadcrumb\"},\"inLanguage\":\"es\",\"potentialAction\":[{\"@type\":\"ReadAction\",\"target\":[\"https:\\\/\\\/ciie.itesm.mx\\\/es\\\/politica-educativa\\\/\"]}]},{\"@type\":\"BreadcrumbList\",\"@id\":\"https:\\\/\\\/ciie.itesm.mx\\\/es\\\/politica-educativa\\\/#breadcrumb\",\"itemListElement\":[{\"@type\":\"ListItem\",\"position\":1,\"name\":\"Portada\",\"item\":\"https:\\\/\\\/ciie.itesm.mx\\\/es\\\/\"},{\"@type\":\"ListItem\",\"position\":2,\"name\":\"Pol\u00edtica Educativa\"}]},{\"@type\":\"WebSite\",\"@id\":\"https:\\\/\\\/ciie.itesm.mx\\\/en\\\/#website\",\"url\":\"https:\\\/\\\/ciie.itesm.mx\\\/en\\\/\",\"name\":\"IFE Conference\",\"description\":\"IFE Conference, antes CIIE, del 28 al 30 de enero de 2025 en el Tecnol\u00f3gico de Monterrey, en Monterrey, M\u00e9xico\",\"potentialAction\":[{\"@type\":\"SearchAction\",\"target\":{\"@type\":\"EntryPoint\",\"urlTemplate\":\"https:\\\/\\\/ciie.itesm.mx\\\/en\\\/?s={search_term_string}\"},\"query-input\":{\"@type\":\"PropertyValueSpecification\",\"valueRequired\":true,\"valueName\":\"search_term_string\"}}],\"inLanguage\":\"es\"}]}<\/script>\n<!-- \/ Yoast SEO plugin. -->","yoast_head_json":{"title":"Pol\u00edtica Educativa - IFE Conferece","description":"IFE Conference, antes CIIE, del 28 al 30 de enero de 2025 en el Tecnol\u00f3gico de Monterrey, en Monterrey, M\u00e9xico","robots":{"index":"index","follow":"follow","max-snippet":"max-snippet:-1","max-image-preview":"max-image-preview:large","max-video-preview":"max-video-preview:-1"},"canonical":"https:\/\/ciie.itesm.mx\/es\/politica-educativa\/","og_locale":"es_ES","og_type":"article","og_title":"Pol\u00edtica Educativa - IFE Conferece","og_description":"IFE Conference, antes CIIE, del 28 al 30 de enero de 2025 en el Tecnol\u00f3gico de Monterrey, en Monterrey, M\u00e9xico","og_url":"https:\/\/ciie.itesm.mx\/es\/politica-educativa\/","og_site_name":"IFE Conferece","article_modified_time":"2024-01-04T14:14:05+00:00","og_image":[{"width":480,"height":480,"url":"https:\/\/ciie.itesm.mx\/wp-content\/uploads\/2023\/05\/ife-conference-social.png","type":"image\/png"}],"twitter_card":"summary_large_image","twitter_misc":{"Tiempo de lectura":"1 minuto"},"schema":{"@context":"https:\/\/schema.org","@graph":[{"@type":"WebPage","@id":"https:\/\/ciie.itesm.mx\/es\/politica-educativa\/","url":"https:\/\/ciie.itesm.mx\/es\/politica-educativa\/","name":"Pol\u00edtica Educativa - IFE Conferece","isPartOf":{"@id":"https:\/\/ciie.itesm.mx\/en\/#website"},"datePublished":"2024-01-04T13:28:06+00:00","dateModified":"2024-01-04T14:14:05+00:00","description":"IFE Conference, antes CIIE, del 28 al 30 de enero de 2025 en el Tecnol\u00f3gico de Monterrey, en Monterrey, M\u00e9xico","breadcrumb":{"@id":"https:\/\/ciie.itesm.mx\/es\/politica-educativa\/#breadcrumb"},"inLanguage":"es","potentialAction":[{"@type":"ReadAction","target":["https:\/\/ciie.itesm.mx\/es\/politica-educativa\/"]}]},{"@type":"BreadcrumbList","@id":"https:\/\/ciie.itesm.mx\/es\/politica-educativa\/#breadcrumb","itemListElement":[{"@type":"ListItem","position":1,"name":"Portada","item":"https:\/\/ciie.itesm.mx\/es\/"},{"@type":"ListItem","position":2,"name":"Pol\u00edtica Educativa"}]},{"@type":"WebSite","@id":"https:\/\/ciie.itesm.mx\/en\/#website","url":"https:\/\/ciie.itesm.mx\/en\/","name":"IFE Conference","description":"IFE Conference, antes CIIE, del 28 al 30 de enero de 2025 en el Tecnol\u00f3gico de Monterrey, en Monterrey, M\u00e9xico","potentialAction":[{"@type":"SearchAction","target":{"@type":"EntryPoint","urlTemplate":"https:\/\/ciie.itesm.mx\/en\/?s={search_term_string}"},"query-input":{"@type":"PropertyValueSpecification","valueRequired":true,"valueName":"search_term_string"}}],"inLanguage":"es"}]}},"_links":{"self":[{"href":"https:\/\/ciie.itesm.mx\/es\/wp-json\/wp\/v2\/pages\/15190","targetHints":{"allow":["GET"]}}],"collection":[{"href":"https:\/\/ciie.itesm.mx\/es\/wp-json\/wp\/v2\/pages"}],"about":[{"href":"https:\/\/ciie.itesm.mx\/es\/wp-json\/wp\/v2\/types\/page"}],"author":[{"embeddable":true,"href":"https:\/\/ciie.itesm.mx\/es\/wp-json\/wp\/v2\/users\/1"}],"replies":[{"embeddable":true,"href":"https:\/\/ciie.itesm.mx\/es\/wp-json\/wp\/v2\/comments?post=15190"}],"version-history":[{"count":11,"href":"https:\/\/ciie.itesm.mx\/es\/wp-json\/wp\/v2\/pages\/15190\/revisions"}],"predecessor-version":[{"id":15212,"href":"https:\/\/ciie.itesm.mx\/es\/wp-json\/wp\/v2\/pages\/15190\/revisions\/15212"}],"wp:attachment":[{"href":"https:\/\/ciie.itesm.mx\/es\/wp-json\/wp\/v2\/media?parent=15190"}],"curies":[{"name":"wp","href":"https:\/\/api.w.org\/{rel}","templated":true}]}}